{"id":8369,"date":"2023-05-05T07:34:56","date_gmt":"2023-05-05T05:34:56","guid":{"rendered":"http:\/\/www.laperle.tess5418.odns.fr\/datenschutzbestimmungen\/"},"modified":"2023-06-29T23:06:26","modified_gmt":"2023-06-29T21:06:26","slug":"datenschutzbestimmungen","status":"publish","type":"page","link":"https:\/\/www.odeonhotel.fr\/de\/datenschutzbestimmungen\/","title":{"rendered":"Datenschutzbestimmungen"},"content":{"rendered":"\n<h2 class=\"wp-block-heading\">Wer wir sind<\/h2>\n\n<p>Unsere Website-Adresse lautet: <a href=\"https:\/\/odeon.tess5418.odns.fr\" target=\"_blank\" rel=\"noopener\">http:\/\/www.notredame.paris-hotels-charm.com<\/a><\/p>\n\n<h2 class=\"wp-block-heading\">Pers\u00f6nliche Daten<\/h2>\n\n<p class=\"has-text-align-justify\">Die von Ihnen bereitgestellten Informationen werden von HOTEL LA PERLE erfasst, analysiert und an die zust\u00e4ndigen Abteilungen zur Bearbeitung weitergeleitet. Sie k\u00f6nnen auch von HOTEL LA PERLE f\u00fcr kommerzielle Zwecke verwendet werden. <br\/>Sollten Sie dies nicht w\u00fcnschen, teilen Sie uns dies bitte schriftlich unter der unten angegebenen Adresse mit. Gem\u00e4\u00df dem franz\u00f6sischen Datenschutzgesetz Nr. 78-17 vom 6. Januar 1978 haben Sie das Recht auf Zugang, \u00c4nderung, Berichtigung und L\u00f6schung der auf dieser Website erfassten Daten. Um von diesem Recht Gebrauch zu machen, wenden Sie sich bitte schriftlich an den Verantwortlichen der Website unter der folgenden Adresse: 14 RUE DES CANETTES, 75006 Paris.  <\/p>\n\n<h2 class=\"wp-block-heading\">Datenschutzgesetz<\/h2>\n\n<p class=\"has-text-align-justify\">Gem\u00e4\u00df dem franz\u00f6sischen Datenschutzgesetz (Loi Informatique et Libert\u00e9s) haben Sie das Recht auf Zugang, \u00c4nderung, Berichtigung und L\u00f6schung der Sie betreffenden personenbezogenen Daten (Artikel 394 des franz\u00f6sischen Datenschutzgesetzes vom 6. Januar 1978, ge\u00e4ndert im August 2004).<\/p>\n\n<h2 class=\"wp-block-heading\">Zugang zum Gel\u00e4nde<\/h2>\n\n<p class=\"has-text-align-justify\">Es wird daran erinnert, dass der betr\u00fcgerische Zugang zu einem Computersystem oder der betr\u00fcgerische Verbleib in einem solchen System, die Behinderung oder Verf\u00e4lschung des Betriebs eines solchen Systems oder die betr\u00fcgerische Eingabe oder Ver\u00e4nderung von Daten in einem Computersystem Straftaten darstellen, die strafrechtlich geahndet werden.<\/p>\n\n<h2 class=\"wp-block-heading\">Eingebettete Inhalte von anderen Websites<\/h2>\n\n<p class=\"has-text-align-justify\">Die Artikel auf dieser Website k\u00f6nnen eingebettete Inhalte (z. B. Videos, Bilder, Artikel usw.) enthalten. Eingebettete Inhalte von anderen Websites verhalten sich genau so, als ob der Besucher die andere Website besucht h\u00e4tte. <\/p>\n\n<p class=\"has-text-align-justify\">Diese Websites k\u00f6nnen Daten \u00fcber Sie sammeln, Cookies verwenden, zus\u00e4tzliche Trackingfunktionen von Dritten einbetten und Ihre Interaktion mit diesen eingebetteten Inhalten \u00fcberwachen, einschlie\u00dflich der Verfolgung Ihrer Interaktion mit den eingebetteten Inhalten, wenn Sie ein Konto haben und auf dieser Website angemeldet sind.<\/p>\n\n<h2 class=\"wp-block-heading\">Geistiges Eigentum<\/h2>\n\n<p class=\"has-text-align-justify\">L&#8217;HOTEL LA PERLE ist Eigent\u00fcmer oder Inhaber der Rechte an allen Elementen, aus denen sich diese Website zusammensetzt, insbesondere an Daten, Zeichnungen, Grafiken, Fotos und Soundtracks. Jegliche Vervielf\u00e4ltigung, Darstellung, Verbreitung oder Weitergabe des Inhalts dieser Website, ganz oder teilweise, ist ohne die ausdr\u00fcckliche vorherige Genehmigung von L&#8217;HOTEL LA PERLE verboten und stellt eine Verletzung dar, die nach dem franz\u00f6sischen Gesetzbuch \u00fcber geistiges Eigentum strafbar ist. <\/p>\n\n<h2 class=\"wp-block-heading\">Inhalt der Website<\/h2>\n\n<p class=\"has-text-align-justify\">Wir behalten uns das Recht vor, den Inhalt dieser Website jederzeit und ohne vorherige Ank\u00fcndigung zu korrigieren.<br\/>Au\u00dferdem lehnen wir jede Verantwortung im Falle von Verz\u00f6gerungen, Fehlern oder Auslassungen im Inhalt der vorliegenden Seiten sowie im Falle einer Unterbrechung oder Nichtverf\u00fcgbarkeit des Dienstes ab.<\/p>\n\n<h2 class=\"wp-block-heading\">Automatische Verarbeitung von personenbezogenen Daten<\/h2>\n\n<p class=\"has-text-align-justify\">HOTEL LA PERLE sammelt keine pers\u00f6nlichen Daten \u00fcber die Besucher seiner Website, au\u00dfer denen, die offen und freiwillig zur Verf\u00fcgung gestellt werden, insbesondere \u00fcber die E-Mail-Adressen seiner Korrespondenten.<\/p>\n\n<h2 class=\"wp-block-heading\">Hypertext-Links<\/h2>\n\n<p class=\"has-text-align-justify\">Die Website von L&#8217;HOTEL LA PERLE enth\u00e4lt Hypertext-Links zu Websites, die nicht von L&#8217;HOTEL LA PERLE ver\u00f6ffentlicht werden. L&#8217;HOTEL LA PERLE kann daher nicht f\u00fcr den Inhalt der auf diese Weise aufgerufenen Seiten verantwortlich gemacht werden. <\/p>\n\n<h2 class=\"wp-block-heading\">Cookies<\/h2>\n\n<p class=\"has-text-align-justify\">Die Nutzer werden darauf hingewiesen, dass bei ihrem Besuch der Website automatisch ein Cookie installiert und vor\u00fcbergehend in ihrem Speicher oder auf ihrer Festplatte abgelegt werden kann. Ein Cookie ist ein Element, mit dem der Benutzer nicht identifiziert werden kann, sondern das dazu dient, Informationen \u00fcber das Surfen des Benutzers auf der Website zu speichern. Die Nutzer der Website best\u00e4tigen, dass sie \u00fcber diese Praxis informiert wurden und dass sie L&#8217;HOTEL LA PERLE zu deren Verwendung erm\u00e4chtigen. Sie k\u00f6nnen dieses Cookie \u00fcber die Einstellungen ihrer Browsersoftware deaktivieren.   <\/p>\n\n<h2 class=\"wp-block-heading\">Allgemeine Verkaufsbedingungen<\/h2>\n\n<p class=\"has-text-align-justify\">Gem\u00e4\u00df Artikel L. 121-21-8 12\u00b0 des franz\u00f6sischen Verbraucherschutzgesetzes (Code de la consommation) werden die Kunden darauf hingewiesen, dass sie nicht \u00fcber das in Artikel L. 121-21 des franz\u00f6sischen Verbraucherschutzgesetzes vorgesehene Widerrufsrecht verf\u00fcgen. In den Verkaufsbedingungen f\u00fcr den gebuchten Tarif sind die Bedingungen f\u00fcr die Stornierung und\/oder \u00c4nderung der Buchung festgelegt. <\/p>\n\n<h2 class=\"wp-block-heading\">Vermittler<\/h2>\n\n<p class=\"has-text-align-justify\">Wenn Sie innerhalb eines Monats nach Kontaktaufnahme mit dem Kundendienst keine zufriedenstellende Antwort erhalten haben, k\u00f6nnen Sie sich an den M\u00e9diateur du Tourisme et du Voyage (Ombudsmann f\u00fcr Tourismus und Reisen) wenden, dessen Kontaktdaten und Verfahren auf seiner Website zu finden sind: www.mtv.travel.<\/p>\n","protected":false},"excerpt":{"rendered":"<p>Wer wir sind Unsere Website-Adresse lautet: http:\/\/www.notredame.paris-hotels-charm.com Pers\u00f6nliche Daten Die von Ihnen bereitgestellten Informationen werden von HOTEL LA PERLE erfasst, analysiert und an die zust\u00e4ndigen Abteilungen zur Bearbeitung weitergeleitet. Sie k\u00f6nnen auch von HOTEL LA PERLE f\u00fcr kommerzielle Zwecke verwendet werden. Sollten Sie dies nicht w\u00fcnschen, teilen Sie uns dies bitte schriftlich unter der unten [&hellip;]<\/p>\n","protected":false},"author":2,"featured_media":0,"parent":0,"menu_order":0,"comment_status":"closed","ping_status":"closed","template":"wp-custom-template-le-template-des-pages-2023","meta":{"footnotes":""},"class_list":["post-8369","page","type-page","status-publish","hentry"],"_links":{"self":[{"href":"https:\/\/www.odeonhotel.fr\/de\/wp-json\/wp\/v2\/pages\/8369","targetHints":{"allow":["GET"]}}],"collection":[{"href":"https:\/\/www.odeonhotel.fr\/de\/wp-json\/wp\/v2\/pages"}],"about":[{"href":"https:\/\/www.odeonhotel.fr\/de\/wp-json\/wp\/v2\/types\/page"}],"author":[{"embeddable":true,"href":"https:\/\/www.odeonhotel.fr\/de\/wp-json\/wp\/v2\/users\/2"}],"replies":[{"embeddable":true,"href":"https:\/\/www.odeonhotel.fr\/de\/wp-json\/wp\/v2\/comments?post=8369"}],"version-history":[{"count":0,"href":"https:\/\/www.odeonhotel.fr\/de\/wp-json\/wp\/v2\/pages\/8369\/revisions"}],"wp:attachment":[{"href":"https:\/\/www.odeonhotel.fr\/de\/wp-json\/wp\/v2\/media?parent=8369"}],"curies":[{"name":"wp","href":"https:\/\/api.w.org\/{rel}","templated":true}]}}