{"id":6455,"date":"2023-05-29T22:40:22","date_gmt":"2023-05-29T20:40:22","guid":{"rendered":"http:\/\/www.laperle.tess5418.odns.fr\/plan-et-acces\/"},"modified":"2026-03-23T20:58:05","modified_gmt":"2026-03-23T19:58:05","slug":"plan-et-acces","status":"publish","type":"page","link":"https:\/\/www.odeonhotel.fr\/fr\/plan-et-acces\/","title":{"rendered":"Plan &amp; Acc\u00e8s"},"content":{"rendered":"\n<h1 class=\"wp-block-heading has-text-align-center\" style=\"margin-top:0;margin-right:0;margin-bottom:0;margin-left:0;padding-top:var(--wp--preset--spacing--50);padding-right:0;padding-bottom:0;padding-left:0;font-size:clamp(30.693px, 1.918rem + ((1vw - 3.2px) * 2.649), 54px);letter-spacing:-1px\">Localisez l&rsquo;h\u00f4tel<\/h1>\n\n\n\n<div class=\"wp-block-columns is-layout-flex wp-container-core-columns-is-layout-66a182f9 wp-block-columns-is-layout-flex\" style=\"margin-top:0;margin-bottom:0;padding-top:var(--wp--preset--spacing--30);padding-right:0;padding-bottom:var(--wp--preset--spacing--40);padding-left:0\">\n<div class=\"wp-block-column is-layout-flow wp-block-column-is-layout-flow\"><\/div>\n\n\n\n<div class=\"wp-block-column is-layout-flow wp-block-column-is-layout-flow\" style=\"--col-width:60%;flex-basis:60%\">\n<p class=\"has-text-align-center has-contrast-color has-text-color has-link-color wp-elements-4169d6dd4988384f08f1fa8d63a9a6d0\" style=\"padding-right:var(--wp--preset--spacing--30);padding-left:var(--wp--preset--spacing--30)\">L&rsquo;Od\u00e9on H\u00f4tel b\u00e9n\u00e9ficie d&rsquo;un emplacement id\u00e9al \u00e0 Saint-Germain-des-Pr\u00e9s, dans le 6e arrondissement, offrant \u00e0 ses clients une situation privil\u00e9gi\u00e9e au c\u0153ur de Paris. <a href=\"http:\/\/odeonhotel.fr\/fr\/visite-de-paris\/\" data-type=\"page\" data-id=\"980\" target=\"_blank\" rel=\"noopener\"><strong>D\u00e9couvrez des monuments embl\u00e9matiques, des boutiques branch\u00e9es et des lieux culturels incontournables \u00e0 quelques pas de notre \u00e9tablissement.<\/strong><\/a><\/p>\n<\/div>\n\n\n\n<div class=\"wp-block-column is-layout-flow wp-block-column-is-layout-flow\"><\/div>\n<\/div>\n\n\n\n<link rel=\"stylesheet\" href=\"https:\/\/unpkg.com\/leaflet\/dist\/leaflet.css\" \/>\n<script src=\"https:\/\/unpkg.com\/leaflet\/dist\/leaflet.js\"><\/script>\n\n<div id=\"map\" style=\"width:100%; height:500px;\"><\/div>\n\n<script>\n  \/\/ Initialisation de la carte centr\u00e9e sur l'H\u00f4tel Od\u00e9on\n  var map = L.map('map').setView([48.851825, 2.339100], 17);\n\n  \/\/ Fond clair avec routes plus fonc\u00e9es (Carto Positron)\n  L.tileLayer('https:\/\/{s}.basemaps.cartocdn.com\/light_all\/{z}\/{x}\/{y}{r}.png', {\n    attribution: '&copy; <a href=\"https:\/\/www.openstreetmap.org\/copyright\">OpenStreetMap<\/a> &copy; <a href=\"https:\/\/carto.com\/\">CARTO<\/a>',\n    subdomains: 'abcd',\n    maxZoom: 15\n  }).addTo(map);\n\n  \/\/ Ic\u00f4ne dor\u00e9 personnalis\u00e9\n  var goldIcon = L.divIcon({\n    className: \"custom-gold-icon\",\n    html: '<div style=\"background:#CAA02D; width:22px; height:22px; border-radius:50%; border:2px solid white; box-shadow:0 0 6px rgba(0,0,0,0.5);\"><\/div>',\n    iconSize: [22, 22],\n    iconAnchor: [11, 11],\n    popupAnchor: [0, -11]\n  });\n\n  \/\/ Marqueur H\u00f4tel Od\u00e9on\n  L.marker([48.851825, 2.339100], { icon: goldIcon }).addTo(map)\n    .bindPopup(\"<b>H\u00f4tel Od\u00e9on<\/b><br>3 rue de l'Od\u00e9on, Paris\")\n    .openPopup();\n<\/script>\n\n\n\n<h2 class=\"wp-block-heading has-text-align-center\" style=\"margin-bottom:var(--wp--preset--spacing--40)\">Comment se rendre \u00e0 l&rsquo;h\u00f4tel<\/h2>\n\n\n\n<div class=\"wp-block-columns is-layout-flex wp-container-core-columns-is-layout-d9252248 wp-block-columns-is-layout-flex\" style=\"margin-top:0;margin-bottom:0;padding-top:0;padding-right:0;padding-bottom:0;padding-left:0\">\n<div class=\"wp-block-column tw-sm-hidden is-layout-flow wp-container-core-column-is-layout-b2a27621 wp-block-column-is-layout-flow\" style=\"--col-width:10%;padding-top:0;padding-right:0;padding-bottom:0;padding-left:0;flex-basis:10%\"><\/div>\n\n\n\n<div class=\"wp-block-column is-layout-flow wp-container-core-column-is-layout-b2a4e257 wp-block-column-is-layout-flow\" style=\"--col-width:%;padding-top:0;padding-right:var(--wp--preset--spacing--30);padding-bottom:0;padding-left:var(--wp--preset--spacing--30)\">\n<p style=\"margin-right:var(--wp--preset--spacing--50);margin-bottom:var(--wp--preset--spacing--30);margin-left:var(--wp--preset--spacing--60);font-size:clamp(16.293px, 1.018rem + ((1vw - 3.2px) * 0.989), 25px);\"><strong>Des a\u00e9roports parisiens<\/strong><\/p>\n\n\n\n<ul style=\"margin-right:0;margin-left:0\" class=\"wp-block-list\">\n<li><strong>A\u00e9roport Charles de Gaulle (CDG)<\/strong><\/li>\n<\/ul>\n\n\n\n<p class=\"has-text-align-justify\" style=\"margin-top:0;margin-right:0;margin-bottom:0;margin-left:0;padding-top:0;padding-right:0;padding-bottom:0;padding-left:0\"><strong>En taxi :<\/strong> Environ 1 heure &#8211; Le prix d&rsquo;un taxi ordinaire pris \u00e0 une station de taxis est fixe et s&rsquo;\u00e9l\u00e8ve \u00e0 65 \u20ac, bagages compris. Soyez attentif aux faux chauffeur de taxi et confirmez avec lui le tarif avant de monter dans la voiture. <\/p>\n\n\n\n<p class=\"has-text-align-justify\" style=\"margin-top:0;margin-right:0;margin-bottom:0;margin-left:0;padding-top:0;padding-right:0;padding-bottom:0;padding-left:0\">Nous pouvons \u00e9galement organiser une prise en charge \u00e0 l&rsquo;a\u00e9roport car nous travaillons avec plusieurs compagnies. C&rsquo;est plus cher car le chauffeur doit se garer et vous attendre. Il vous aidera \u00e0 porter vos bagages et vous attendra apr\u00e8s la douane avec un panneau \u00e0 votre nom.   Le tarif pour 2 personnes est d&rsquo;environ 95\u20ac.<\/p>\n\n\n\n<p class=\"has-text-align-justify\" style=\"margin-top:0;margin-right:0;margin-bottom:0;margin-left:0;padding-top:0;padding-right:0;padding-bottom:0;padding-left:0\">Le transfert de l&rsquo;h\u00f4tel \u00e0 l&rsquo;a\u00e9roport est moins cher car le chauffeur n&rsquo;a pas \u00e0 se garer et \u00e0 vous attendre. Il co\u00fbte environ 70\u20ac. Il co\u00fbte environ 75 \u20ac.<\/p>\n\n\n\n<p class=\"has-text-align-justify\" style=\"margin-top:0;margin-right:0;margin-bottom:0;margin-left:0;padding-top:0;padding-right:0;padding-bottom:0;padding-left:0\"><strong>En train :<\/strong> Environ 1 heure \u2013 Vous pouvez \u00e9galement prendre le RER B \u00e0 l\u2019a\u00e9roport jusqu\u2019\u00e0 la station Saint Michel, puis la ligne 4 du m\u00e9tro jusqu\u2019\u00e0 l\u2019arr\u00eat \u00ab Od\u00e9on \u00bb (\u00e0 100 m\u00e8tres de l\u2019h\u00f4tel).<\/p>\n\n\n\n<ul style=\"margin-right:0;margin-left:0\" class=\"wp-block-list\">\n<li><strong>A\u00e9roport Orly (ORY)<\/strong><\/li>\n<\/ul>\n\n\n\n<p class=\"has-text-align-justify\" style=\"margin-top:0;margin-right:0;margin-bottom:0;margin-left:0\"><strong><strong>En taxi :<\/strong> <\/strong>Environ 45 minutes &#8211; Le prix d&rsquo;un taxi ordinaire pris \u00e0 une station de taxis est fixe et s&rsquo;\u00e9l\u00e8ve \u00e0 36 \u20ac, bagages compris. Soyez attentif aux faux chauffeur de taxi et confirmez avec lui le tarif avant de monter dans la voiture. <\/p>\n\n\n\n<p class=\"has-text-align-justify\" style=\"margin-top:0;margin-right:0;margin-bottom:0;margin-left:0\">Nous pouvons \u00e9galement organiser une prise en charge \u00e0 l&rsquo;a\u00e9roport car nous travaillons avec plusieurs compagnies. C&rsquo;est plus cher car le chauffeur doit se garer et vous attendre. Il vous aidera \u00e0 porter vos bagages et vous attendra apr\u00e8s la douane avec un panneau \u00e0 votre nom.   Le tarif pour 2 personnes est de 80 \u20ac.<\/p>\n\n\n\n<p class=\"has-text-align-justify\" style=\"margin-top:0;margin-right:0;margin-bottom:0;margin-left:0\">Le transfert de l&rsquo;h\u00f4tel \u00e0 l&rsquo;a\u00e9roport est moins cher car le chauffeur n&rsquo;a pas \u00e0 se garer et \u00e0 vous attendre. Il co\u00fbte environ 70\u20ac. Il co\u00fbte environ 50 \u20ac.<\/p>\n\n\n\n<p class=\"has-text-align-justify\" style=\"margin-top:0;margin-right:0;margin-bottom:0;margin-left:0;padding-right:0;padding-left:0\"><strong>En train :<\/strong> Environ 1 heure : Il faut changer 3 fois : Prendre l\u2019Orlyval \u00e0 l\u2019a\u00e9roport et s\u2019arr\u00eater \u00e0 Anthony. Ensuite, changez pour le RER B et descendez \u00e0 la station \u00ab St Michel Notre Dame \u00bb. L\u00e0, changez pour la ligne 4 du m\u00e9tro et descendez \u00e0 la station \u00ab Od\u00e9on \u00bb (\u00e0 100 m\u00e8tres de l\u2019h\u00f4tel).  <\/p>\n\n\n\n<p class=\"has-text-align-justify\" style=\"margin-top:var(--wp--preset--spacing--50);margin-right:var(--wp--preset--spacing--40);margin-bottom:var(--wp--preset--spacing--30);margin-left:var(--wp--preset--spacing--60);font-size:clamp(16.293px, 1.018rem + ((1vw - 3.2px) * 0.989), 25px);\"><strong>Depuis les gares parisiennes<\/strong><\/p>\n\n\n\n<ul style=\"margin-right:0;margin-left:0\" class=\"wp-block-list\">\n<li><strong>Gare du Nord <\/strong><\/li>\n<\/ul>\n\n\n\n<p class=\"has-text-align-justify\" style=\"margin-top:0;margin-right:0;margin-bottom:0;margin-left:0\"><strong>En taxi<\/strong> : En fonction de la circulation, le temps de trajet en taxi est d&rsquo;environ 20 minutes.<\/p>\n\n\n\n<p class=\"has-text-align-justify\" style=\"margin-top:0;margin-right:0;margin-bottom:0;margin-left:0\"><strong>En metro : <\/strong>Environ 19 minutes \u2013 Depuis la gare du Nord, prendre le m\u00e9tro ligne 4, direction \u00ab Bagneux Lucie Aubrac \u00bb et descendre \u00e0 la station \u00ab Od\u00e9on \u00bb (\u00e0 100 m\u00e8tres de l\u2019h\u00f4tel).<\/p>\n\n\n\n<ul style=\"margin-right:0;margin-left:0\" class=\"wp-block-list\">\n<li><strong>Gare Montparnasse<\/strong><\/li>\n<\/ul>\n\n\n\n<p class=\"has-text-align-justify\" style=\"margin-top:0;margin-right:0;margin-bottom:0;margin-left:0\"><strong>En taxi :<\/strong> En fonction de la circulation, le temps de trajet en taxi est d&rsquo;environ 10 minutes.<\/p>\n\n\n\n<p class=\"has-text-align-justify\" style=\"margin-top:0;margin-right:0;margin-bottom:0;margin-left:0\"><strong>En metro :<\/strong> Environ 17 minutes \u2013 Depuis la station \u00ab Montparnasse Bienvenue \u00bb, prendre le m\u00e9tro ligne 4, direction \u00ab Porte de Clignancourt \u00bb et descendre \u00e0 la station \u00ab Od\u00e9on \u00bb (\u00e0 100 m\u00e8tres de l\u2019h\u00f4tel).<\/p>\n\n\n\n<ul style=\"margin-right:0;margin-left:0\" class=\"wp-block-list\">\n<li><strong>Gare de Lyon<\/strong><\/li>\n<\/ul>\n\n\n\n<p class=\"has-text-align-justify\" style=\"margin-top:0;margin-right:0;margin-bottom:0;margin-left:0\"><strong>En taxi<\/strong> : En fonction de la circulation, le temps de trajet en taxi est d&rsquo;environ 20 minutes.<\/p>\n\n\n\n<p class=\"has-text-align-justify\" style=\"margin-top:0;margin-right:0;margin-bottom:0;margin-left:0\"><strong>En bus : <\/strong>Environ 23 minutes \u2013 Depuis la gare de Lyon, prendre le bus 63, direction \u00ab Porte de la Muette \u00bb et s\u2019arr\u00eater \u00e0 la station \u00ab Od\u00e9on \u00bb (\u00e0 100 m\u00e8tres de l\u2019h\u00f4tel).<\/p>\n\n\n\n<p class=\"has-text-align-justify\" style=\"margin-top:var(--wp--preset--spacing--50);margin-right:var(--wp--preset--spacing--40);margin-bottom:0;margin-left:var(--wp--preset--spacing--60);font-size:clamp(16.293px, 1.018rem + ((1vw - 3.2px) * 0.989), 25px);\"><strong>Depuis les stations de m\u00e9tro<\/strong><\/p>\n\n\n\n<ul style=\"margin-right:0;margin-left:0\" class=\"wp-block-list\">\n<li><strong>station \u00ab\u00a0Od\u00e9on\u00a0\u00bb<\/strong><\/li>\n<\/ul>\n\n\n\n<p class=\"has-text-align-justify\" style=\"margin-top:0;margin-right:0;margin-bottom:0;margin-left:0\"><strong>\u00c0 pied :<\/strong> 100 m\u00e8tres \u2013 2 minutes \u2013 Depuis la station de m\u00e9tro \u00ab Od\u00e9on \u00bb, marchez vers le sud sur le Carrefour de l&rsquo;Od\u00e9on pendant environ 50 m\u00e8tres, puis continuez sur 50 m\u00e8tres sur la rue de l&rsquo;Od\u00e9on. Vous trouverez l&rsquo;h\u00f4tel Od\u00e9on sur votre gauche. <\/p>\n\n\n\n<ul style=\"margin-right:0;margin-left:0\" class=\"wp-block-list\">\n<li><strong><strong>Station \u00ab\u00a0Saint Germain des Pr\u00e9s\u00a0\u00bb<\/strong><\/strong><\/li>\n<\/ul>\n\n\n\n<p class=\"has-text-align-justify\" style=\"margin-top:0;margin-right:0;margin-bottom:0;margin-left:0\"><strong>\u00c0 pied : <\/strong>450 m\u00e8tres \u2013 6 minutes \u2013 Depuis la station de m\u00e9tro \u00ab Saint-Germain-des-Pr\u00e9s \u00bb, marchez vers l&rsquo;est sur le boulevard Saint Germain pendant environ 400 m\u00e8tres. Tournez \u00e0 droite au Carrefour de l&rsquo;Od\u00e9on pendant environ 50 m\u00e8tres, puis continuez sur 50 m\u00e8tres dans la rue de l&rsquo;Od\u00e9on. Vous trouverez l&rsquo;h\u00f4tel Od\u00e9on sur votre gauche.  <\/p>\n\n\n\n<ul style=\"margin-right:0;margin-left:0\" class=\"wp-block-list\">\n<li><strong>Station RER \u00ab\u00a0Saint Michel\u00a0\u00bb<\/strong><\/li>\n<\/ul>\n\n\n\n<p class=\"has-text-align-justify\" style=\"margin-top:0;margin-right:0;margin-bottom:0;margin-left:0\"><strong>\u00c0 pied :<\/strong> 350 m\u00e8tres &#8211; 5 minutes &#8211; Depuis la station de RER \u00ab Saint Michel \u00bb, marchez vers le sud-ouest sur la rue Danton pendant environ 300 m\u00e8tres. Tournez \u00e0 droite sur le boulevard Saint-Germain et marchez environ 150 m\u00e8tres. Tournez ensuite \u00e0 gauche au Carrefour de l&rsquo;Od\u00e9on et marchez environ 50 m\u00e8tres, puis continuez sur 50 m\u00e8tres dans la rue de l&rsquo;Od\u00e9on. L&rsquo;h\u00f4tel Od\u00e9on se trouve sur votre gauche.   <\/p>\n<\/div>\n\n\n\n<div class=\"wp-block-column tw-sm-hidden is-layout-flow wp-container-core-column-is-layout-b2a27621 wp-block-column-is-layout-flow\" style=\"--col-width:10%;padding-top:0;padding-right:0;padding-bottom:0;padding-left:0;flex-basis:10%\"><\/div>\n<\/div>\n\n\n\n<div style=\"height:50px\" aria-hidden=\"true\" class=\"wp-block-spacer\"><\/div>\n","protected":false},"excerpt":{"rendered":"<p>Localisez l&rsquo;h\u00f4tel L&rsquo;Od\u00e9on H\u00f4tel b\u00e9n\u00e9ficie d&rsquo;un emplacement id\u00e9al \u00e0 Saint-Germain-des-Pr\u00e9s, dans le 6e arrondissement, offrant \u00e0 ses clients une situation privil\u00e9gi\u00e9e au c\u0153ur de Paris. D\u00e9couvrez des monuments embl\u00e9matiques, des boutiques branch\u00e9es et des lieux culturels incontournables \u00e0 quelques pas de notre \u00e9tablissement. Comment se rendre \u00e0 l&rsquo;h\u00f4tel Des a\u00e9roports parisiens En taxi : Environ [&hellip;]<\/p>\n","protected":false},"author":2,"featured_media":22937,"parent":0,"menu_order":0,"comment_status":"closed","ping_status":"closed","template":"wp-custom-template-le-template-des-chambres","meta":{"footnotes":""},"class_list":["post-6455","page","type-page","status-publish","has-post-thumbnail","hentry"],"_links":{"self":[{"href":"https:\/\/www.odeonhotel.fr\/fr\/wp-json\/wp\/v2\/pages\/6455","targetHints":{"allow":["GET"]}}],"collection":[{"href":"https:\/\/www.odeonhotel.fr\/fr\/wp-json\/wp\/v2\/pages"}],"about":[{"href":"https:\/\/www.odeonhotel.fr\/fr\/wp-json\/wp\/v2\/types\/page"}],"author":[{"embeddable":true,"href":"https:\/\/www.odeonhotel.fr\/fr\/wp-json\/wp\/v2\/users\/2"}],"replies":[{"embeddable":true,"href":"https:\/\/www.odeonhotel.fr\/fr\/wp-json\/wp\/v2\/comments?post=6455"}],"version-history":[{"count":11,"href":"https:\/\/www.odeonhotel.fr\/fr\/wp-json\/wp\/v2\/pages\/6455\/revisions"}],"predecessor-version":[{"id":25407,"href":"https:\/\/www.odeonhotel.fr\/fr\/wp-json\/wp\/v2\/pages\/6455\/revisions\/25407"}],"wp:featuredmedia":[{"embeddable":true,"href":"https:\/\/www.odeonhotel.fr\/fr\/wp-json\/wp\/v2\/media\/22937"}],"wp:attachment":[{"href":"https:\/\/www.odeonhotel.fr\/fr\/wp-json\/wp\/v2\/media?parent=6455"}],"curies":[{"name":"wp","href":"https:\/\/api.w.org\/{rel}","templated":true}]}}