{"id":6504,"date":"2023-05-05T12:46:44","date_gmt":"2023-05-05T10:46:44","guid":{"rendered":"http:\/\/www.laperle.tess5418.odns.fr\/services\/"},"modified":"2026-04-07T11:51:02","modified_gmt":"2026-04-07T09:51:02","slug":"services","status":"publish","type":"page","link":"https:\/\/www.odeonhotel.fr\/fr\/services\/","title":{"rendered":"Services"},"content":{"rendered":"\n<h1 class=\"wp-block-heading has-text-align-center\" style=\"margin-top:0;margin-right:0;margin-bottom:0;margin-left:0;padding-top:var(--wp--preset--spacing--50);padding-right:0;padding-bottom:0;padding-left:0;font-size:clamp(30.693px, 1.918rem + ((1vw - 3.2px) * 2.649), 54px);letter-spacing:-1px\">Services de l&rsquo;h\u00f4tel<\/h1>\n\n<div class=\"wp-block-columns is-layout-flex wp-container-core-columns-is-layout-66a182f9 wp-block-columns-is-layout-flex\" style=\"margin-top:0;margin-bottom:0;padding-top:var(--wp--preset--spacing--30);padding-right:0;padding-bottom:var(--wp--preset--spacing--40);padding-left:0\">\n<div class=\"wp-block-column is-layout-flow wp-block-column-is-layout-flow\"><\/div>\n\n\n\n<div class=\"wp-block-column is-layout-flow wp-block-column-is-layout-flow\" style=\"--col-width:60%;flex-basis:60%\">\n<p class=\"has-text-align-center\" style=\"padding-right:var(--wp--preset--spacing--30);padding-left:var(--wp--preset--spacing--30)\">Des services de qualit\u00e9 m\u00eal\u00e9s \u00e0 l&rsquo;atmosph\u00e8re parisienne pour un s\u00e9jour m\u00e9morable dans la capitale fran\u00e7aise.<br\/>Toutes nos chambres disposent d&rsquo;un acc\u00e8s WIFI offert. Nous ne disposons pas de chambre PMR.<br\/>Un espace de coworking est \u00e0 votre disposition \u00e0 partir de 11h chaque jour dans notre salle de petit d\u00e9jeuner.   <\/p>\n<\/div>\n\n\n\n<div class=\"wp-block-column is-layout-flow wp-block-column-is-layout-flow\"><\/div>\n<\/div>\n\n<div style=\"height:19px\" aria-hidden=\"true\" class=\"wp-block-spacer\"><\/div>\n\n<div class=\"wp-block-columns is-layout-flex wp-container-core-columns-is-layout-960d6821 wp-block-columns-is-layout-flex tw-block-animation tw-animation-fade-in-up tw-duration-5\" style=\"margin-top:0;margin-bottom:var(--wp--preset--spacing--40);padding-top:0;padding-right:0;padding-bottom:0;padding-left:0\">\n<div class=\"wp-block-column is-layout-flow wp-container-core-column-is-layout-43f3b71b wp-block-column-is-layout-flow\" style=\"--col-width:55%;padding-top:var(--wp--preset--spacing--30);padding-right:0;padding-bottom:0;padding-left:0;flex-basis:55%\">\n<h2 class=\"wp-block-heading has-text-align-left tw-lg-hidden tw-md-hidden has-primary-color has-text-color has-link-color wp-elements-a2e0a6fb4c01bdebf9792594b684ac37\" style=\"margin-top:0;margin-bottom:15px;padding-top:0;padding-bottom:0;padding-left:var(--wp--preset--spacing--30);font-size:clamp(21.536px, 1.346rem + ((1vw - 3.2px) * 1.53), 35px);letter-spacing:-1px\">Reception et bagagerie<\/h2>\n\n\n\n<div class=\"wp-block-cover aligncenter is-light\" style=\"margin-top:0;margin-bottom:0;padding-top:0;padding-bottom:0;min-height:500px;aspect-ratio:unset;\"><img decoding=\"async\" width=\"830\" height=\"520\" sizes=\"(max-width: 799px) 200vw, (max-width: 830px) 100vw, 830px\" class=\"wp-block-cover__image-background wp-image-22852\" alt=\"\" src=\"http:\/\/odeonhotel.fr\/wp-content\/uploads\/2025\/10\/Reception-odeon-hotel-paris.jpg\" data-object-fit=\"cover\" title=\"\" srcset=\"https:\/\/www.odeonhotel.fr\/wp-content\/uploads\/2025\/10\/Reception-odeon-hotel-paris.jpg 830w, https:\/\/www.odeonhotel.fr\/wp-content\/uploads\/2025\/10\/Reception-odeon-hotel-paris-300x188.jpg 300w, https:\/\/www.odeonhotel.fr\/wp-content\/uploads\/2025\/10\/Reception-odeon-hotel-paris-768x481.jpg 768w\" \/><span aria-hidden=\"true\" class=\"wp-block-cover__background has-background-dim-0 has-background-dim\"><\/span><div class=\"wp-block-cover__inner-container is-layout-flow wp-block-cover-is-layout-flow\">\n<p class=\"has-text-align-center has-large-font-size\"><\/p>\n<\/div><\/div>\n<\/div>\n\n\n\n<div class=\"wp-block-column is-vertically-aligned-center is-layout-flow wp-container-core-column-is-layout-96d94fa1 wp-block-column-is-layout-flow\" style=\"padding-top:0;padding-right:var(--wp--preset--spacing--30);padding-bottom:0;padding-left:var(--wp--preset--spacing--30)\">\n<h2 class=\"wp-block-heading has-text-align-left tw-sm-hidden has-primary-color has-text-color has-link-color wp-elements-2b2a30762efa5207536ea8fd7778313e\" style=\"margin-top:0;margin-bottom:10px;padding-top:0;padding-bottom:0;font-size:clamp(21.536px, 1.346rem + ((1vw - 3.2px) * 1.53), 35px);letter-spacing:-1px\">Reception et bagagerie<\/h2>\n\n\n\n<p style=\"margin-top:15px;margin-bottom:0px;padding-top:0;padding-bottom:0\">Le personnel de l&rsquo;ODEON HOTEL est \u00e0 votre service au moment de la r\u00e9servation et pendant toute la dur\u00e9e de votre s\u00e9jour, afin que le temps que vous passez en tant qu&rsquo;invit\u00e9 soit aussi satisfaisant, bien organis\u00e9 et agr\u00e9able que possible. Nous vous conseillons sur les meilleures fa\u00e7ons de profiter au maximum de Paris et nous vous faisons partager notre connaissance approfondie des principaux sites touristiques de Saint-Germain-des-Pr\u00e8s. <\/p>\n\n\n\n<p style=\"margin-top:10px;margin-bottom:10px;padding-top:0;padding-bottom:0\">Les \u00e9quipes se feront \u00e9galement un plaisir de vous aider avec vos valises \u00e0 votre arriv\u00e9e ou au moment de votre d\u00e9part.<\/p>\n\n\n\n<p style=\"margin-top:0px;margin-bottom:15px;padding-top:0;padding-bottom:0\">Une bagagerie est \u00e0 votre disposition. Nous veillons \u00e0 la s\u00e9curit\u00e9 de vos bagages lors de votre absence. <\/p>\n\n\n\n<details class=\"wp-block-details is-layout-flow wp-container-core-details-is-layout-dff4594b wp-block-details-is-layout-flow\" style=\"margin-top:10px;margin-bottom:0;padding-top:0;padding-bottom:0\"><summary>EN SAVOIR PLUS<\/summary>\n<p style=\"margin-top:0;margin-bottom:10px;padding-top:0px;padding-bottom:0px\">Shopping, gastronomie, culture : quelles que soient vos envies, nous vous r\u00e9v\u00e9lons les lieux \u00e0 ne pas manquer dans cette partie de la capitale. Pour vous aider \u00e0 organiser vos voyages, vos transferts, vos r\u00e9servations de restaurants et vos excursions au th\u00e9\u00e2tre ou au mus\u00e9e, nous mettons \u00e9galement \u00e0 votre disposition un service de conciergerie.<\/p>\n<\/details>\n\n\n\n<div style=\"height:30px\" aria-hidden=\"true\" class=\"wp-block-spacer tw-md-hidden tw-lg-hidden\"><\/div>\n<\/div>\n<\/div>\n\n<div class=\"wp-block-columns is-layout-flex wp-container-core-columns-is-layout-960d6821 wp-block-columns-is-layout-flex tw-block-animation tw-animation-fade-in-up tw-duration-5\" style=\"margin-top:0;margin-bottom:var(--wp--preset--spacing--40);padding-top:0;padding-right:0;padding-bottom:0;padding-left:0\">\n<div class=\"wp-block-column tw-lg-hidden tw-md-hidden is-layout-flow wp-container-core-column-is-layout-f016c79b wp-block-column-is-layout-flow\" style=\"--col-width:55%;padding-top:0;padding-right:0;padding-bottom:0;padding-left:0;flex-basis:55%\">\n<h2 class=\"wp-block-heading has-text-align-left tw-lg-hidden tw-md-hidden has-primary-color has-text-color has-link-color wp-elements-cf98ba8420ff36bdaec1128fa57de8c5\" style=\"margin-top:0;margin-bottom:15px;padding-top:0;padding-bottom:0;padding-left:var(--wp--preset--spacing--30);font-size:clamp(21.536px, 1.346rem + ((1vw - 3.2px) * 1.53), 35px);letter-spacing:-1px\">Service de conciergerie<\/h2>\n\n\n\n<div class=\"wp-block-cover aligncenter is-light\" style=\"margin-top:0;margin-bottom:0;padding-top:0;padding-bottom:0;min-height:500px;aspect-ratio:unset;\"><img decoding=\"async\" width=\"830\" height=\"520\" sizes=\"(max-width: 799px) 200vw, (max-width: 830px) 100vw, 830px\" class=\"wp-block-cover__image-background wp-image-22844 size-full\" alt=\"\" src=\"http:\/\/odeonhotel.fr\/wp-content\/uploads\/2025\/10\/Conciergerie-odeon-hotel-paris.jpg\" data-object-fit=\"cover\" title=\"\" srcset=\"https:\/\/www.odeonhotel.fr\/wp-content\/uploads\/2025\/10\/Conciergerie-odeon-hotel-paris.jpg 830w, https:\/\/www.odeonhotel.fr\/wp-content\/uploads\/2025\/10\/Conciergerie-odeon-hotel-paris-300x188.jpg 300w, https:\/\/www.odeonhotel.fr\/wp-content\/uploads\/2025\/10\/Conciergerie-odeon-hotel-paris-768x481.jpg 768w\" \/><span aria-hidden=\"true\" class=\"wp-block-cover__background has-background-dim-0 has-background-dim\" style=\"background-color:#b1937f\"><\/span><div class=\"wp-block-cover__inner-container is-layout-flow wp-block-cover-is-layout-flow\">\n<p class=\"has-text-align-center has-large-font-size\"><\/p>\n<\/div><\/div>\n<\/div>\n\n\n\n<div class=\"wp-block-column is-vertically-aligned-center is-layout-flow wp-container-core-column-is-layout-96d94fa1 wp-block-column-is-layout-flow\" style=\"padding-top:0;padding-right:var(--wp--preset--spacing--30);padding-bottom:0;padding-left:var(--wp--preset--spacing--30)\">\n<h2 class=\"wp-block-heading has-text-align-left tw-sm-hidden has-primary-color has-text-color has-link-color wp-elements-f83442139de0654421188790a7d15f4a\" style=\"margin-top:0;margin-bottom:10px;padding-top:0;padding-bottom:0;font-size:clamp(21.536px, 1.346rem + ((1vw - 3.2px) * 1.53), 35px);letter-spacing:-1px\">Service de conciergerie<\/h2>\n\n\n\n<p style=\"margin-top:15px;margin-bottom:10px;padding-top:0;padding-bottom:0\">Notre service de conciergerie assure le bon d\u00e9roulement de votre s\u00e9jour du d\u00e9but jusqu&rsquo;\u00e0 la fin.<\/p>\n\n\n\n<p style=\"margin-top:0;margin-bottom:0;padding-top:0;padding-bottom:0\">Notre \u00e9quipe pr\u00e9sente 24h sur 24h et 7\/7 est \u00e0 l&rsquo;\u00e9coute de vos demandes et vous guide dans la r\u00e9servation de : restaurants, visites touristiques, taxis, billets pour un \u00e9v\u00e9nement, de baby-sitting, massage ou coiffeur\/se en chambre. Avant votre arriv\u00e9e ou pendant votre s\u00e9jour, elle se tient \u00e0 votre enti\u00e8re disposition pour vous conseiller et vous accompagner dans l&rsquo;organisation de vos transferts a\u00e9roport, des visites guid\u00e9es, le change de devises &#8230; <\/p>\n\n\n\n<p style=\"margin-top:10px;padding-top:0\"><\/p>\n\n\n\n<div class=\"wp-block-buttons is-content-justification-left is-layout-flex wp-container-core-buttons-is-layout-0294bfdf wp-block-buttons-is-layout-flex\" style=\"margin-top:20px\">\n<div class=\"wp-block-button mon-bouton2\"><a class=\"wp-block-button__link has-border-color has-primary-border-color has-open-sans-font-family has-custom-font-size wp-element-button\" href=\"https:\/\/www.secure-hotel-booking.com\/d-edge\/sa-antin\/JLDY\/1996\/fr\" style=\"border-width:1px;border-radius:3px;font-size:clamp(14px, 0.875rem + ((1vw - 3.2px) * 0.114), 15px);font-style:normal;font-weight:600;letter-spacing:1px\" target=\"_blank\" rel=\"noopener\">RESERVEZ<\/a><\/div>\n<\/div>\n\n\n\n<div style=\"height:30px\" aria-hidden=\"true\" class=\"wp-block-spacer tw-md-hidden tw-lg-hidden\"><\/div>\n<\/div>\n\n\n\n<div class=\"wp-block-column tw-sm-hidden is-layout-flow wp-block-column-is-layout-flow\" style=\"--col-width:55%;padding-right:0;padding-left:0;flex-basis:55%\">\n<h2 class=\"wp-block-heading has-text-align-left tw-lg-hidden tw-md-hidden has-primary-color has-text-color has-link-color wp-elements-d10e0a45ea943c801c9d3cc27e07c43e\" style=\"margin-top:0;margin-bottom:15px;padding-top:0;padding-bottom:0;font-size:clamp(21.536px, 1.346rem + ((1vw - 3.2px) * 1.53), 35px);letter-spacing:-1px\">Service de conciergerie<\/h2>\n\n\n\n<div class=\"wp-block-cover aligncenter is-light\" style=\"min-height:500px;aspect-ratio:unset;\"><img decoding=\"async\" width=\"830\" height=\"520\" sizes=\"(max-width: 799px) 200vw, (max-width: 830px) 100vw, 830px\" class=\"wp-block-cover__image-background wp-image-22844 size-full\" alt=\"\" src=\"http:\/\/odeonhotel.fr\/wp-content\/uploads\/2025\/10\/Conciergerie-odeon-hotel-paris.jpg\" data-object-fit=\"cover\" title=\"\" srcset=\"https:\/\/www.odeonhotel.fr\/wp-content\/uploads\/2025\/10\/Conciergerie-odeon-hotel-paris.jpg 830w, https:\/\/www.odeonhotel.fr\/wp-content\/uploads\/2025\/10\/Conciergerie-odeon-hotel-paris-300x188.jpg 300w, https:\/\/www.odeonhotel.fr\/wp-content\/uploads\/2025\/10\/Conciergerie-odeon-hotel-paris-768x481.jpg 768w\" \/><span aria-hidden=\"true\" class=\"wp-block-cover__background has-background-dim-0 has-background-dim\" style=\"background-color:#b1937f\"><\/span><div class=\"wp-block-cover__inner-container is-layout-flow wp-block-cover-is-layout-flow\">\n<p class=\"has-text-align-center has-large-font-size\"><\/p>\n<\/div><\/div>\n<\/div>\n<\/div>\n\n<div class=\"wp-block-columns is-layout-flex wp-container-core-columns-is-layout-960d6821 wp-block-columns-is-layout-flex tw-block-animation tw-animation-fade-in-up tw-duration-5\" style=\"margin-top:0;margin-bottom:var(--wp--preset--spacing--40);padding-top:0;padding-right:0;padding-bottom:0;padding-left:0\">\n<div class=\"wp-block-column is-vertically-aligned-center is-layout-flow wp-container-core-column-is-layout-f016c79b wp-block-column-is-layout-flow\" style=\"--col-width:55%;padding-top:0;padding-right:0;padding-bottom:0;padding-left:0;flex-basis:55%\">\n<h2 class=\"wp-block-heading has-text-align-left tw-lg-hidden tw-md-hidden has-primary-color has-text-color has-link-color wp-elements-cfe91bb70f58cac365ccfbbe44cf9ad9\" style=\"margin-top:0;margin-bottom:15px;padding-top:0;padding-bottom:0;padding-left:var(--wp--preset--spacing--30);font-size:clamp(21.536px, 1.346rem + ((1vw - 3.2px) * 1.53), 35px);letter-spacing:-1px\">Presse digitale<\/h2>\n\n\n\n<div class=\"wp-block-cover aligncenter is-light\" style=\"margin-top:0;margin-bottom:0;padding-top:0;padding-bottom:0;min-height:500px;aspect-ratio:unset;\"><img decoding=\"async\" width=\"830\" height=\"520\" sizes=\"(max-width: 799px) 200vw, (max-width: 830px) 100vw, 830px\" class=\"wp-block-cover__image-background wp-image-22860 size-full\" alt=\"\" src=\"http:\/\/odeonhotel.fr\/wp-content\/uploads\/2025\/10\/Digital-press-odeon-hotel-paris.jpg\" data-object-fit=\"cover\" title=\"\" srcset=\"https:\/\/www.odeonhotel.fr\/wp-content\/uploads\/2025\/10\/Digital-press-odeon-hotel-paris.jpg 830w, https:\/\/www.odeonhotel.fr\/wp-content\/uploads\/2025\/10\/Digital-press-odeon-hotel-paris-300x188.jpg 300w, https:\/\/www.odeonhotel.fr\/wp-content\/uploads\/2025\/10\/Digital-press-odeon-hotel-paris-768x481.jpg 768w\" \/><span aria-hidden=\"true\" class=\"wp-block-cover__background has-background-dim-0 has-background-dim\" style=\"background-color:#acaaa3\"><\/span><div class=\"wp-block-cover__inner-container is-layout-flow wp-block-cover-is-layout-flow\">\n<p class=\"has-text-align-center has-large-font-size\"><\/p>\n<\/div><\/div>\n<\/div>\n\n\n\n<div class=\"wp-block-column is-vertically-aligned-center is-layout-flow wp-container-core-column-is-layout-96d94fa1 wp-block-column-is-layout-flow\" style=\"padding-top:0;padding-right:var(--wp--preset--spacing--30);padding-bottom:0;padding-left:var(--wp--preset--spacing--30)\">\n<h2 class=\"wp-block-heading has-text-align-left tw-sm-hidden has-primary-color has-text-color has-link-color wp-elements-8d78b109bb38acd6445e371e863b9261\" style=\"margin-top:0;margin-bottom:10px;padding-top:0;padding-bottom:0;font-size:clamp(21.536px, 1.346rem + ((1vw - 3.2px) * 1.53), 35px);letter-spacing:-1px\">Presse digitale<\/h2>\n\n\n\n<p style=\"margin-top:15px;margin-bottom:15px;padding-top:0;padding-bottom:0\">Durant votre s\u00e9jour nous vous offrons en acc\u00e8s digital et illimit\u00e9 \u00e0 la presse et magazines nationaux et internationaux avec plus de 7000 publications de qualit\u00e9 provenant du monde entier<\/p>\n\n\n\n<p style=\"margin-top:15px;margin-bottom:15px;padding-top:0;padding-bottom:0\">On vous souhaite une bonne lecture !<\/p>\n\n\n\n<div style=\"height:30px\" aria-hidden=\"true\" class=\"wp-block-spacer tw-md-hidden tw-lg-hidden\"><\/div>\n<\/div>\n<\/div>\n\n<div class=\"wp-block-columns is-layout-flex wp-container-core-columns-is-layout-960d6821 wp-block-columns-is-layout-flex tw-block-animation tw-animation-fade-in-up tw-duration-5\" style=\"margin-top:0;margin-bottom:var(--wp--preset--spacing--40);padding-top:0;padding-right:0;padding-bottom:0;padding-left:0\">\n<div class=\"wp-block-column is-vertically-aligned-center tw-md-hidden tw-lg-hidden is-layout-flow wp-container-core-column-is-layout-f016c79b wp-block-column-is-layout-flow\" style=\"--col-width:55%;padding-top:0;padding-right:0;padding-bottom:0;padding-left:0;flex-basis:55%\">\n<h2 class=\"wp-block-heading has-text-align-left tw-lg-hidden tw-md-hidden has-primary-color has-text-color has-link-color wp-elements-85fea28f611c895b5f85f71afc770e5e\" style=\"margin-top:0;margin-bottom:15px;padding-top:0;padding-bottom:0;padding-left:var(--wp--preset--spacing--30);font-size:clamp(21.536px, 1.346rem + ((1vw - 3.2px) * 1.53), 35px);letter-spacing:-1px\">Petit-d\u00e9jeuner \u00e0 la fran\u00e7aise<\/h2>\n\n\n\n<div class=\"wp-block-cover aligncenter is-light\" style=\"margin-top:0;margin-bottom:0;padding-top:0;padding-bottom:0;min-height:500px;aspect-ratio:unset;\"><img decoding=\"async\" width=\"830\" height=\"520\" sizes=\"(max-width: 799px) 200vw, (max-width: 830px) 100vw, 830px\" class=\"wp-block-cover__image-background wp-image-22868 size-full\" alt=\"\" src=\"http:\/\/odeonhotel.fr\/wp-content\/uploads\/2025\/10\/Breakfast-odeon-hotel-paris.jpg\" data-object-fit=\"cover\" title=\"\" srcset=\"https:\/\/www.odeonhotel.fr\/wp-content\/uploads\/2025\/10\/Breakfast-odeon-hotel-paris.jpg 830w, https:\/\/www.odeonhotel.fr\/wp-content\/uploads\/2025\/10\/Breakfast-odeon-hotel-paris-300x188.jpg 300w, https:\/\/www.odeonhotel.fr\/wp-content\/uploads\/2025\/10\/Breakfast-odeon-hotel-paris-768x481.jpg 768w\" \/><span aria-hidden=\"true\" class=\"wp-block-cover__background has-background-dim-0 has-background-dim\" style=\"background-color:#baa89c\"><\/span><div class=\"wp-block-cover__inner-container is-layout-flow wp-block-cover-is-layout-flow\">\n<p class=\"has-text-align-center has-large-font-size\"><\/p>\n<\/div><\/div>\n<\/div>\n\n\n\n<div class=\"wp-block-column is-vertically-aligned-center is-layout-flow wp-container-core-column-is-layout-96d94fa1 wp-block-column-is-layout-flow\" style=\"padding-top:0;padding-right:var(--wp--preset--spacing--30);padding-bottom:0;padding-left:var(--wp--preset--spacing--30)\">\n<h2 class=\"wp-block-heading has-text-align-left tw-sm-hidden has-primary-color has-text-color has-link-color wp-elements-f0a251b1c8435cd3425b41e0556a4fbf\" style=\"margin-top:0;margin-bottom:10px;padding-top:0;padding-bottom:0;font-size:clamp(21.536px, 1.346rem + ((1vw - 3.2px) * 1.53), 35px);letter-spacing:-1px\">Petit-d\u00e9jeuner \u00e0 la fran\u00e7aise<\/h2>\n\n\n\n<p style=\"margin-top:15px;margin-bottom:15px;padding-top:0;padding-bottom:0\">Chaque matin, un d\u00e9licieux petit-d\u00e9jeuner continental est servi dans notre salon historique du rez-de-chauss\u00e9e, un endroit o\u00f9 nos clients aiment se rencontrer et se d\u00e9tendre tout au long de la journ\u00e9e, ou dans l&rsquo;intimit\u00e9 de leur propre chambre (pour un suppl\u00e9ment de 5\u20ac par personne).<\/p>\n\n\n\n<p>Le petit-d\u00e9jeuner est servi de 7 heures \u00e0 10h30 dans le salon ou dans votre chambre.<\/p>\n\n\n\n<p>Le petit-d\u00e9jeuner est gratuit si vous r\u00e9servez directement sur notre site web. (14\u20ac si non compris dans la r\u00e9servation ) <\/p>\n\n\n\n<p style=\"margin-top:15px;margin-bottom:15px;padding-top:0;padding-bottom:0\">Compos\u00e9 de produits frais et de qualit\u00e9 sup\u00e9rieure, notre petit-d\u00e9jeuner comprend :<\/p>\n\n\n\n<details class=\"wp-block-details is-layout-flow wp-container-core-details-is-layout-dff4594b wp-block-details-is-layout-flow\" style=\"margin-top:10px;margin-bottom:0;padding-top:0;padding-bottom:0\"><summary>EN SAVOIR PLUS<\/summary>\n<p style=\"margin-top:0;margin-bottom:0;padding-top:5px;padding-bottom:0\"><span style=\"color:#CAA02D;\"><strong>&#8211;<\/strong><\/span> Un choix de boissons chaudes<\/p>\n\n\n\n<p style=\"margin-top:0;margin-bottom:0;padding-top:5px;padding-bottom:0\"><span style=\"color:#CAA02D;\"><strong>&#8211;<\/strong><\/span> Jus de fruits frais<\/p>\n\n\n\n<p style=\"margin-top:0;margin-bottom:0;padding-top:5px;padding-bottom:0\"><span style=\"color:#CAA02D;\"><strong>&#8211;<\/strong><\/span> Pains et viennoiseries du jour<\/p>\n\n\n\n<p style=\"margin-top:0;margin-bottom:0;padding-top:5px;padding-bottom:0\"><span style=\"color:#CAA02D;\"><strong>&#8211;<\/strong><\/span> C\u00e9r\u00e9ales<\/p>\n\n\n\n<p style=\"margin-top:0;margin-bottom:0;padding-top:5px;padding-bottom:0\"><span style=\"color:#CAA02D;\"><strong>&#8211;<\/strong><\/span> Fruits frais<\/p>\n\n\n\n<p style=\"margin-top:0;margin-bottom:0;padding-top:5px;padding-bottom:0\"><span style=\"color:#CAA02D;\"><strong>&#8211;<\/strong><\/span> \u0152ufs brouill\u00e9s et roulement de plats chaud<\/p>\n\n\n\n<p style=\"margin-top:0;margin-bottom:0;padding-top:5px;padding-bottom:0\"><span style=\"color:#CAA02D;\"><strong>&#8211;<\/strong><\/span> Charcuterie<\/p>\n\n\n\n<p style=\"margin-top:0;margin-bottom:0;padding-top:5px;padding-bottom:0\"><span style=\"color:#CAA02D;\"><strong>&#8211;<\/strong><\/span> Fromages fran\u00e7ais et yaourts<\/p>\n\n\n\n<p style=\"margin-top:0;margin-bottom:0;padding-top:5px;padding-bottom:0\"><span style=\"color:#CAA02D;\"><strong>&#8211;<\/strong><\/span> S\u00e9lection de produits sans gluten \u00e0 la demande.<\/p>\n<\/details>\n\n\n\n<div style=\"height:30px\" aria-hidden=\"true\" class=\"wp-block-spacer tw-md-hidden tw-lg-hidden\"><\/div>\n<\/div>\n\n\n\n<div class=\"wp-block-column is-vertically-aligned-center tw-sm-hidden is-layout-flow wp-container-core-column-is-layout-f016c79b wp-block-column-is-layout-flow\" style=\"--col-width:55%;padding-top:0;padding-right:0;padding-bottom:0;padding-left:0;flex-basis:55%\">\n<h2 class=\"wp-block-heading has-text-align-left tw-lg-hidden tw-md-hidden has-primary-color has-text-color has-link-color wp-elements-85fea28f611c895b5f85f71afc770e5e\" style=\"margin-top:0;margin-bottom:15px;padding-top:0;padding-bottom:0;padding-left:var(--wp--preset--spacing--30);font-size:clamp(21.536px, 1.346rem + ((1vw - 3.2px) * 1.53), 35px);letter-spacing:-1px\">Petit-d\u00e9jeuner \u00e0 la fran\u00e7aise<\/h2>\n\n\n\n<div class=\"wp-block-cover aligncenter is-light\" style=\"margin-top:0;margin-bottom:0;padding-top:0;padding-bottom:0;min-height:500px;aspect-ratio:unset;\"><img decoding=\"async\" width=\"830\" height=\"520\" sizes=\"(max-width: 799px) 200vw, (max-width: 830px) 100vw, 830px\" class=\"wp-block-cover__image-background wp-image-22868 size-full\" alt=\"\" src=\"http:\/\/odeonhotel.fr\/wp-content\/uploads\/2025\/10\/Breakfast-odeon-hotel-paris.jpg\" data-object-fit=\"cover\" title=\"\" srcset=\"https:\/\/www.odeonhotel.fr\/wp-content\/uploads\/2025\/10\/Breakfast-odeon-hotel-paris.jpg 830w, https:\/\/www.odeonhotel.fr\/wp-content\/uploads\/2025\/10\/Breakfast-odeon-hotel-paris-300x188.jpg 300w, https:\/\/www.odeonhotel.fr\/wp-content\/uploads\/2025\/10\/Breakfast-odeon-hotel-paris-768x481.jpg 768w\" \/><span aria-hidden=\"true\" class=\"wp-block-cover__background has-background-dim-0 has-background-dim\" style=\"background-color:#baa89c\"><\/span><div class=\"wp-block-cover__inner-container is-layout-flow wp-block-cover-is-layout-flow\">\n<p class=\"has-text-align-center has-large-font-size\"><\/p>\n<\/div><\/div>\n<\/div>\n<\/div>\n","protected":false},"excerpt":{"rendered":"<p>Services de l&rsquo;h\u00f4tel Des services de qualit\u00e9 m\u00eal\u00e9s \u00e0 l&rsquo;atmosph\u00e8re parisienne pour un s\u00e9jour m\u00e9morable dans la capitale fran\u00e7aise.Toutes nos chambres disposent d&rsquo;un acc\u00e8s WIFI offert. Nous ne disposons pas de chambre PMR.Un espace de coworking est \u00e0 votre disposition \u00e0 partir de 11h chaque jour dans notre salle de petit d\u00e9jeuner. Reception et bagagerie [&hellip;]<\/p>\n","protected":false},"author":1,"featured_media":22928,"parent":0,"menu_order":0,"comment_status":"closed","ping_status":"closed","template":"","meta":{"footnotes":""},"class_list":["post-6504","page","type-page","status-publish","has-post-thumbnail","hentry"],"_links":{"self":[{"href":"https:\/\/www.odeonhotel.fr\/fr\/wp-json\/wp\/v2\/pages\/6504","targetHints":{"allow":["GET"]}}],"collection":[{"href":"https:\/\/www.odeonhotel.fr\/fr\/wp-json\/wp\/v2\/pages"}],"about":[{"href":"https:\/\/www.odeonhotel.fr\/fr\/wp-json\/wp\/v2\/types\/page"}],"author":[{"embeddable":true,"href":"https:\/\/www.odeonhotel.fr\/fr\/wp-json\/wp\/v2\/users\/1"}],"replies":[{"embeddable":true,"href":"https:\/\/www.odeonhotel.fr\/fr\/wp-json\/wp\/v2\/comments?post=6504"}],"version-history":[{"count":31,"href":"https:\/\/www.odeonhotel.fr\/fr\/wp-json\/wp\/v2\/pages\/6504\/revisions"}],"predecessor-version":[{"id":25736,"href":"https:\/\/www.odeonhotel.fr\/fr\/wp-json\/wp\/v2\/pages\/6504\/revisions\/25736"}],"wp:featuredmedia":[{"embeddable":true,"href":"https:\/\/www.odeonhotel.fr\/fr\/wp-json\/wp\/v2\/media\/22928"}],"wp:attachment":[{"href":"https:\/\/www.odeonhotel.fr\/fr\/wp-json\/wp\/v2\/media?parent=6504"}],"curies":[{"name":"wp","href":"https:\/\/api.w.org\/{rel}","templated":true}]}}