{"id":8361,"date":"2023-05-05T07:34:56","date_gmt":"2023-05-05T05:34:56","guid":{"rendered":"http:\/\/www.laperle.tess5418.odns.fr\/politique-de-confidentialite\/"},"modified":"2023-06-13T23:20:33","modified_gmt":"2023-06-13T21:20:33","slug":"politique-de-confidentialite","status":"publish","type":"page","link":"https:\/\/www.odeonhotel.fr\/fr\/politique-de-confidentialite\/","title":{"rendered":"Politique de confidentialit\u00e9"},"content":{"rendered":"\n<h2 class=\"wp-block-heading\">Qui sommes nous<\/h2>\n\n<p>L&rsquo;adresse de notre site internet est <a href=\"https:\/\/odeon.tess5418.odns.fr\" target=\"_blank\" rel=\"noopener\">http:\/\/www.notredame.paris-hotels-charm.com<\/a><\/p>\n\n<h2 class=\"wp-block-heading\">Donn\u00e9es personnelles<\/h2>\n\n<p class=\"has-text-align-justify\">Les informations que vous saisirez seront enregistr\u00e9es par HOTEL LA PERLE, elles seront analys\u00e9es et transmises aux diff\u00e9rents services concern\u00e9s pour leur prise en charge. Elles pourront, en outre, \u00eatre utilis\u00e9es par HOTEL LA PERLE pour des sollicitations commerciales. <br\/>Si vous ne le souhaitez pas, veuillez-nous le signifier en \u00e9crivant \u00e0 l\u2019adresse pr\u00e9cis\u00e9e ci-apr\u00e8s. Vous disposez d\u2019un droit d\u2019acc\u00e8s, de modification, de rectification et de suppression concernant les donn\u00e9es collect\u00e9es sur ce site, dans les conditions pr\u00e9vues par la loi n\u00b078-17 du 6 janvier 1978 relative \u00e0 l\u2019informatique, aux fichiers et aux libert\u00e9s. Pour l\u2019exercer, adressez-vous par courrier au gestionnaire du site, \u00e0 l\u2019adresse suivante : 14 RUE DES CANETTES, 75006 Paris  <\/p>\n\n<h2 class=\"wp-block-heading\">Loi Informatique et Libert\u00e9s<\/h2>\n\n<p class=\"has-text-align-justify\">Conform\u00e9ment \u00e0 la Loi Informatique et Libert\u00e9s, vous disposez d\u2019un droit d\u2019acc\u00e8s, de modification, de rectification et de suppression des donn\u00e9es \u00e0 caract\u00e8re personnel qui vous concernent (article 394 de la Loi Informatique et Libert\u00e9s du 6 janvier 1978 modifi\u00e9e en ao\u00fbt 2004).<\/p>\n\n<h2 class=\"wp-block-heading\">Acc\u00e8s au site<\/h2>\n\n<p class=\"has-text-align-justify\">Il est rappel\u00e9 que le fait d\u2019acc\u00e9der ou de se maintenir frauduleusement dans un syst\u00e8me informatique, d\u2019entraver ou de fausser le fonctionnement d\u2019un tel syst\u00e8me, d\u2019introduire ou de modifier frauduleusement des donn\u00e9es dans un syst\u00e8me informatique constituent des d\u00e9lits passibles de sanctions p\u00e9nales.<\/p>\n\n<h2 class=\"wp-block-heading\">Contenu int\u00e9gr\u00e9 d&rsquo;autres sites web<\/h2>\n\n<p class=\"has-text-align-justify\">Les articles de ce site peuvent contenir du contenu int\u00e9gr\u00e9 (par exemple des vid\u00e9os, des images, des articles, etc.). Le contenu int\u00e9gr\u00e9 provenant d&rsquo;autres sites web se comporte exactement de la m\u00eame mani\u00e8re que si le visiteur avait visit\u00e9 l&rsquo;autre site web. <\/p>\n\n<p class=\"has-text-align-justify\">Ces sites web peuvent collecter des donn\u00e9es vous concernant, utiliser des cookies, int\u00e9grer un suivi suppl\u00e9mentaire par des tiers et surveiller votre interaction avec ce contenu int\u00e9gr\u00e9, y compris votre interaction avec le contenu int\u00e9gr\u00e9 si vous avez un compte et que vous \u00eates connect\u00e9 \u00e0 ce site web.<\/p>\n\n<h2 class=\"wp-block-heading\">Propri\u00e9t\u00e9 Intellectuelle<\/h2>\n\n<p class=\"has-text-align-justify\">L\u2019HOTEL LA PERLE est propri\u00e9taire, ou titulaire des droits, de tous les \u00e9l\u00e9ments qui composent ce site notamment les donn\u00e9es, dessins, graphiques, photos, bandes sonores. Toute reproduction, repr\u00e9sentation, diffusion ou rediffusion, totale ou partielle, du contenu de ce site par quelque proc\u00e9d\u00e9 que ce soit sans l\u2019autorisation expresse et pr\u00e9alable de L\u2019HOTEL LA PERLE est interdite, et constituerait une contrefa\u00e7on sanctionn\u00e9e par le Code de la Propri\u00e9t\u00e9 Intellectuelle. <\/p>\n\n<h2 class=\"wp-block-heading\">Contenu du site<\/h2>\n\n<p class=\"has-text-align-justify\">Nous nous r\u00e9servons le droit de corriger, \u00e0 tout moment et sans pr\u00e9avis, le contenu de ce site.<br\/>En outre, nous d\u00e9clinons toute responsabilit\u00e9 en cas de retard, d\u2019erreur ou d\u2019omission quant au contenu des pr\u00e9sentes pages de m\u00eame qu\u2019en cas d\u2019interruption ou de non-disponibilit\u00e9 du service.<\/p>\n\n<h2 class=\"wp-block-heading\">Traitement automatis\u00e9 d\u2019informations nominatives<\/h2>\n\n<p class=\"has-text-align-justify\">L\u2019HOTEL LA PERLE ne collecte sur les visiteurs de son site aucune autre information nominative ou personnelle que celles qui lui sont ouvertement et volontairement fournies, en particulier par l\u2019interm\u00e9diaire des adresses \u00e9lectroniques de ses correspondants.<\/p>\n\n<h2 class=\"wp-block-heading\">Liens Hypertextes<\/h2>\n\n<p class=\"has-text-align-justify\">Le site de L\u2019HOTEL LA PERLE contient des liens hypertextes permettant l\u2019acc\u00e8s \u00e0 des sites qui ne sont pas \u00e9dit\u00e9s par L\u2019HOTEL LA PERLE. En cons\u00e9quence ce dernier ne saurait \u00eatre tenu pour responsable du contenu des sites auxquels l\u2019internaute aurait ainsi acc\u00e8s. <\/p>\n\n<h2 class=\"wp-block-heading\">Cookies<\/h2>\n\n<p class=\"has-text-align-justify\">L\u2019utilisateur est inform\u00e9 que lors de ses visites sur le site, un cookie peut s\u2019installer automatiquement et \u00eatre conserv\u00e9 temporairement en m\u00e9moire ou sur son disque dur. Un cookie est un \u00e9l\u00e9ment qui ne permet pas d\u2019identifier l\u2019utilisateur mais sert \u00e0 enregistrer des informations relatives \u00e0 la navigation de celui-ci sur le site internet. Les utilisateurs du site reconnaissent avoir \u00e9t\u00e9 inform\u00e9s de cette pratique et autorisent L\u2019HOTEL LA PERLE \u00e0 l\u2019employer. Ils pourront d\u00e9sactiver ce cookie par l\u2019interm\u00e9diaire des param\u00e8tres figurant au sein de leur logiciel de navigation.   <\/p>\n\n<h2 class=\"wp-block-heading\">Conditions g\u00e9n\u00e9rales de vente<\/h2>\n\n<p class=\"has-text-align-justify\">Il est rappel\u00e9 au client, conform\u00e9ment \u00e0 l\u2019article L. 121-21-8 12\u00b0 du Code de la consommation, qu\u2019il ne dispose pas du droit de r\u00e9tractation pr\u00e9vu \u00e0 l\u2019article L. 121-21 du Code de la consommation. Les Conditions de Vente du tarif r\u00e9serv\u00e9 pr\u00e9cisent les modalit\u00e9s d\u2019annulation et\/ou de modification de la r\u00e9servation. <\/p>\n\n<h2 class=\"wp-block-heading\">Mediateur<\/h2>\n\n<p class=\"has-text-align-justify\">Apr\u00e8s avoir saisi le service client et \u00e0 d\u00e9faut de r\u00e9ponse satisfaisante dans un d\u00e9lai de 1 mois, le client peut saisir le M\u00e9diateur du Tourisme et du Voyage, dont les coordonn\u00e9es et modalit\u00e9s de saisine sont disponibles sur son site : www.mtv.travel<\/p>\n","protected":false},"excerpt":{"rendered":"<p>Qui sommes nous L&rsquo;adresse de notre site internet est http:\/\/www.notredame.paris-hotels-charm.com Donn\u00e9es personnelles Les informations que vous saisirez seront enregistr\u00e9es par HOTEL LA PERLE, elles seront analys\u00e9es et transmises aux diff\u00e9rents services concern\u00e9s pour leur prise en charge. Elles pourront, en outre, \u00eatre utilis\u00e9es par HOTEL LA PERLE pour des sollicitations commerciales. Si vous ne le [&hellip;]<\/p>\n","protected":false},"author":1,"featured_media":0,"parent":0,"menu_order":0,"comment_status":"closed","ping_status":"closed","template":"wp-custom-template-le-template-des-pages-2023","meta":{"footnotes":""},"class_list":["post-8361","page","type-page","status-publish","hentry"],"_links":{"self":[{"href":"https:\/\/www.odeonhotel.fr\/fr\/wp-json\/wp\/v2\/pages\/8361","targetHints":{"allow":["GET"]}}],"collection":[{"href":"https:\/\/www.odeonhotel.fr\/fr\/wp-json\/wp\/v2\/pages"}],"about":[{"href":"https:\/\/www.odeonhotel.fr\/fr\/wp-json\/wp\/v2\/types\/page"}],"author":[{"embeddable":true,"href":"https:\/\/www.odeonhotel.fr\/fr\/wp-json\/wp\/v2\/users\/1"}],"replies":[{"embeddable":true,"href":"https:\/\/www.odeonhotel.fr\/fr\/wp-json\/wp\/v2\/comments?post=8361"}],"version-history":[{"count":0,"href":"https:\/\/www.odeonhotel.fr\/fr\/wp-json\/wp\/v2\/pages\/8361\/revisions"}],"wp:attachment":[{"href":"https:\/\/www.odeonhotel.fr\/fr\/wp-json\/wp\/v2\/media?parent=8361"}],"curies":[{"name":"wp","href":"https:\/\/api.w.org\/{rel}","templated":true}]}}