{"id":8196,"date":"2023-05-05T12:43:07","date_gmt":"2023-05-05T10:43:07","guid":{"rendered":"http:\/\/www.laperle.tess5418.odns.fr\/quartos\/"},"modified":"2026-03-25T00:06:45","modified_gmt":"2026-03-24T23:06:45","slug":"quartos","status":"publish","type":"page","link":"https:\/\/www.odeonhotel.fr\/pt-pt\/quartos\/","title":{"rendered":"Quartos &amp; Su\u00edtes"},"content":{"rendered":"\n<h1 class=\"wp-block-heading has-text-align-center\" style=\"margin-top:0;margin-right:0;margin-bottom:0;margin-left:0;padding-top:var(--wp--preset--spacing--50);padding-right:0;padding-bottom:0;padding-left:0;font-size:clamp(30.693px, 1.918rem + ((1vw - 3.2px) * 2.649), 54px);letter-spacing:-1px\">Quartos &amp; Su\u00edtes<\/h1>\n\n<div class=\"wp-block-columns is-layout-flex wp-container-core-columns-is-layout-66a182f9 wp-block-columns-is-layout-flex\" style=\"margin-top:0;margin-bottom:0;padding-top:var(--wp--preset--spacing--30);padding-right:0;padding-bottom:var(--wp--preset--spacing--40);padding-left:0\">\n<div class=\"wp-block-column is-layout-flow wp-block-column-is-layout-flow\"><\/div>\n\n\n\n<div class=\"wp-block-column is-layout-flow wp-block-column-is-layout-flow\" style=\"--col-width:60%;flex-basis:60%\">\n<p class=\"has-text-align-center\" style=\"padding-right:var(--wp--preset--spacing--30);padding-left:var(--wp--preset--spacing--30)\">Descubra nossos 35 quartos e su\u00edtes no cora\u00e7\u00e3o do Od\u00e9on, a primeira das seis categorias de quartos dispon\u00edveis no Od\u00e9on Hotel, que oferecem uma apar\u00eancia limpa e fresca, incluindo todos os servi\u00e7os e comodidades necess\u00e1rios para uma estadia tranquila e confort\u00e1vel no centro de Paris. <\/p>\n<\/div>\n\n\n\n<div class=\"wp-block-column is-layout-flow wp-block-column-is-layout-flow\"><\/div>\n<\/div>\n\n<div style=\"height:19px\" aria-hidden=\"true\" class=\"wp-block-spacer\"><\/div>\n\n<div class=\"wp-block-columns is-layout-flex wp-container-core-columns-is-layout-960d6821 wp-block-columns-is-layout-flex tw-block-animation tw-animation-fade-in-up tw-duration-5\" style=\"margin-top:0;margin-bottom:var(--wp--preset--spacing--40);padding-top:0;padding-right:0;padding-bottom:0;padding-left:0\">\n<div class=\"wp-block-column is-layout-flow wp-block-column-is-layout-flow\" style=\"--col-width:57%;padding-right:0;padding-left:0;flex-basis:57%\">\n<h2 class=\"wp-block-heading has-text-align-left tw-lg-hidden tw-md-hidden has-primary-color has-text-color has-link-color wp-elements-5523861450004cec42edbc958826854f\" style=\"margin-top:0;margin-bottom:15px;padding-top:0;padding-right:var(--wp--preset--spacing--30);padding-bottom:0;padding-left:var(--wp--preset--spacing--30);font-size:clamp(21.536px, 1.346rem + ((1vw - 3.2px) * 1.53), 35px);letter-spacing:-1px\">Quarto de Casal Classic<\/h2>\n\n\n\n<div class=\"alignnormal\"><div id=\"metaslider-id-2242\" style=\"width: 100%; margin: 0 auto;\" class=\"ml-slider-3-108-0 metaslider metaslider-flex metaslider-2242 ml-slider has-dots-nav ms-theme-outline\" role=\"region\" aria-label=\"Classic room Odeon Hotel Paris\" data-height=\"600\" data-width=\"1200\">\n    <div id=\"metaslider_container_2242\">\n        <div id=\"metaslider_2242\">\n            <ul class='slides'>\n                <li style=\"display: block; width: 100%;\" class=\"slide-2255 ms-image \" aria-roledescription=\"slide\" data-date=\"2023-05-11 17:43:02\" data-filename=\"Double-classic-room-odeon-hotel-paris-2-1200x600.jpg\" data-slide-type=\"image\"><img decoding=\"async\" src=\"https:\/\/www.odeonhotel.fr\/wp-content\/uploads\/2025\/10\/Double-classic-room-odeon-hotel-paris-2-1200x600.jpg\" height=\"600\" width=\"1200\" alt=\"\" class=\"slider-2242 slide-2255 msDefaultImage\" title=\"Double-classic-room-odeon-hotel-paris-2\"><\/li>\n                <li style=\"display: none; width: 100%;\" class=\"slide-2252 ms-image \" aria-roledescription=\"slide\" data-date=\"2023-05-11 17:43:02\" data-filename=\"Double-classic-room-odeon-hotel-paris-1-1200x600.jpg\" data-slide-type=\"image\"><img decoding=\"async\" src=\"https:\/\/www.odeonhotel.fr\/wp-content\/uploads\/2025\/10\/Double-classic-room-odeon-hotel-paris-1-1200x600.jpg\" height=\"600\" width=\"1200\" alt=\"\" class=\"slider-2242 slide-2252 msDefaultImage\" title=\"Double-classic-room-odeon-hotel-paris-1\"><\/li>\n            <\/ul>\n        <\/div>\n        \n    <\/div>\n<\/div><\/div>\n<\/div>\n\n\n\n<div class=\"wp-block-column is-vertically-aligned-center is-layout-flow wp-container-core-column-is-layout-96d94fa1 wp-block-column-is-layout-flow\" style=\"padding-top:0;padding-right:var(--wp--preset--spacing--30);padding-bottom:0;padding-left:var(--wp--preset--spacing--30)\">\n<h2 class=\"wp-block-heading has-text-align-left tw-sm-hidden has-primary-color has-text-color has-link-color wp-elements-b262abc5f2d8b1fa817900da7fcad9a3\" style=\"margin-top:0;margin-bottom:10px;padding-top:0;padding-bottom:0;font-size:clamp(21.536px, 1.346rem + ((1vw - 3.2px) * 1.53), 35px);letter-spacing:-1px\">Quarto de Casal Classic<\/h2>\n\n\n\n<p style=\"margin-top:15px;margin-bottom:15px;padding-top:0;padding-bottom:0\">Todos s\u00e3o \u00e0 prova de som, t\u00eam ar condicionado e roupa de cama de alta qualidade para garantir uma boa noite de sono.<\/p>\n\n\n\n<div class=\"wp-block-group is-nowrap is-layout-flex wp-container-core-group-is-layout-01e24bb2 wp-block-group-is-layout-flex\" style=\"margin-top:0;margin-bottom:10px;padding-top:0;padding-bottom:0\">\n<figure class=\"wp-block-image size-full is-resized\"><img decoding=\"async\" width=\"168\" height=\"151\" src=\"http:\/\/odeonhotel.fr\/wp-content\/uploads\/2025\/10\/Icon-personne-odeon-hotel.png\" alt=\"\" class=\"wp-image-22391\" style=\"width:28px\" title=\"\"><\/figure>\n\n\n\n<p>1 a 2 pessoas<\/p>\n<\/div>\n\n\n\n<div class=\"wp-block-group is-nowrap is-layout-flex wp-container-core-group-is-layout-01e24bb2 wp-block-group-is-layout-flex\" style=\"margin-top:0;margin-bottom:10px;padding-top:0;padding-bottom:0\">\n<figure class=\"wp-block-image size-full is-resized\"><img decoding=\"async\" width=\"168\" height=\"151\" src=\"http:\/\/odeonhotel.fr\/wp-content\/uploads\/2025\/10\/Icon-lit-odeon-hotel.png\" alt=\"\" class=\"wp-image-22399\" style=\"width:28px\" title=\"\"><\/figure>\n\n\n\n<p>1 cama de casal<\/p>\n<\/div>\n\n\n\n<div class=\"wp-block-group is-nowrap is-layout-flex wp-container-core-group-is-layout-911a4333 wp-block-group-is-layout-flex\" style=\"margin-top:0;margin-bottom:0;padding-top:0;padding-bottom:0\">\n<figure class=\"wp-block-image size-full is-resized\"><img decoding=\"async\" width=\"168\" height=\"151\" src=\"http:\/\/odeonhotel.fr\/wp-content\/uploads\/2025\/10\/Icon-taille-chambre-odeon-hotel.png\" alt=\"\" class=\"wp-image-22407\" style=\"width:28px\" title=\"\"><\/figure>\n\n\n\n<p>13,5 metros quadrados<\/p>\n<\/div>\n\n\n\n<details class=\"wp-block-details is-layout-flow wp-container-core-details-is-layout-dff4594b wp-block-details-is-layout-flow\" style=\"margin-top:10px;margin-bottom:0;padding-top:0;padding-bottom:0\"><summary>LEIA MAIS<\/summary>\n<p style=\"margin-top:0;margin-bottom:10px;padding-top:0px;padding-bottom:0px\">Os banheiros s\u00e3o bem equipados, com grandes duchas walk-in e amenidades de luxo. Desfrute de vistas para a Rue de l\u2019Od\u00e9on ou para edif\u00edcios franceses cl\u00e1ssicos do s\u00e9culo XVI e, em alguns casos, para a Torre Eiffel e a igreja Saint-Sulpice. <\/p>\n\n\n\n<p style=\"margin-top:0;margin-bottom:0;padding-top:5px;padding-bottom:0\"><span style=\"color:#CAA02D;\"><strong>&#8211;<\/strong><\/span> 1 cama de casal<\/p>\n\n\n\n<p style=\"margin-top:0;margin-bottom:0;padding-top:5px;padding-bottom:0\"><span style=\"color:#CAA02D;\"><strong>&#8211;<\/strong><\/span> Chuveiro walk-in<\/p>\n\n\n\n<p style=\"margin-top:0;margin-bottom:0;padding-top:5px;padding-bottom:0\"><span style=\"color:#CAA02D;\"><strong>&#8211;<\/strong><\/span> Ar condicionado e aquecimento controlados individualmente<\/p>\n\n\n\n<p style=\"margin-top:0;margin-bottom:0;padding-top:5px;padding-bottom:0\"><span style=\"color:#CAA02D;\"><strong>&#8211;<\/strong><\/span> Wi-Fi de alta velocidade dispon\u00edvel<\/p>\n\n\n\n<p style=\"margin-top:0;margin-bottom:0;padding-top:5px;padding-bottom:0\"><span style=\"color:#CAA02D;\"><strong>&#8211;<\/strong><\/span> Minibar gratuito com \u00e1gua fresca dispon\u00edvel<\/p>\n\n\n\n<p style=\"margin-top:0;margin-bottom:0;padding-top:5px;padding-bottom:0\"><span style=\"color:#CAA02D;\"><strong>&#8211;<\/strong><\/span> Cofre, toalheiro aquecido, secador de cabelo<\/p>\n\n\n\n<p style=\"margin-top:0;margin-bottom:0;padding-top:5px;padding-bottom:0\"><span style=\"color:#CAA02D;\"><strong>&#8211;<\/strong><\/span> Amenidades ecol\u00f3gicas gratuitas<\/p>\n\n\n\n<p style=\"margin-top:0;margin-bottom:0;padding-top:5px;padding-bottom:0\"><span style=\"color:#CAA02D;\"><strong>&#8211;<\/strong><\/span> Ferro e t\u00e1bua de passar roupa<\/p>\n\n\n\n<p style=\"margin-top:0;margin-bottom:0;padding-top:5px;padding-bottom:0\"><span style=\"color:#CAA02D;\"><strong>&#8211;<\/strong><\/span> Quartos para n\u00e3o fumantes<\/p>\n<\/details>\n\n\n\n<div class=\"wp-block-buttons is-content-justification-left is-layout-flex wp-container-core-buttons-is-layout-0294bfdf wp-block-buttons-is-layout-flex\" style=\"margin-top:20px\">\n<div class=\"wp-block-button mon-bouton2\"><a class=\"wp-block-button__link has-border-color has-primary-border-color has-open-sans-font-family has-custom-font-size wp-element-button\" href=\"https:\/\/www.secure-hotel-booking.com\/d-edge\/sa-antin\/JLDY\/1996\/fr\" style=\"border-width:1px;border-radius:3px;font-size:clamp(14px, 0.875rem + ((1vw - 3.2px) * 0.114), 15px);font-style:normal;font-weight:600;letter-spacing:1px\" target=\"_blank\" rel=\"noopener\">RESERVE AGORA<\/a><\/div>\n<\/div>\n\n\n\n<div style=\"height:30px\" aria-hidden=\"true\" class=\"wp-block-spacer tw-md-hidden tw-lg-hidden\"><\/div>\n<\/div>\n<\/div>\n\n<div class=\"wp-block-columns is-layout-flex wp-container-core-columns-is-layout-960d6821 wp-block-columns-is-layout-flex tw-block-animation tw-animation-fade-in-up tw-duration-5\" style=\"margin-top:0;margin-bottom:var(--wp--preset--spacing--40);padding-top:0;padding-right:0;padding-bottom:0;padding-left:0\">\n<div class=\"wp-block-column tw-lg-hidden tw-md-hidden is-layout-flow wp-block-column-is-layout-flow\" style=\"--col-width:57%;padding-right:0;padding-left:0;flex-basis:57%\">\n<h2 class=\"wp-block-heading has-text-align-left tw-lg-hidden tw-md-hidden has-primary-color has-text-color has-link-color wp-elements-7d7b2b7bd46ef5b806d17a78e752874b\" style=\"margin-top:0;margin-bottom:15px;padding-top:0;padding-right:var(--wp--preset--spacing--30);padding-bottom:0;padding-left:var(--wp--preset--spacing--30);font-size:clamp(21.536px, 1.346rem + ((1vw - 3.2px) * 1.53), 35px);letter-spacing:-1px\">Quarto de Casal standard<\/h2>\n\n\n\n<div class=\"alignnormal\"><div id=\"metaslider-id-23026\" style=\"width: 100%; margin: 0 auto;\" class=\"ml-slider-3-108-0 metaslider metaslider-flex metaslider-23026 ml-slider has-dots-nav ms-theme-outline\" role=\"region\" aria-label=\"Standard Room Odeon Hotel Paris\" data-height=\"600\" data-width=\"1200\">\n    <div id=\"metaslider_container_23026\">\n        <div id=\"metaslider_23026\">\n            <ul class='slides'>\n                <li style=\"display: block; width: 100%;\" class=\"slide-23027 ms-image \" aria-roledescription=\"slide\" data-date=\"2025-10-06 09:57:57\" data-filename=\"Chambre-double-standard-odeon-hotel-paris-8-1200x600.jpg\" data-slide-type=\"image\"><img decoding=\"async\" src=\"https:\/\/www.odeonhotel.fr\/wp-content\/uploads\/2025\/10\/Chambre-double-standard-odeon-hotel-paris-8-1200x600.jpg\" height=\"600\" width=\"1200\" alt=\"\" class=\"slider-23026 slide-23027 msDefaultImage\" title=\"Chambre-double-standard-odeon-hotel-paris-8\"><\/li>\n                <li style=\"display: none; width: 100%;\" class=\"slide-23028 ms-image \" aria-roledescription=\"slide\" data-date=\"2025-10-06 09:57:57\" data-filename=\"Chambre-double-standard-odeon-hotel-paris-7-1200x600.jpg\" data-slide-type=\"image\"><img decoding=\"async\" src=\"https:\/\/www.odeonhotel.fr\/wp-content\/uploads\/2025\/10\/Chambre-double-standard-odeon-hotel-paris-7-1200x600.jpg\" height=\"600\" width=\"1200\" alt=\"\" class=\"slider-23026 slide-23028 msDefaultImage\" title=\"Chambre-double-standard-odeon-hotel-paris-7\"><\/li>\n                <li style=\"display: none; width: 100%;\" class=\"slide-23029 ms-image \" aria-roledescription=\"slide\" data-date=\"2025-10-06 09:59:18\" data-filename=\"Chambre-double-standard-odeon-hotel-paris-6-1200x600.jpg\" data-slide-type=\"image\"><img decoding=\"async\" src=\"https:\/\/www.odeonhotel.fr\/wp-content\/uploads\/2025\/10\/Chambre-double-standard-odeon-hotel-paris-6-1200x600.jpg\" height=\"600\" width=\"1200\" alt=\"\" class=\"slider-23026 slide-23029 msDefaultImage\" title=\"Chambre-double-standard-odeon-hotel-paris-6\"><\/li>\n                <li style=\"display: none; width: 100%;\" class=\"slide-23030 ms-image \" aria-roledescription=\"slide\" data-date=\"2025-10-06 09:59:30\" data-filename=\"Chambre-double-standard-odeon-hotel-paris-5-1200x600.jpg\" data-slide-type=\"image\"><img decoding=\"async\" src=\"https:\/\/www.odeonhotel.fr\/wp-content\/uploads\/2025\/10\/Chambre-double-standard-odeon-hotel-paris-5-1200x600.jpg\" height=\"600\" width=\"1200\" alt=\"\" class=\"slider-23026 slide-23030 msDefaultImage\" title=\"Chambre-double-standard-odeon-hotel-paris-5\"><\/li>\n                <li style=\"display: none; width: 100%;\" class=\"slide-23031 ms-image \" aria-roledescription=\"slide\" data-date=\"2025-10-06 09:59:39\" data-filename=\"Chambre-double-standard-odeon-hotel-paris-2-1200x600.jpg\" data-slide-type=\"image\"><img decoding=\"async\" src=\"https:\/\/www.odeonhotel.fr\/wp-content\/uploads\/2025\/10\/Chambre-double-standard-odeon-hotel-paris-2-1200x600.jpg\" height=\"600\" width=\"1200\" alt=\"\" class=\"slider-23026 slide-23031 msDefaultImage\" title=\"Chambre-double-standard-odeon-hotel-paris-2\"><\/li>\n                <li style=\"display: none; width: 100%;\" class=\"slide-23032 ms-image \" aria-roledescription=\"slide\" data-date=\"2025-10-06 09:59:47\" data-filename=\"Chambre-double-standard-odeon-hotel-paris-1-1200x600.jpg\" data-slide-type=\"image\"><img decoding=\"async\" src=\"https:\/\/www.odeonhotel.fr\/wp-content\/uploads\/2025\/10\/Chambre-double-standard-odeon-hotel-paris-1-1200x600.jpg\" height=\"600\" width=\"1200\" alt=\"\" class=\"slider-23026 slide-23032 msDefaultImage\" title=\"Chambre-double-standard-odeon-hotel-paris-1\"><\/li>\n                <li style=\"display: none; width: 100%;\" class=\"slide-23033 ms-image \" aria-roledescription=\"slide\" data-date=\"2025-10-06 09:59:55\" data-filename=\"Chambre-double-standard-odeon-hotel-paris-4-1200x600.jpg\" data-slide-type=\"image\"><img decoding=\"async\" src=\"https:\/\/www.odeonhotel.fr\/wp-content\/uploads\/2025\/10\/Chambre-double-standard-odeon-hotel-paris-4-1200x600.jpg\" height=\"600\" width=\"1200\" alt=\"\" class=\"slider-23026 slide-23033 msDefaultImage\" title=\"Chambre-double-standard-odeon-hotel-paris-4\"><\/li>\n                <li style=\"display: none; width: 100%;\" class=\"slide-23034 ms-image \" aria-roledescription=\"slide\" data-date=\"2025-10-06 10:00:02\" data-filename=\"Chambre-double-standard-odeon-hotel-paris-3-1200x600.jpg\" data-slide-type=\"image\"><img decoding=\"async\" src=\"https:\/\/www.odeonhotel.fr\/wp-content\/uploads\/2025\/10\/Chambre-double-standard-odeon-hotel-paris-3-1200x600.jpg\" height=\"600\" width=\"1200\" alt=\"\" class=\"slider-23026 slide-23034 msDefaultImage\" title=\"Chambre-double-standard-odeon-hotel-paris-3\"><\/li>\n            <\/ul>\n        <\/div>\n        \n    <\/div>\n<\/div><\/div>\n<\/div>\n\n\n\n<div class=\"wp-block-column is-vertically-aligned-center is-layout-flow wp-container-core-column-is-layout-96d94fa1 wp-block-column-is-layout-flow\" style=\"padding-top:0;padding-right:var(--wp--preset--spacing--30);padding-bottom:0;padding-left:var(--wp--preset--spacing--30)\">\n<h2 class=\"wp-block-heading has-text-align-left tw-sm-hidden has-primary-color has-text-color has-link-color wp-elements-1e027c6edc2c77bda0a60db922c3703d\" style=\"margin-top:0;margin-bottom:10px;padding-top:0;padding-bottom:0;font-size:clamp(21.536px, 1.346rem + ((1vw - 3.2px) * 1.53), 35px);letter-spacing:-1px\">Quarto de Casal standard<\/h2>\n\n\n\n<p style=\"margin-top:15px;margin-bottom:15px;padding-top:0;padding-bottom:0\">Estes quartos oferecem amenidades cl\u00e1ssicas de alto padr\u00e3o. A decora\u00e7\u00e3o refinada e muito parisiense inclui damasco de seda de qualidade do s\u00e9culo XVIII. <\/p>\n\n\n\n<div class=\"wp-block-group is-nowrap is-layout-flex wp-container-core-group-is-layout-01e24bb2 wp-block-group-is-layout-flex\" style=\"margin-top:0;margin-bottom:10px;padding-top:0;padding-bottom:0\">\n<figure class=\"wp-block-image size-full is-resized\"><img decoding=\"async\" width=\"168\" height=\"151\" src=\"http:\/\/odeonhotel.fr\/wp-content\/uploads\/2025\/10\/Icon-personne-odeon-hotel.png\" alt=\"\" class=\"wp-image-22391\" style=\"width:28px\" title=\"\"><\/figure>\n\n\n\n<p>1 a 2 pessoas<\/p>\n<\/div>\n\n\n\n<div class=\"wp-block-group is-nowrap is-layout-flex wp-container-core-group-is-layout-01e24bb2 wp-block-group-is-layout-flex\" style=\"margin-top:0;margin-bottom:10px;padding-top:0;padding-bottom:0\">\n<figure class=\"wp-block-image size-full is-resized\"><img decoding=\"async\" width=\"168\" height=\"151\" src=\"http:\/\/odeonhotel.fr\/wp-content\/uploads\/2025\/10\/Icon-lit-odeon-hotel.png\" alt=\"\" class=\"wp-image-22399\" style=\"width:28px\" title=\"\"><\/figure>\n\n\n\n<p>1 cama de casal<\/p>\n<\/div>\n\n\n\n<div class=\"wp-block-group is-nowrap is-layout-flex wp-container-core-group-is-layout-911a4333 wp-block-group-is-layout-flex\" style=\"margin-top:0;margin-bottom:0;padding-top:0;padding-bottom:0\">\n<figure class=\"wp-block-image size-full is-resized\"><img decoding=\"async\" width=\"168\" height=\"151\" src=\"http:\/\/odeonhotel.fr\/wp-content\/uploads\/2025\/10\/Icon-taille-chambre-odeon-hotel.png\" alt=\"\" class=\"wp-image-22407\" style=\"width:28px\" title=\"\"><\/figure>\n\n\n\n<p>14 metros quadrados<\/p>\n<\/div>\n\n\n\n<details class=\"wp-block-details is-layout-flow wp-container-core-details-is-layout-dff4594b wp-block-details-is-layout-flow\" style=\"margin-top:10px;margin-bottom:0;padding-top:0;padding-bottom:0\"><summary>LEIA MAIS<\/summary>\n<p style=\"margin-top:0;margin-bottom:10px;padding-top:0px;padding-bottom:0px\">Todos s\u00e3o insonorizados, climatizados e contam com roupa de cama premium. Os banheiros possuem grandes duchas e amenidades de luxo. Desfrute de vistas para a hist\u00f3rica Rue de l\u2019Od\u00e9on ou para edif\u00edcios do s\u00e9culo XVI.  <\/p>\n\n\n\n<p style=\"margin-top:0;margin-bottom:0;padding-top:5px;padding-bottom:0\"><span style=\"color:#CAA02D;\"><strong>&#8211;<\/strong><\/span> 1 cama de casal<\/p>\n\n\n\n<p style=\"margin-top:0;margin-bottom:0;padding-top:5px;padding-bottom:0\"><span style=\"color:#CAA02D;\"><strong>&#8211;<\/strong><\/span> Chuveiro walk-in<\/p>\n\n\n\n<p style=\"margin-top:0;margin-bottom:0;padding-top:5px;padding-bottom:0\"><span style=\"color:#CAA02D;\"><strong>&#8211;<\/strong><\/span> Ar condicionado e aquecimento controlados individualmente<\/p>\n\n\n\n<p style=\"margin-top:0;margin-bottom:0;padding-top:5px;padding-bottom:0\"><span style=\"color:#CAA02D;\"><strong>&#8211;<\/strong><\/span> Wi-Fi de alta velocidade dispon\u00edvel<\/p>\n\n\n\n<p style=\"margin-top:0;margin-bottom:0;padding-top:5px;padding-bottom:0\"><span style=\"color:#CAA02D;\"><strong>&#8211;<\/strong><\/span> Minibar gratuito com \u00e1gua fresca dispon\u00edvel<\/p>\n\n\n\n<p style=\"margin-top:0;margin-bottom:0;padding-top:5px;padding-bottom:0\"><span style=\"color:#CAA02D;\"><strong>&#8211;<\/strong><\/span> Cofre, toalheiro aquecido, secador de cabelo<\/p>\n\n\n\n<p style=\"margin-top:0;margin-bottom:0;padding-top:5px;padding-bottom:0\"><span style=\"color:#CAA02D;\"><strong>&#8211;<\/strong><\/span> Amenidades ecol\u00f3gicas gratuitas<\/p>\n\n\n\n<p style=\"margin-top:0;margin-bottom:0;padding-top:5px;padding-bottom:0\"><span style=\"color:#CAA02D;\"><strong>&#8211;<\/strong><\/span> Ferro e t\u00e1bua de passar roupa<\/p>\n\n\n\n<p style=\"margin-top:0;margin-bottom:0;padding-top:5px;padding-bottom:0\"><span style=\"color:#CAA02D;\"><strong>&#8211;<\/strong><\/span> Quartos para n\u00e3o fumantes<\/p>\n<\/details>\n\n\n\n<div class=\"wp-block-buttons is-content-justification-left is-layout-flex wp-container-core-buttons-is-layout-0294bfdf wp-block-buttons-is-layout-flex\" style=\"margin-top:20px\">\n<div class=\"wp-block-button mon-bouton2\"><a class=\"wp-block-button__link has-border-color has-primary-border-color has-open-sans-font-family has-custom-font-size wp-element-button\" href=\"https:\/\/www.secure-hotel-booking.com\/d-edge\/sa-antin\/JLDY\/1996\/fr\" style=\"border-width:1px;border-radius:3px;font-size:clamp(14px, 0.875rem + ((1vw - 3.2px) * 0.114), 15px);font-style:normal;font-weight:600;letter-spacing:1px\" target=\"_blank\" rel=\"noopener\">RESERVE AGORA<\/a><\/div>\n<\/div>\n\n\n\n<div style=\"height:30px\" aria-hidden=\"true\" class=\"wp-block-spacer tw-md-hidden tw-lg-hidden\"><\/div>\n<\/div>\n\n\n\n<div class=\"wp-block-column tw-sm-hidden is-layout-flow wp-block-column-is-layout-flow\" style=\"--col-width:57%;padding-right:0;padding-left:0;flex-basis:57%\">\n<h2 class=\"wp-block-heading has-text-align-left tw-lg-hidden tw-md-hidden has-primary-color has-text-color has-link-color wp-elements-2fc1733e7d9e058351b4e7f2ab2b2a7d\" style=\"margin-top:0;margin-bottom:15px;padding-top:0;padding-bottom:0;font-size:clamp(21.536px, 1.346rem + ((1vw - 3.2px) * 1.53), 35px);letter-spacing:-1px\">Quarto de Casal standard<\/h2>\n\n\n\n<div class=\"alignnormal\"><div id=\"metaslider-id-23026\" style=\"width: 100%; margin: 0 auto;\" class=\"ml-slider-3-108-0 metaslider metaslider-flex metaslider-23026 ml-slider has-dots-nav ms-theme-outline\" role=\"region\" aria-label=\"Standard Room Odeon Hotel Paris\" data-height=\"600\" data-width=\"1200\">\n    <div id=\"metaslider_container_23026\">\n        <div id=\"metaslider_23026\">\n            <ul class='slides'>\n                <li style=\"display: block; width: 100%;\" class=\"slide-23027 ms-image \" aria-roledescription=\"slide\" data-date=\"2025-10-06 09:57:57\" data-filename=\"Chambre-double-standard-odeon-hotel-paris-8-1200x600.jpg\" data-slide-type=\"image\"><img decoding=\"async\" src=\"https:\/\/www.odeonhotel.fr\/wp-content\/uploads\/2025\/10\/Chambre-double-standard-odeon-hotel-paris-8-1200x600.jpg\" height=\"600\" width=\"1200\" alt=\"\" class=\"slider-23026 slide-23027 msDefaultImage\" title=\"Chambre-double-standard-odeon-hotel-paris-8\"><\/li>\n                <li style=\"display: none; width: 100%;\" class=\"slide-23028 ms-image \" aria-roledescription=\"slide\" data-date=\"2025-10-06 09:57:57\" data-filename=\"Chambre-double-standard-odeon-hotel-paris-7-1200x600.jpg\" data-slide-type=\"image\"><img decoding=\"async\" src=\"https:\/\/www.odeonhotel.fr\/wp-content\/uploads\/2025\/10\/Chambre-double-standard-odeon-hotel-paris-7-1200x600.jpg\" height=\"600\" width=\"1200\" alt=\"\" class=\"slider-23026 slide-23028 msDefaultImage\" title=\"Chambre-double-standard-odeon-hotel-paris-7\"><\/li>\n                <li style=\"display: none; width: 100%;\" class=\"slide-23029 ms-image \" aria-roledescription=\"slide\" data-date=\"2025-10-06 09:59:18\" data-filename=\"Chambre-double-standard-odeon-hotel-paris-6-1200x600.jpg\" data-slide-type=\"image\"><img decoding=\"async\" src=\"https:\/\/www.odeonhotel.fr\/wp-content\/uploads\/2025\/10\/Chambre-double-standard-odeon-hotel-paris-6-1200x600.jpg\" height=\"600\" width=\"1200\" alt=\"\" class=\"slider-23026 slide-23029 msDefaultImage\" title=\"Chambre-double-standard-odeon-hotel-paris-6\"><\/li>\n                <li style=\"display: none; width: 100%;\" class=\"slide-23030 ms-image \" aria-roledescription=\"slide\" data-date=\"2025-10-06 09:59:30\" data-filename=\"Chambre-double-standard-odeon-hotel-paris-5-1200x600.jpg\" data-slide-type=\"image\"><img decoding=\"async\" src=\"https:\/\/www.odeonhotel.fr\/wp-content\/uploads\/2025\/10\/Chambre-double-standard-odeon-hotel-paris-5-1200x600.jpg\" height=\"600\" width=\"1200\" alt=\"\" class=\"slider-23026 slide-23030 msDefaultImage\" title=\"Chambre-double-standard-odeon-hotel-paris-5\"><\/li>\n                <li style=\"display: none; width: 100%;\" class=\"slide-23031 ms-image \" aria-roledescription=\"slide\" data-date=\"2025-10-06 09:59:39\" data-filename=\"Chambre-double-standard-odeon-hotel-paris-2-1200x600.jpg\" data-slide-type=\"image\"><img decoding=\"async\" src=\"https:\/\/www.odeonhotel.fr\/wp-content\/uploads\/2025\/10\/Chambre-double-standard-odeon-hotel-paris-2-1200x600.jpg\" height=\"600\" width=\"1200\" alt=\"\" class=\"slider-23026 slide-23031 msDefaultImage\" title=\"Chambre-double-standard-odeon-hotel-paris-2\"><\/li>\n                <li style=\"display: none; width: 100%;\" class=\"slide-23032 ms-image \" aria-roledescription=\"slide\" data-date=\"2025-10-06 09:59:47\" data-filename=\"Chambre-double-standard-odeon-hotel-paris-1-1200x600.jpg\" data-slide-type=\"image\"><img decoding=\"async\" src=\"https:\/\/www.odeonhotel.fr\/wp-content\/uploads\/2025\/10\/Chambre-double-standard-odeon-hotel-paris-1-1200x600.jpg\" height=\"600\" width=\"1200\" alt=\"\" class=\"slider-23026 slide-23032 msDefaultImage\" title=\"Chambre-double-standard-odeon-hotel-paris-1\"><\/li>\n                <li style=\"display: none; width: 100%;\" class=\"slide-23033 ms-image \" aria-roledescription=\"slide\" data-date=\"2025-10-06 09:59:55\" data-filename=\"Chambre-double-standard-odeon-hotel-paris-4-1200x600.jpg\" data-slide-type=\"image\"><img decoding=\"async\" src=\"https:\/\/www.odeonhotel.fr\/wp-content\/uploads\/2025\/10\/Chambre-double-standard-odeon-hotel-paris-4-1200x600.jpg\" height=\"600\" width=\"1200\" alt=\"\" class=\"slider-23026 slide-23033 msDefaultImage\" title=\"Chambre-double-standard-odeon-hotel-paris-4\"><\/li>\n                <li style=\"display: none; width: 100%;\" class=\"slide-23034 ms-image \" aria-roledescription=\"slide\" data-date=\"2025-10-06 10:00:02\" data-filename=\"Chambre-double-standard-odeon-hotel-paris-3-1200x600.jpg\" data-slide-type=\"image\"><img decoding=\"async\" src=\"https:\/\/www.odeonhotel.fr\/wp-content\/uploads\/2025\/10\/Chambre-double-standard-odeon-hotel-paris-3-1200x600.jpg\" height=\"600\" width=\"1200\" alt=\"\" class=\"slider-23026 slide-23034 msDefaultImage\" title=\"Chambre-double-standard-odeon-hotel-paris-3\"><\/li>\n            <\/ul>\n        <\/div>\n        \n    <\/div>\n<\/div><\/div>\n<\/div>\n<\/div>\n\n<div class=\"wp-block-columns is-layout-flex wp-container-core-columns-is-layout-960d6821 wp-block-columns-is-layout-flex tw-block-animation tw-animation-fade-in-up tw-duration-5\" style=\"margin-top:0;margin-bottom:var(--wp--preset--spacing--40);padding-top:0;padding-right:0;padding-bottom:0;padding-left:0\">\n<div class=\"wp-block-column is-layout-flow wp-block-column-is-layout-flow\" style=\"--col-width:57%;padding-right:0;padding-left:0;flex-basis:57%\">\n<h2 class=\"wp-block-heading has-text-align-left tw-lg-hidden tw-md-hidden has-primary-color has-text-color has-link-color wp-elements-d17c40e0c4e0e1852ad15ec08c2504fa\" style=\"margin-top:0;margin-bottom:15px;padding-top:0;padding-right:var(--wp--preset--spacing--30);padding-bottom:0;padding-left:var(--wp--preset--spacing--30);font-size:clamp(21.536px, 1.346rem + ((1vw - 3.2px) * 1.53), 35px);letter-spacing:-1px\">Quarto de Casal Superior<\/h2>\n\n\n\n<div class=\"alignnormal\"><div id=\"metaslider-id-3360\" style=\"width: 100%; margin: 0 auto;\" class=\"ml-slider-3-108-0 metaslider metaslider-flex metaslider-3360 ml-slider has-dots-nav ms-theme-outline\" role=\"region\" aria-label=\"Superior Room Odeon Hotel Paris\" data-height=\"600\" data-width=\"1200\">\n    <div id=\"metaslider_container_3360\">\n        <div id=\"metaslider_3360\">\n            <ul class='slides'>\n                <li style=\"display: block; width: 100%;\" class=\"slide-3361 ms-image \" aria-roledescription=\"slide\" data-date=\"2023-05-16 22:22:56\" data-filename=\"Superior-room-Odeon-Hotel-Paris-3-1200x600.jpg\" data-slide-type=\"image\"><img decoding=\"async\" src=\"https:\/\/www.odeonhotel.fr\/wp-content\/uploads\/2025\/10\/Superior-room-Odeon-Hotel-Paris-3-1200x600.jpg\" height=\"600\" width=\"1200\" alt=\"\" class=\"slider-3360 slide-3361 msDefaultImage\" title=\"Superior-room-Odeon-Hotel-Paris-3\"><\/li>\n                <li style=\"display: none; width: 100%;\" class=\"slide-3362 ms-image \" aria-roledescription=\"slide\" data-date=\"2023-05-16 22:23:43\" data-filename=\"Superior-room-Odeon-Hotel-Paris-1-1200x600.jpg\" data-slide-type=\"image\"><img decoding=\"async\" src=\"https:\/\/www.odeonhotel.fr\/wp-content\/uploads\/2025\/10\/Superior-room-Odeon-Hotel-Paris-1-1200x600.jpg\" height=\"600\" width=\"1200\" alt=\"\" class=\"slider-3360 slide-3362 msDefaultImage\" title=\"Superior-room-Odeon-Hotel-Paris-1\"><\/li>\n                <li style=\"display: none; width: 100%;\" class=\"slide-3364 ms-image \" aria-roledescription=\"slide\" data-date=\"2023-05-16 22:24:11\" data-filename=\"Superior-room-Odeon-Hotel-Paris-2-1200x600.jpg\" data-slide-type=\"image\"><img decoding=\"async\" src=\"https:\/\/www.odeonhotel.fr\/wp-content\/uploads\/2025\/10\/Superior-room-Odeon-Hotel-Paris-2-1200x600.jpg\" height=\"600\" width=\"1200\" alt=\"\" class=\"slider-3360 slide-3364 msDefaultImage\" title=\"Superior-room-Odeon-Hotel-Paris-2\"><\/li>\n                <li style=\"display: none; width: 100%;\" class=\"slide-3363 ms-image \" aria-roledescription=\"slide\" data-date=\"2023-05-16 22:23:59\" data-filename=\"Superior-room-Odeon-Hotel-Paris-4-1200x600.jpg\" data-slide-type=\"image\"><img decoding=\"async\" src=\"https:\/\/www.odeonhotel.fr\/wp-content\/uploads\/2025\/10\/Superior-room-Odeon-Hotel-Paris-4-1200x600.jpg\" height=\"600\" width=\"1200\" alt=\"\" class=\"slider-3360 slide-3363 msDefaultImage\" title=\"Superior-room-Odeon-Hotel-Paris-4\"><\/li>\n            <\/ul>\n        <\/div>\n        \n    <\/div>\n<\/div><\/div>\n<\/div>\n\n\n\n<div class=\"wp-block-column is-vertically-aligned-center is-layout-flow wp-container-core-column-is-layout-96d94fa1 wp-block-column-is-layout-flow\" style=\"padding-top:0;padding-right:var(--wp--preset--spacing--30);padding-bottom:0;padding-left:var(--wp--preset--spacing--30)\">\n<h2 class=\"wp-block-heading has-text-align-left tw-sm-hidden has-primary-color has-text-color has-link-color wp-elements-ee7e941240531865f042364b22cd97c7\" style=\"margin-top:0;margin-bottom:10px;padding-top:0;padding-bottom:0;font-size:clamp(21.536px, 1.346rem + ((1vw - 3.2px) * 1.53), 35px);letter-spacing:-1px\">Quarto de Casal Superior<\/h2>\n\n\n\n<p style=\"margin-top:15px;margin-bottom:15px;padding-top:0;padding-bottom:0\">Este quarto espa\u00e7oso apresenta uma decora\u00e7\u00e3o \u00fanica, incluindo uma parede de pedra exposta, elegantes cortinas de altura total e um grande banheiro privativo com ilumina\u00e7\u00e3o natural.<\/p>\n\n\n\n<div class=\"wp-block-group is-nowrap is-layout-flex wp-container-core-group-is-layout-01e24bb2 wp-block-group-is-layout-flex\" style=\"margin-top:0;margin-bottom:10px;padding-top:0;padding-bottom:0\">\n<figure class=\"wp-block-image size-full is-resized\"><img decoding=\"async\" width=\"168\" height=\"151\" src=\"http:\/\/odeonhotel.fr\/wp-content\/uploads\/2025\/10\/Icon-personne-odeon-hotel.png\" alt=\"\" class=\"wp-image-22391\" style=\"width:28px\" title=\"\"><\/figure>\n\n\n\n<p>1 a 2 pessoas<\/p>\n<\/div>\n\n\n\n<div class=\"wp-block-group is-nowrap is-layout-flex wp-container-core-group-is-layout-01e24bb2 wp-block-group-is-layout-flex\" style=\"margin-top:0;margin-bottom:10px;padding-top:0;padding-bottom:0\">\n<figure class=\"wp-block-image size-full is-resized\"><img decoding=\"async\" width=\"168\" height=\"151\" src=\"http:\/\/odeonhotel.fr\/wp-content\/uploads\/2025\/10\/Icon-lit-odeon-hotel.png\" alt=\"\" class=\"wp-image-22399\" style=\"width:28px\" title=\"\"><\/figure>\n\n\n\n<p>1 cama de casal<\/p>\n<\/div>\n\n\n\n<div class=\"wp-block-group is-nowrap is-layout-flex wp-container-core-group-is-layout-911a4333 wp-block-group-is-layout-flex\" style=\"margin-top:0;margin-bottom:0;padding-top:0;padding-bottom:0\">\n<figure class=\"wp-block-image size-full is-resized\"><img decoding=\"async\" width=\"168\" height=\"151\" src=\"http:\/\/odeonhotel.fr\/wp-content\/uploads\/2025\/10\/Icon-taille-chambre-odeon-hotel.png\" alt=\"\" class=\"wp-image-22407\" style=\"width:28px\" title=\"\"><\/figure>\n\n\n\n<p>18 metros quadrados<\/p>\n<\/div>\n\n\n\n<details class=\"wp-block-details is-layout-flow wp-container-core-details-is-layout-dff4594b wp-block-details-is-layout-flow\" style=\"margin-top:10px;margin-bottom:0;padding-top:0;padding-bottom:0\"><summary>LEIA MAIS<\/summary>\n<p style=\"margin-top:0;margin-bottom:10px;padding-top:0px;padding-bottom:0px\">Ideal para estadias curtas e longas, com ar-condicionado e excelente isolamento ac\u00fastico. Alguns oferecem vistas dos telhados de Paris e da Torre Eiffel. <\/p>\n\n\n\n<p style=\"margin-top:0;margin-bottom:0;padding-top:5px;padding-bottom:0\"><span style=\"color:#CAA02D;\"><strong>&#8211;<\/strong><\/span> 1 cama de casal<\/p>\n\n\n\n<p style=\"margin-top:0;margin-bottom:0;padding-top:5px;padding-bottom:0\"><span style=\"color:#CAA02D;\"><strong>&#8211;<\/strong><\/span> Chuveiro walk-in<\/p>\n\n\n\n<p style=\"margin-top:0;margin-bottom:0;padding-top:5px;padding-bottom:0\"><span style=\"color:#CAA02D;\"><strong>&#8211;<\/strong><\/span> Ar condicionado e aquecimento controlados individualmente<\/p>\n\n\n\n<p style=\"margin-top:0;margin-bottom:0;padding-top:5px;padding-bottom:0\"><span style=\"color:#CAA02D;\"><strong>&#8211;<\/strong><\/span> Wi-Fi de alta velocidade dispon\u00edvel<\/p>\n\n\n\n<p style=\"margin-top:0;margin-bottom:0;padding-top:5px;padding-bottom:0\"><span style=\"color:#CAA02D;\"><strong>&#8211;<\/strong><\/span> Minibar gratuito com \u00e1gua fresca dispon\u00edvel<\/p>\n\n\n\n<p style=\"margin-top:0;margin-bottom:0;padding-top:5px;padding-bottom:0\"><span style=\"color:#CAA02D;\"><strong>&#8211;<\/strong><\/span> Cofre, toalheiro aquecido, secador de cabelo<\/p>\n\n\n\n<p style=\"margin-top:0;margin-bottom:0;padding-top:5px;padding-bottom:0\"><span style=\"color:#CAA02D;\"><strong>&#8211;<\/strong><\/span> Amenidades ecol\u00f3gicas gratuitas<\/p>\n\n\n\n<p style=\"margin-top:0;margin-bottom:0;padding-top:5px;padding-bottom:0\"><span style=\"color:#CAA02D;\"><strong>&#8211;<\/strong><\/span> Ferro e t\u00e1bua de passar roupa<\/p>\n\n\n\n<p style=\"margin-top:0;margin-bottom:0;padding-top:5px;padding-bottom:0\"><span style=\"color:#CAA02D;\"><strong>&#8211;<\/strong><\/span> Quartos para n\u00e3o fumantes<\/p>\n<\/details>\n\n\n\n<div class=\"wp-block-buttons is-content-justification-left is-layout-flex wp-container-core-buttons-is-layout-0294bfdf wp-block-buttons-is-layout-flex\" style=\"margin-top:20px\">\n<div class=\"wp-block-button mon-bouton2\"><a class=\"wp-block-button__link has-border-color has-primary-border-color has-open-sans-font-family has-custom-font-size wp-element-button\" href=\"https:\/\/www.secure-hotel-booking.com\/d-edge\/sa-antin\/JLDY\/1996\/fr\" style=\"border-width:1px;border-radius:3px;font-size:clamp(14px, 0.875rem + ((1vw - 3.2px) * 0.114), 15px);font-style:normal;font-weight:600;letter-spacing:1px\" target=\"_blank\" rel=\"noopener\">RESERVE AGORA<\/a><\/div>\n<\/div>\n\n\n\n<div style=\"height:30px\" aria-hidden=\"true\" class=\"wp-block-spacer tw-md-hidden tw-lg-hidden\"><\/div>\n<\/div>\n<\/div>\n\n<div class=\"wp-block-columns is-layout-flex wp-container-core-columns-is-layout-960d6821 wp-block-columns-is-layout-flex tw-block-animation tw-animation-fade-in-up tw-duration-5\" style=\"margin-top:0;margin-bottom:var(--wp--preset--spacing--40);padding-top:0;padding-right:0;padding-bottom:0;padding-left:0\">\n<div class=\"wp-block-column tw-md-hidden tw-lg-hidden is-layout-flow wp-block-column-is-layout-flow\" style=\"--col-width:57%;padding-right:0;padding-left:0;flex-basis:57%\">\n<h2 class=\"wp-block-heading has-text-align-left tw-lg-hidden tw-md-hidden has-primary-color has-text-color has-link-color wp-elements-6ca3d6bfebb8253e69e1f5fa30b5e585\" style=\"margin-top:0;margin-bottom:15px;padding-top:0;padding-right:var(--wp--preset--spacing--30);padding-bottom:0;padding-left:var(--wp--preset--spacing--30);font-size:clamp(21.536px, 1.346rem + ((1vw - 3.2px) * 1.53), 35px);letter-spacing:-1px\">Quarto de Casal \/ Twin Deluxe<\/h2>\n\n\n\n<div class=\"alignnormal\"><div id=\"metaslider-id-23145\" style=\"width: 100%; margin: 0 auto;\" class=\"ml-slider-3-108-0 metaslider metaslider-flex metaslider-23145 ml-slider has-dots-nav ms-theme-outline\" role=\"region\" aria-label=\"Double or Twin Deluxe Room Odeon Hotel Paris\" data-height=\"600\" data-width=\"1200\">\n    <div id=\"metaslider_container_23145\">\n        <div id=\"metaslider_23145\">\n            <ul class='slides'>\n                <li style=\"display: block; width: 100%;\" class=\"slide-23146 ms-image \" aria-roledescription=\"slide\" data-date=\"2025-10-06 10:20:05\" data-filename=\"Double-or-Twin-Deluxe-room-Odeon-Hotel-Paris-5-1200x600.jpg\" data-slide-type=\"image\"><img decoding=\"async\" src=\"https:\/\/www.odeonhotel.fr\/wp-content\/uploads\/2025\/10\/Double-or-Twin-Deluxe-room-Odeon-Hotel-Paris-5-1200x600.jpg\" height=\"600\" width=\"1200\" alt=\"\" class=\"slider-23145 slide-23146 msDefaultImage\" title=\"Double-or-Twin-Deluxe-room-Odeon-Hotel-Paris-5\"><\/li>\n                <li style=\"display: none; width: 100%;\" class=\"slide-23147 ms-image \" aria-roledescription=\"slide\" data-date=\"2025-10-06 10:20:05\" data-filename=\"Double-or-Twin-Deluxe-room-Odeon-Hotel-Paris-8-1200x600.jpg\" data-slide-type=\"image\"><img decoding=\"async\" src=\"https:\/\/www.odeonhotel.fr\/wp-content\/uploads\/2025\/10\/Double-or-Twin-Deluxe-room-Odeon-Hotel-Paris-8-1200x600.jpg\" height=\"600\" width=\"1200\" alt=\"\" class=\"slider-23145 slide-23147 msDefaultImage\" title=\"Double-or-Twin-Deluxe-room-Odeon-Hotel-Paris-8\"><\/li>\n                <li style=\"display: none; width: 100%;\" class=\"slide-23148 ms-image \" aria-roledescription=\"slide\" data-date=\"2025-10-06 10:20:05\" data-filename=\"Double-or-Twin-Deluxe-room-Odeon-Hotel-Paris-7-1200x600.jpg\" data-slide-type=\"image\"><img decoding=\"async\" src=\"https:\/\/www.odeonhotel.fr\/wp-content\/uploads\/2025\/10\/Double-or-Twin-Deluxe-room-Odeon-Hotel-Paris-7-1200x600.jpg\" height=\"600\" width=\"1200\" alt=\"\" class=\"slider-23145 slide-23148 msDefaultImage\" title=\"Double-or-Twin-Deluxe-room-Odeon-Hotel-Paris-7\"><\/li>\n                <li style=\"display: none; width: 100%;\" class=\"slide-23149 ms-image \" aria-roledescription=\"slide\" data-date=\"2025-10-06 10:20:05\" data-filename=\"Double-or-Twin-Deluxe-room-Odeon-Hotel-Paris-9-1200x600.jpg\" data-slide-type=\"image\"><img decoding=\"async\" src=\"https:\/\/www.odeonhotel.fr\/wp-content\/uploads\/2025\/10\/Double-or-Twin-Deluxe-room-Odeon-Hotel-Paris-9-1200x600.jpg\" height=\"600\" width=\"1200\" alt=\"\" class=\"slider-23145 slide-23149 msDefaultImage\" title=\"Double-or-Twin-Deluxe-room-Odeon-Hotel-Paris-9\"><\/li>\n                <li style=\"display: none; width: 100%;\" class=\"slide-23150 ms-image \" aria-roledescription=\"slide\" data-date=\"2025-10-06 10:22:18\" data-filename=\"Double-or-Twin-Deluxe-room-Odeon-Hotel-Paris-6-1200x600.jpg\" data-slide-type=\"image\"><img decoding=\"async\" src=\"https:\/\/www.odeonhotel.fr\/wp-content\/uploads\/2025\/10\/Double-or-Twin-Deluxe-room-Odeon-Hotel-Paris-6-1200x600.jpg\" height=\"600\" width=\"1200\" alt=\"\" class=\"slider-23145 slide-23150 msDefaultImage\" title=\"Double-or-Twin-Deluxe-room-Odeon-Hotel-Paris-6\"><\/li>\n                <li style=\"display: none; width: 100%;\" class=\"slide-23151 ms-image \" aria-roledescription=\"slide\" data-date=\"2025-10-06 10:22:35\" data-filename=\"Double-or-Twin-Deluxe-room-Odeon-Hotel-Paris-4-1200x600.jpg\" data-slide-type=\"image\"><img decoding=\"async\" src=\"https:\/\/www.odeonhotel.fr\/wp-content\/uploads\/2025\/10\/Double-or-Twin-Deluxe-room-Odeon-Hotel-Paris-4-1200x600.jpg\" height=\"600\" width=\"1200\" alt=\"\" class=\"slider-23145 slide-23151 msDefaultImage\" title=\"Double-or-Twin-Deluxe-room-Odeon-Hotel-Paris-4\"><\/li>\n                <li style=\"display: none; width: 100%;\" class=\"slide-23152 ms-image \" aria-roledescription=\"slide\" data-date=\"2025-10-06 10:22:43\" data-filename=\"Double-or-Twin-Deluxe-room-Odeon-Hotel-Paris-3-1200x600.jpg\" data-slide-type=\"image\"><img decoding=\"async\" src=\"https:\/\/www.odeonhotel.fr\/wp-content\/uploads\/2025\/10\/Double-or-Twin-Deluxe-room-Odeon-Hotel-Paris-3-1200x600.jpg\" height=\"600\" width=\"1200\" alt=\"\" class=\"slider-23145 slide-23152 msDefaultImage\" title=\"Double-or-Twin-Deluxe-room-Odeon-Hotel-Paris-3\"><\/li>\n                <li style=\"display: none; width: 100%;\" class=\"slide-23153 ms-image \" aria-roledescription=\"slide\" data-date=\"2025-10-06 10:22:52\" data-filename=\"Double-or-Twin-Deluxe-room-Odeon-Hotel-Paris-2-1200x600.jpg\" data-slide-type=\"image\"><img decoding=\"async\" src=\"https:\/\/www.odeonhotel.fr\/wp-content\/uploads\/2025\/10\/Double-or-Twin-Deluxe-room-Odeon-Hotel-Paris-2-1200x600.jpg\" height=\"600\" width=\"1200\" alt=\"\" class=\"slider-23145 slide-23153 msDefaultImage\" title=\"Double-or-Twin-Deluxe-room-Odeon-Hotel-Paris-2\"><\/li>\n                <li style=\"display: none; width: 100%;\" class=\"slide-23154 ms-image \" aria-roledescription=\"slide\" data-date=\"2025-10-06 10:23:01\" data-filename=\"Double-or-Twin-Deluxe-room-Odeon-Hotel-Paris-1-1200x600.jpg\" data-slide-type=\"image\"><img decoding=\"async\" src=\"https:\/\/www.odeonhotel.fr\/wp-content\/uploads\/2025\/10\/Double-or-Twin-Deluxe-room-Odeon-Hotel-Paris-1-1200x600.jpg\" height=\"600\" width=\"1200\" alt=\"\" class=\"slider-23145 slide-23154 msDefaultImage\" title=\"Double-or-Twin-Deluxe-room-Odeon-Hotel-Paris-1\"><\/li>\n            <\/ul>\n        <\/div>\n        \n    <\/div>\n<\/div><\/div>\n<\/div>\n\n\n\n<div class=\"wp-block-column is-vertically-aligned-center is-layout-flow wp-container-core-column-is-layout-96d94fa1 wp-block-column-is-layout-flow\" style=\"padding-top:0;padding-right:var(--wp--preset--spacing--30);padding-bottom:0;padding-left:var(--wp--preset--spacing--30)\">\n<h2 class=\"wp-block-heading has-text-align-left tw-sm-hidden has-primary-color has-text-color has-link-color wp-elements-1d4a89097968b07b6f9363aec890ce25\" style=\"margin-top:0;margin-bottom:10px;padding-top:0;padding-bottom:0;font-size:clamp(21.536px, 1.346rem + ((1vw - 3.2px) * 1.53), 35px);letter-spacing:-1px\">Quarto de Casal \/ Twin Deluxe<\/h2>\n\n\n\n<p style=\"margin-top:15px;margin-bottom:15px;padding-top:0;padding-bottom:0\">Estes quartos Deluxe arejados e espa\u00e7osos est\u00e3o totalmente equipados com tudo o que voc\u00ea precisa. Todos possuem camas King-size. <\/p>\n\n\n\n<div class=\"wp-block-group is-nowrap is-layout-flex wp-container-core-group-is-layout-01e24bb2 wp-block-group-is-layout-flex\" style=\"margin-top:0;margin-bottom:10px;padding-top:0;padding-bottom:0\">\n<figure class=\"wp-block-image size-full is-resized\"><img decoding=\"async\" width=\"168\" height=\"151\" src=\"http:\/\/odeonhotel.fr\/wp-content\/uploads\/2025\/10\/Icon-personne-odeon-hotel.png\" alt=\"\" class=\"wp-image-22391\" style=\"width:28px\" title=\"\"><\/figure>\n\n\n\n<p>2 a 3 pessoas<\/p>\n<\/div>\n\n\n\n<div class=\"wp-block-group is-nowrap is-layout-flex wp-container-core-group-is-layout-01e24bb2 wp-block-group-is-layout-flex\" style=\"margin-top:0;margin-bottom:10px;padding-top:0;padding-bottom:0\">\n<figure class=\"wp-block-image size-full is-resized\"><img decoding=\"async\" width=\"168\" height=\"151\" src=\"http:\/\/odeonhotel.fr\/wp-content\/uploads\/2025\/10\/Icon-lit-odeon-hotel.png\" alt=\"\" class=\"wp-image-22399\" style=\"width:28px\" title=\"\"><\/figure>\n\n\n\n<p>1 cama king size<\/p>\n<\/div>\n\n\n\n<div class=\"wp-block-group is-nowrap is-layout-flex wp-container-core-group-is-layout-911a4333 wp-block-group-is-layout-flex\" style=\"margin-top:0;margin-bottom:0;padding-top:0;padding-bottom:0\">\n<figure class=\"wp-block-image size-full is-resized\"><img decoding=\"async\" width=\"168\" height=\"151\" src=\"http:\/\/odeonhotel.fr\/wp-content\/uploads\/2025\/10\/Icon-taille-chambre-odeon-hotel.png\" alt=\"\" class=\"wp-image-22407\" style=\"width:28px\" title=\"\"><\/figure>\n\n\n\n<p>20 metros quadrados<\/p>\n<\/div>\n\n\n\n<details class=\"wp-block-details is-layout-flow wp-container-core-details-is-layout-dff4594b wp-block-details-is-layout-flow\" style=\"margin-top:10px;margin-bottom:0;padding-top:0;padding-bottom:0\"><summary>LEIA MAIS<\/summary>\n<p style=\"margin-top:0;margin-bottom:10px;padding-top:0px;padding-bottom:0px\">Desfrute de vistas tipicamente parisienses da Rue de l\u2019Od\u00e9on. O conforto cl\u00e1ssico \u00e9 valorizado por elegantes tape\u00e7arias azuis da casa francesa \u201cCr\u00e9ations M\u00e9taphores\u201d. Incluem uma aconchegante \u00e1rea de estar e um banheiro espa\u00e7oso com pias duplas e grande ducha walk-in.  <\/p>\n\n\n\n<p style=\"margin-top:0;margin-bottom:0;padding-top:5px;padding-bottom:0\"><span style=\"color:#CAA02D;\"><strong>&#8211;<\/strong><\/span> 1 cama de casal<\/p>\n\n\n\n<p style=\"margin-top:0;margin-bottom:0;padding-top:5px;padding-bottom:0\"><span style=\"color:#CAA02D;\"><strong>&#8211;<\/strong><\/span> Chuveiro walk-in<\/p>\n\n\n\n<p style=\"margin-top:0;margin-bottom:0;padding-top:5px;padding-bottom:0\"><span style=\"color:#CAA02D;\"><strong>&#8211;<\/strong><\/span> Ar condicionado e aquecimento controlados individualmente<\/p>\n\n\n\n<p style=\"margin-top:0;margin-bottom:0;padding-top:5px;padding-bottom:0\"><span style=\"color:#CAA02D;\"><strong>&#8211;<\/strong><\/span> Wi-Fi de alta velocidade dispon\u00edvel<\/p>\n\n\n\n<p style=\"margin-top:0;margin-bottom:0;padding-top:5px;padding-bottom:0\"><span style=\"color:#CAA02D;\"><strong>&#8211;<\/strong><\/span> Minibar gratuito com \u00e1gua fresca dispon\u00edvel<\/p>\n\n\n\n<p style=\"margin-top:0;margin-bottom:0;padding-top:5px;padding-bottom:0\"><span style=\"color:#CAA02D;\"><strong>&#8211;<\/strong><\/span> Cofre, toalheiro aquecido, secador de cabelo<\/p>\n\n\n\n<p style=\"margin-top:0;margin-bottom:0;padding-top:5px;padding-bottom:0\"><span style=\"color:#CAA02D;\"><strong>&#8211;<\/strong><\/span> Amenidades ecol\u00f3gicas gratuitas<\/p>\n\n\n\n<p style=\"margin-top:0;margin-bottom:0;padding-top:5px;padding-bottom:0\"><span style=\"color:#CAA02D;\"><strong>&#8211;<\/strong><\/span> Ferro e t\u00e1bua de passar roupa<\/p>\n\n\n\n<p style=\"margin-top:0;margin-bottom:0;padding-top:5px;padding-bottom:0\"><span style=\"color:#CAA02D;\"><strong>&#8211;<\/strong><\/span> Quartos para n\u00e3o fumantes<\/p>\n<\/details>\n\n\n\n<div class=\"wp-block-buttons is-content-justification-left is-layout-flex wp-container-core-buttons-is-layout-0294bfdf wp-block-buttons-is-layout-flex\" style=\"margin-top:20px\">\n<div class=\"wp-block-button mon-bouton2\"><a class=\"wp-block-button__link has-border-color has-primary-border-color has-open-sans-font-family has-custom-font-size wp-element-button\" href=\"https:\/\/www.secure-hotel-booking.com\/d-edge\/sa-antin\/JLDY\/1996\/fr\" style=\"border-width:1px;border-radius:3px;font-size:clamp(14px, 0.875rem + ((1vw - 3.2px) * 0.114), 15px);font-style:normal;font-weight:600;letter-spacing:1px\" target=\"_blank\" rel=\"noopener\">RESERVE AGORA<\/a><\/div>\n<\/div>\n\n\n\n<div style=\"height:30px\" aria-hidden=\"true\" class=\"wp-block-spacer tw-md-hidden tw-lg-hidden\"><\/div>\n<\/div>\n\n\n\n<div class=\"wp-block-column tw-sm-hidden is-layout-flow wp-block-column-is-layout-flow\" style=\"--col-width:57%;padding-right:0;padding-left:0;flex-basis:57%\">\n<h2 class=\"wp-block-heading has-text-align-left tw-lg-hidden tw-md-hidden has-primary-color has-text-color has-link-color wp-elements-2b1df1515df11d32e071747e428eae56\" style=\"margin-top:0;margin-bottom:15px;padding-top:0;padding-bottom:0;font-size:clamp(21.536px, 1.346rem + ((1vw - 3.2px) * 1.53), 35px);letter-spacing:-1px\">Quarto de Casal \/ Twin Deluxe<\/h2>\n\n\n\n<div class=\"alignnormal\"><div id=\"metaslider-id-23145\" style=\"width: 100%; margin: 0 auto;\" class=\"ml-slider-3-108-0 metaslider metaslider-flex metaslider-23145 ml-slider has-dots-nav ms-theme-outline\" role=\"region\" aria-label=\"Double or Twin Deluxe Room Odeon Hotel Paris\" data-height=\"600\" data-width=\"1200\">\n    <div id=\"metaslider_container_23145\">\n        <div id=\"metaslider_23145\">\n            <ul class='slides'>\n                <li style=\"display: block; width: 100%;\" class=\"slide-23146 ms-image \" aria-roledescription=\"slide\" data-date=\"2025-10-06 10:20:05\" data-filename=\"Double-or-Twin-Deluxe-room-Odeon-Hotel-Paris-5-1200x600.jpg\" data-slide-type=\"image\"><img decoding=\"async\" src=\"https:\/\/www.odeonhotel.fr\/wp-content\/uploads\/2025\/10\/Double-or-Twin-Deluxe-room-Odeon-Hotel-Paris-5-1200x600.jpg\" height=\"600\" width=\"1200\" alt=\"\" class=\"slider-23145 slide-23146 msDefaultImage\" title=\"Double-or-Twin-Deluxe-room-Odeon-Hotel-Paris-5\"><\/li>\n                <li style=\"display: none; width: 100%;\" class=\"slide-23147 ms-image \" aria-roledescription=\"slide\" data-date=\"2025-10-06 10:20:05\" data-filename=\"Double-or-Twin-Deluxe-room-Odeon-Hotel-Paris-8-1200x600.jpg\" data-slide-type=\"image\"><img decoding=\"async\" src=\"https:\/\/www.odeonhotel.fr\/wp-content\/uploads\/2025\/10\/Double-or-Twin-Deluxe-room-Odeon-Hotel-Paris-8-1200x600.jpg\" height=\"600\" width=\"1200\" alt=\"\" class=\"slider-23145 slide-23147 msDefaultImage\" title=\"Double-or-Twin-Deluxe-room-Odeon-Hotel-Paris-8\"><\/li>\n                <li style=\"display: none; width: 100%;\" class=\"slide-23148 ms-image \" aria-roledescription=\"slide\" data-date=\"2025-10-06 10:20:05\" data-filename=\"Double-or-Twin-Deluxe-room-Odeon-Hotel-Paris-7-1200x600.jpg\" data-slide-type=\"image\"><img decoding=\"async\" src=\"https:\/\/www.odeonhotel.fr\/wp-content\/uploads\/2025\/10\/Double-or-Twin-Deluxe-room-Odeon-Hotel-Paris-7-1200x600.jpg\" height=\"600\" width=\"1200\" alt=\"\" class=\"slider-23145 slide-23148 msDefaultImage\" title=\"Double-or-Twin-Deluxe-room-Odeon-Hotel-Paris-7\"><\/li>\n                <li style=\"display: none; width: 100%;\" class=\"slide-23149 ms-image \" aria-roledescription=\"slide\" data-date=\"2025-10-06 10:20:05\" data-filename=\"Double-or-Twin-Deluxe-room-Odeon-Hotel-Paris-9-1200x600.jpg\" data-slide-type=\"image\"><img decoding=\"async\" src=\"https:\/\/www.odeonhotel.fr\/wp-content\/uploads\/2025\/10\/Double-or-Twin-Deluxe-room-Odeon-Hotel-Paris-9-1200x600.jpg\" height=\"600\" width=\"1200\" alt=\"\" class=\"slider-23145 slide-23149 msDefaultImage\" title=\"Double-or-Twin-Deluxe-room-Odeon-Hotel-Paris-9\"><\/li>\n                <li style=\"display: none; width: 100%;\" class=\"slide-23150 ms-image \" aria-roledescription=\"slide\" data-date=\"2025-10-06 10:22:18\" data-filename=\"Double-or-Twin-Deluxe-room-Odeon-Hotel-Paris-6-1200x600.jpg\" data-slide-type=\"image\"><img decoding=\"async\" src=\"https:\/\/www.odeonhotel.fr\/wp-content\/uploads\/2025\/10\/Double-or-Twin-Deluxe-room-Odeon-Hotel-Paris-6-1200x600.jpg\" height=\"600\" width=\"1200\" alt=\"\" class=\"slider-23145 slide-23150 msDefaultImage\" title=\"Double-or-Twin-Deluxe-room-Odeon-Hotel-Paris-6\"><\/li>\n                <li style=\"display: none; width: 100%;\" class=\"slide-23151 ms-image \" aria-roledescription=\"slide\" data-date=\"2025-10-06 10:22:35\" data-filename=\"Double-or-Twin-Deluxe-room-Odeon-Hotel-Paris-4-1200x600.jpg\" data-slide-type=\"image\"><img decoding=\"async\" src=\"https:\/\/www.odeonhotel.fr\/wp-content\/uploads\/2025\/10\/Double-or-Twin-Deluxe-room-Odeon-Hotel-Paris-4-1200x600.jpg\" height=\"600\" width=\"1200\" alt=\"\" class=\"slider-23145 slide-23151 msDefaultImage\" title=\"Double-or-Twin-Deluxe-room-Odeon-Hotel-Paris-4\"><\/li>\n                <li style=\"display: none; width: 100%;\" class=\"slide-23152 ms-image \" aria-roledescription=\"slide\" data-date=\"2025-10-06 10:22:43\" data-filename=\"Double-or-Twin-Deluxe-room-Odeon-Hotel-Paris-3-1200x600.jpg\" data-slide-type=\"image\"><img decoding=\"async\" src=\"https:\/\/www.odeonhotel.fr\/wp-content\/uploads\/2025\/10\/Double-or-Twin-Deluxe-room-Odeon-Hotel-Paris-3-1200x600.jpg\" height=\"600\" width=\"1200\" alt=\"\" class=\"slider-23145 slide-23152 msDefaultImage\" title=\"Double-or-Twin-Deluxe-room-Odeon-Hotel-Paris-3\"><\/li>\n                <li style=\"display: none; width: 100%;\" class=\"slide-23153 ms-image \" aria-roledescription=\"slide\" data-date=\"2025-10-06 10:22:52\" data-filename=\"Double-or-Twin-Deluxe-room-Odeon-Hotel-Paris-2-1200x600.jpg\" data-slide-type=\"image\"><img decoding=\"async\" src=\"https:\/\/www.odeonhotel.fr\/wp-content\/uploads\/2025\/10\/Double-or-Twin-Deluxe-room-Odeon-Hotel-Paris-2-1200x600.jpg\" height=\"600\" width=\"1200\" alt=\"\" class=\"slider-23145 slide-23153 msDefaultImage\" title=\"Double-or-Twin-Deluxe-room-Odeon-Hotel-Paris-2\"><\/li>\n                <li style=\"display: none; width: 100%;\" class=\"slide-23154 ms-image \" aria-roledescription=\"slide\" data-date=\"2025-10-06 10:23:01\" data-filename=\"Double-or-Twin-Deluxe-room-Odeon-Hotel-Paris-1-1200x600.jpg\" data-slide-type=\"image\"><img decoding=\"async\" src=\"https:\/\/www.odeonhotel.fr\/wp-content\/uploads\/2025\/10\/Double-or-Twin-Deluxe-room-Odeon-Hotel-Paris-1-1200x600.jpg\" height=\"600\" width=\"1200\" alt=\"\" class=\"slider-23145 slide-23154 msDefaultImage\" title=\"Double-or-Twin-Deluxe-room-Odeon-Hotel-Paris-1\"><\/li>\n            <\/ul>\n        <\/div>\n        \n    <\/div>\n<\/div><\/div>\n<\/div>\n<\/div>\n\n<div class=\"wp-block-columns is-layout-flex wp-container-core-columns-is-layout-960d6821 wp-block-columns-is-layout-flex tw-block-animation tw-animation-fade-in-up tw-duration-5\" style=\"margin-top:0;margin-bottom:var(--wp--preset--spacing--40);padding-top:0;padding-right:0;padding-bottom:0;padding-left:0\">\n<div class=\"wp-block-column is-layout-flow wp-block-column-is-layout-flow\" style=\"--col-width:57%;padding-right:0;padding-left:0;flex-basis:57%\">\n<h2 class=\"wp-block-heading has-text-align-left tw-lg-hidden tw-md-hidden has-primary-color has-text-color has-link-color wp-elements-4771b8331b150e7b30549277d686e44e\" style=\"margin-top:0;margin-bottom:15px;padding-top:0;padding-right:var(--wp--preset--spacing--30);padding-bottom:0;padding-left:var(--wp--preset--spacing--30);font-size:clamp(21.536px, 1.346rem + ((1vw - 3.2px) * 1.53), 35px);letter-spacing:-1px\">Junior Suite<\/h2>\n\n\n\n<div class=\"alignnormal\"><div id=\"metaslider-id-17124\" style=\"width: 100%; margin: 0 auto;\" class=\"ml-slider-3-108-0 metaslider metaslider-flex metaslider-17124 ml-slider has-dots-nav ms-theme-outline\" role=\"region\" aria-label=\"Junior Suite Odeon Hotel Paris\" data-height=\"600\" data-width=\"1200\">\n    <div id=\"metaslider_container_17124\">\n        <div id=\"metaslider_17124\">\n            <ul class='slides'>\n                <li style=\"display: block; width: 100%;\" class=\"slide-17125 ms-image \" aria-roledescription=\"slide\" data-date=\"2023-12-26 14:38:18\" data-filename=\"Junior-Suite-Odeon-Hotel-Paris-3-1200x600.jpg\" data-slide-type=\"image\"><img decoding=\"async\" src=\"https:\/\/www.odeonhotel.fr\/wp-content\/uploads\/2025\/10\/Junior-Suite-Odeon-Hotel-Paris-3-1200x600.jpg\" height=\"600\" width=\"1200\" alt=\"\" class=\"slider-17124 slide-17125 msDefaultImage\" title=\"Junior-Suite-Odeon-Hotel-Paris-3\"><\/li>\n                <li style=\"display: none; width: 100%;\" class=\"slide-17126 ms-image \" aria-roledescription=\"slide\" data-date=\"2023-12-26 14:38:18\" data-filename=\"Junior-Suite-Odeon-Hotel-Paris-8-1200x600.jpg\" data-slide-type=\"image\"><img decoding=\"async\" src=\"https:\/\/www.odeonhotel.fr\/wp-content\/uploads\/2025\/10\/Junior-Suite-Odeon-Hotel-Paris-8-1200x600.jpg\" height=\"600\" width=\"1200\" alt=\"\" class=\"slider-17124 slide-17126 msDefaultImage\" title=\"Junior-Suite-Odeon-Hotel-Paris-8\"><\/li>\n                <li style=\"display: none; width: 100%;\" class=\"slide-17127 ms-image \" aria-roledescription=\"slide\" data-date=\"2023-12-26 14:38:18\" data-filename=\"Junior-Suite-Odeon-Hotel-Paris-1-1200x600.jpg\" data-slide-type=\"image\"><img decoding=\"async\" src=\"https:\/\/www.odeonhotel.fr\/wp-content\/uploads\/2025\/10\/Junior-Suite-Odeon-Hotel-Paris-1-1200x600.jpg\" height=\"600\" width=\"1200\" alt=\"\" class=\"slider-17124 slide-17127 msDefaultImage\" title=\"Junior-Suite-Odeon-Hotel-Paris-1\"><\/li>\n                <li style=\"display: none; width: 100%;\" class=\"slide-17128 ms-image \" aria-roledescription=\"slide\" data-date=\"2023-12-26 14:38:18\" data-filename=\"Junior-Suite-Odeon-Hotel-Paris-2-1200x600.jpg\" data-slide-type=\"image\"><img decoding=\"async\" src=\"https:\/\/www.odeonhotel.fr\/wp-content\/uploads\/2025\/10\/Junior-Suite-Odeon-Hotel-Paris-2-1200x600.jpg\" height=\"600\" width=\"1200\" alt=\"\" class=\"slider-17124 slide-17128 msDefaultImage\" title=\"Junior-Suite-Odeon-Hotel-Paris-2\"><\/li>\n                <li style=\"display: none; width: 100%;\" class=\"slide-17129 ms-image \" aria-roledescription=\"slide\" data-date=\"2023-12-26 14:38:18\" data-filename=\"Junior-Suite-Odeon-Hotel-Paris-9-1200x600.jpg\" data-slide-type=\"image\"><img decoding=\"async\" src=\"https:\/\/www.odeonhotel.fr\/wp-content\/uploads\/2025\/10\/Junior-Suite-Odeon-Hotel-Paris-9-1200x600.jpg\" height=\"600\" width=\"1200\" alt=\"\" class=\"slider-17124 slide-17129 msDefaultImage\" title=\"Junior-Suite-Odeon-Hotel-Paris-9\"><\/li>\n                <li style=\"display: none; width: 100%;\" class=\"slide-17130 ms-image \" aria-roledescription=\"slide\" data-date=\"2023-12-26 14:38:18\" data-filename=\"Junior-Suite-Odeon-Hotel-Paris-6-1200x600.jpg\" data-slide-type=\"image\"><img decoding=\"async\" src=\"https:\/\/www.odeonhotel.fr\/wp-content\/uploads\/2025\/10\/Junior-Suite-Odeon-Hotel-Paris-6-1200x600.jpg\" height=\"600\" width=\"1200\" alt=\"\" class=\"slider-17124 slide-17130 msDefaultImage\" title=\"Junior-Suite-Odeon-Hotel-Paris-6\"><\/li>\n                <li style=\"display: none; width: 100%;\" class=\"slide-23228 ms-image \" aria-roledescription=\"slide\" data-date=\"2025-10-06 10:36:32\" data-filename=\"Junior-Suite-Odeon-Hotel-Paris-7-1200x600.jpg\" data-slide-type=\"image\"><img decoding=\"async\" src=\"https:\/\/www.odeonhotel.fr\/wp-content\/uploads\/2025\/10\/Junior-Suite-Odeon-Hotel-Paris-7-1200x600.jpg\" height=\"600\" width=\"1200\" alt=\"\" class=\"slider-17124 slide-23228 msDefaultImage\" title=\"Junior-Suite-Odeon-Hotel-Paris-7\"><\/li>\n                <li style=\"display: none; width: 100%;\" class=\"slide-23229 ms-image \" aria-roledescription=\"slide\" data-date=\"2025-10-06 10:36:39\" data-filename=\"Junior-Suite-Odeon-Hotel-Paris-5-1200x600.jpg\" data-slide-type=\"image\"><img decoding=\"async\" src=\"https:\/\/www.odeonhotel.fr\/wp-content\/uploads\/2025\/10\/Junior-Suite-Odeon-Hotel-Paris-5-1200x600.jpg\" height=\"600\" width=\"1200\" alt=\"\" class=\"slider-17124 slide-23229 msDefaultImage\" title=\"Junior-Suite-Odeon-Hotel-Paris-5\"><\/li>\n            <\/ul>\n        <\/div>\n        \n    <\/div>\n<\/div><\/div>\n<\/div>\n\n\n\n<div class=\"wp-block-column is-vertically-aligned-center is-layout-flow wp-container-core-column-is-layout-96d94fa1 wp-block-column-is-layout-flow\" style=\"padding-top:0;padding-right:var(--wp--preset--spacing--30);padding-bottom:0;padding-left:var(--wp--preset--spacing--30)\">\n<h2 class=\"wp-block-heading has-text-align-left tw-sm-hidden has-primary-color has-text-color has-link-color wp-elements-dd6273c5fe0efc145cc43fea0434c2b9\" style=\"margin-top:0;margin-bottom:10px;padding-top:0;padding-bottom:0;font-size:clamp(21.536px, 1.346rem + ((1vw - 3.2px) * 1.53), 35px);letter-spacing:-1px\">Junior Suite<\/h2>\n\n\n\n<p style=\"margin-top:15px;margin-bottom:15px;padding-top:0;padding-bottom:0\">Localizada no \u00faltimo andar do hotel, esta su\u00edte oferece uma experi\u00eancia \u00fanica inspirada no Marie Antoinette de Sofia Coppola.<\/p>\n\n\n\n<div class=\"wp-block-group is-nowrap is-layout-flex wp-container-core-group-is-layout-01e24bb2 wp-block-group-is-layout-flex\" style=\"margin-top:0;margin-bottom:10px;padding-top:0;padding-bottom:0\">\n<figure class=\"wp-block-image size-full is-resized\"><img decoding=\"async\" width=\"168\" height=\"151\" src=\"http:\/\/odeonhotel.fr\/wp-content\/uploads\/2025\/10\/Icon-personne-odeon-hotel.png\" alt=\"\" class=\"wp-image-22391\" style=\"width:28px\" title=\"\"><\/figure>\n\n\n\n<p>2 a 3 pessoas<\/p>\n<\/div>\n\n\n\n<div class=\"wp-block-group is-nowrap is-layout-flex wp-container-core-group-is-layout-01e24bb2 wp-block-group-is-layout-flex\" style=\"margin-top:0;margin-bottom:10px;padding-top:0;padding-bottom:0\">\n<figure class=\"wp-block-image size-full is-resized\"><img decoding=\"async\" width=\"168\" height=\"151\" src=\"http:\/\/odeonhotel.fr\/wp-content\/uploads\/2025\/10\/Icon-lit-odeon-hotel.png\" alt=\"\" class=\"wp-image-22399\" style=\"width:28px\" title=\"\"><\/figure>\n\n\n\n<p>1 cama queen size ou 2 camas de solteiro<\/p>\n<\/div>\n\n\n\n<div class=\"wp-block-group is-nowrap is-layout-flex wp-container-core-group-is-layout-911a4333 wp-block-group-is-layout-flex\" style=\"margin-top:0;margin-bottom:0;padding-top:0;padding-bottom:0\">\n<figure class=\"wp-block-image size-full is-resized\"><img decoding=\"async\" width=\"168\" height=\"151\" src=\"http:\/\/odeonhotel.fr\/wp-content\/uploads\/2025\/10\/Icon-taille-chambre-odeon-hotel.png\" alt=\"\" class=\"wp-image-22407\" style=\"width:28px\" title=\"\"><\/figure>\n\n\n\n<p>13,5 metros quadrados<\/p>\n<\/div>\n\n\n\n<details class=\"wp-block-details is-layout-flow wp-container-core-details-is-layout-dff4594b wp-block-details-is-layout-flow\" style=\"margin-top:10px;margin-bottom:0;padding-top:0;padding-bottom:0\"><summary>LEIA MAIS<\/summary>\n<p style=\"margin-top:0;margin-bottom:10px;padding-top:0px;padding-bottom:0px\">Apresenta tape\u00e7aria rosa da Cr\u00e9ations M\u00e9taphores e uma magn\u00edfica vista da Torre Eiffel e dos telhados de Paris. Inclui um pequeno lounge, \u00e1rea de vestir e banheiro com banheira e pias duplas. Oferece amenidades superiores, roup\u00f5es, chinelos, bandeja de boas-vindas e minibar com \u00e1gua mineral e suco.  <\/p>\n\n\n\n<p style=\"margin-top:0;margin-bottom:0;padding-top:5px;padding-bottom:0\"><span style=\"color:#CAA02D;\"><strong>&#8211;<\/strong><\/span> 1 cama de casal<\/p>\n\n\n\n<p style=\"margin-top:0;margin-bottom:0;padding-top:5px;padding-bottom:0\"><span style=\"color:#CAA02D;\"><strong>&#8211;<\/strong><\/span> Chuveiro walk-in<\/p>\n\n\n\n<p style=\"margin-top:0;margin-bottom:0;padding-top:5px;padding-bottom:0\"><span style=\"color:#CAA02D;\"><strong>&#8211;<\/strong><\/span> Ar condicionado e aquecimento controlados individualmente<\/p>\n\n\n\n<p style=\"margin-top:0;margin-bottom:0;padding-top:5px;padding-bottom:0\"><span style=\"color:#CAA02D;\"><strong>&#8211;<\/strong><\/span> Wi-Fi de alta velocidade dispon\u00edvel<\/p>\n\n\n\n<p style=\"margin-top:0;margin-bottom:0;padding-top:5px;padding-bottom:0\"><span style=\"color:#CAA02D;\"><strong>&#8211;<\/strong><\/span> Minibar gratuito com \u00e1gua fresca dispon\u00edvel<\/p>\n\n\n\n<p style=\"margin-top:0;margin-bottom:0;padding-top:5px;padding-bottom:0\"><span style=\"color:#CAA02D;\"><strong>&#8211;<\/strong><\/span> Cofre, toalheiro aquecido, secador de cabelo<\/p>\n\n\n\n<p style=\"margin-top:0;margin-bottom:0;padding-top:5px;padding-bottom:0\"><span style=\"color:#CAA02D;\"><strong>&#8211;<\/strong><\/span> Amenidades ecol\u00f3gicas gratuitas<\/p>\n\n\n\n<p style=\"margin-top:0;margin-bottom:0;padding-top:5px;padding-bottom:0\"><span style=\"color:#CAA02D;\"><strong>&#8211;<\/strong><\/span> Ferro e t\u00e1bua de passar roupa<\/p>\n\n\n\n<p style=\"margin-top:0;margin-bottom:0;padding-top:5px;padding-bottom:0\"><span style=\"color:#CAA02D;\"><strong>&#8211;<\/strong><\/span> Quartos para n\u00e3o fumantes<\/p>\n<\/details>\n\n\n\n<div class=\"wp-block-buttons is-content-justification-left is-layout-flex wp-container-core-buttons-is-layout-0294bfdf wp-block-buttons-is-layout-flex\" style=\"margin-top:20px\">\n<div class=\"wp-block-button mon-bouton2\"><a class=\"wp-block-button__link has-border-color has-primary-border-color has-open-sans-font-family has-custom-font-size wp-element-button\" href=\"https:\/\/www.secure-hotel-booking.com\/d-edge\/sa-antin\/JLDY\/1996\/fr\" style=\"border-width:1px;border-radius:3px;font-size:clamp(14px, 0.875rem + ((1vw - 3.2px) * 0.114), 15px);font-style:normal;font-weight:600;letter-spacing:1px\" target=\"_blank\" rel=\"noopener\">RESERVE AGORA<\/a><\/div>\n<\/div>\n\n\n\n<div style=\"height:30px\" aria-hidden=\"true\" class=\"wp-block-spacer tw-md-hidden tw-lg-hidden\"><\/div>\n<\/div>\n<\/div>\n","protected":false},"excerpt":{"rendered":"<p>Quartos &amp; Su\u00edtes Descubra nossos 35 quartos e su\u00edtes no cora\u00e7\u00e3o do Od\u00e9on, a primeira das seis categorias de quartos dispon\u00edveis no Od\u00e9on Hotel, que oferecem uma apar\u00eancia limpa e fresca, incluindo todos os servi\u00e7os e comodidades necess\u00e1rios para uma estadia tranquila e confort\u00e1vel no centro de Paris. Quarto de Casal Classic Quarto de Casal [&hellip;]<\/p>\n","protected":false},"author":1,"featured_media":23336,"parent":0,"menu_order":0,"comment_status":"closed","ping_status":"closed","template":"","meta":{"footnotes":""},"class_list":["post-8196","page","type-page","status-publish","has-post-thumbnail","hentry"],"_links":{"self":[{"href":"https:\/\/www.odeonhotel.fr\/pt-pt\/wp-json\/wp\/v2\/pages\/8196","targetHints":{"allow":["GET"]}}],"collection":[{"href":"https:\/\/www.odeonhotel.fr\/pt-pt\/wp-json\/wp\/v2\/pages"}],"about":[{"href":"https:\/\/www.odeonhotel.fr\/pt-pt\/wp-json\/wp\/v2\/types\/page"}],"author":[{"embeddable":true,"href":"https:\/\/www.odeonhotel.fr\/pt-pt\/wp-json\/wp\/v2\/users\/1"}],"replies":[{"embeddable":true,"href":"https:\/\/www.odeonhotel.fr\/pt-pt\/wp-json\/wp\/v2\/comments?post=8196"}],"version-history":[{"count":12,"href":"https:\/\/www.odeonhotel.fr\/pt-pt\/wp-json\/wp\/v2\/pages\/8196\/revisions"}],"predecessor-version":[{"id":25590,"href":"https:\/\/www.odeonhotel.fr\/pt-pt\/wp-json\/wp\/v2\/pages\/8196\/revisions\/25590"}],"wp:featuredmedia":[{"embeddable":true,"href":"https:\/\/www.odeonhotel.fr\/pt-pt\/wp-json\/wp\/v2\/media\/23336"}],"wp:attachment":[{"href":"https:\/\/www.odeonhotel.fr\/pt-pt\/wp-json\/wp\/v2\/media?parent=8196"}],"curies":[{"name":"wp","href":"https:\/\/api.w.org\/{rel}","templated":true}]}}