{"id":8306,"date":"2023-05-16T12:43:37","date_gmt":"2023-05-16T10:43:37","guid":{"rendered":"http:\/\/www.laperle.tess5418.odns.fr\/visitar-paris\/vida-noturna\/"},"modified":"2025-10-06T23:55:06","modified_gmt":"2025-10-06T21:55:06","slug":"vida-noturna","status":"publish","type":"page","link":"https:\/\/www.odeonhotel.fr\/pt-pt\/visitar-paris\/vida-noturna\/","title":{"rendered":"Vida noturna"},"content":{"rendered":"\n<p class=\"has-text-align-justify\">Descobre a encantadora vida nocturna da Margem Esquerda em Paris. Esse bairro hist\u00f3rico ganha vida ap\u00f3s o anoitecer com seus caf\u00e9s, bares de vinho aconchegantes e animados clubes de jazz. Mergulha na atmosfera bo\u00e9mia, saboreando deliciosos cocktails, m\u00fasica ao vivo e noites inesquec\u00edveis num dos bairros mais emblem\u00e1ticos da cidade.<\/p>\n\n<div class=\"wp-block-query is-layout-flow wp-block-query-is-layout-flow\"><ul class=\"columns-3 wp-block-post-template is-layout-grid wp-container-core-post-template-is-layout-6d3fbd8f wp-block-post-template-is-layout-grid\"><li class=\"wp-block-post post-8634 post type-post status-publish format-standard has-post-thumbnail hentry category-vida-noturna-pt-pt\">\n<figure class=\"bordure-doree image-zoom wp-block-post-featured-image\"><a href=\"https:\/\/www.odeonhotel.fr\/pt-pt\/vida-noturna-pt-pt\/fubar\/\" target=\"_self\"  ><img decoding=\"async\" width=\"1920\" height=\"965\" src=\"https:\/\/www.odeonhotel.fr\/wp-content\/uploads\/2016\/05\/LE-TIGER.jpg\" class=\"attachment-post-thumbnail size-post-thumbnail wp-post-image\" alt=\"Le Tiger\" style=\"object-fit:cover;\" srcset=\"https:\/\/www.odeonhotel.fr\/wp-content\/uploads\/2016\/05\/LE-TIGER.jpg 1920w, https:\/\/www.odeonhotel.fr\/wp-content\/uploads\/2016\/05\/LE-TIGER-300x151.jpg 300w, https:\/\/www.odeonhotel.fr\/wp-content\/uploads\/2016\/05\/LE-TIGER-1024x515.jpg 1024w, https:\/\/www.odeonhotel.fr\/wp-content\/uploads\/2016\/05\/LE-TIGER-768x386.jpg 768w, https:\/\/www.odeonhotel.fr\/wp-content\/uploads\/2016\/05\/LE-TIGER-1536x772.jpg 1536w\" sizes=\"(max-width: 1920px) 100vw, 1920px\" title=\"\"><\/a><\/figure>\n\n<h2 class=\"has-text-align-center has-link-color wp-elements-ec4dad56195e23fcce3ffc0f4f79024b wp-block-post-title has-medium-font-size\"><a href=\"https:\/\/www.odeonhotel.fr\/pt-pt\/vida-noturna-pt-pt\/fubar\/\" target=\"_self\" >Le Tiger<\/a><\/h2>\n<\/li><li class=\"wp-block-post post-8988 post type-post status-publish format-standard has-post-thumbnail hentry category-vida-noturna-pt-pt\">\n<figure class=\"bordure-doree image-zoom wp-block-post-featured-image\"><a href=\"https:\/\/www.odeonhotel.fr\/pt-pt\/vida-noturna-pt-pt\/la-prescription\/\" target=\"_self\"  ><img decoding=\"async\" width=\"1920\" height=\"965\" src=\"https:\/\/www.odeonhotel.fr\/wp-content\/uploads\/2016\/05\/LA-PRESCRIPTION.jpg\" class=\"attachment-post-thumbnail size-post-thumbnail wp-post-image\" alt=\"La Prescription\" style=\"object-fit:cover;\" srcset=\"https:\/\/www.odeonhotel.fr\/wp-content\/uploads\/2016\/05\/LA-PRESCRIPTION.jpg 1920w, https:\/\/www.odeonhotel.fr\/wp-content\/uploads\/2016\/05\/LA-PRESCRIPTION-300x151.jpg 300w, https:\/\/www.odeonhotel.fr\/wp-content\/uploads\/2016\/05\/LA-PRESCRIPTION-1024x515.jpg 1024w, https:\/\/www.odeonhotel.fr\/wp-content\/uploads\/2016\/05\/LA-PRESCRIPTION-768x386.jpg 768w, https:\/\/www.odeonhotel.fr\/wp-content\/uploads\/2016\/05\/LA-PRESCRIPTION-1536x772.jpg 1536w\" sizes=\"(max-width: 1920px) 100vw, 1920px\" title=\"\"><\/a><\/figure>\n\n<h2 class=\"has-text-align-center has-link-color wp-elements-ec4dad56195e23fcce3ffc0f4f79024b wp-block-post-title has-medium-font-size\"><a href=\"https:\/\/www.odeonhotel.fr\/pt-pt\/vida-noturna-pt-pt\/la-prescription\/\" target=\"_self\" >La Prescription<\/a><\/h2>\n<\/li><li class=\"wp-block-post post-9004 post type-post status-publish format-standard has-post-thumbnail hentry category-vida-noturna-pt-pt\">\n<figure class=\"bordure-doree image-zoom wp-block-post-featured-image\"><a href=\"https:\/\/www.odeonhotel.fr\/pt-pt\/vida-noturna-pt-pt\/rue-guisarde-and-rue-des-canettes\/\" target=\"_self\"  ><img decoding=\"async\" width=\"1920\" height=\"965\" src=\"https:\/\/www.odeonhotel.fr\/wp-content\/uploads\/2016\/05\/PARIS-LATIN.jpg\" class=\"attachment-post-thumbnail size-post-thumbnail wp-post-image\" alt=\"Le Paradis Latin\" style=\"object-fit:cover;\" srcset=\"https:\/\/www.odeonhotel.fr\/wp-content\/uploads\/2016\/05\/PARIS-LATIN.jpg 1920w, https:\/\/www.odeonhotel.fr\/wp-content\/uploads\/2016\/05\/PARIS-LATIN-300x151.jpg 300w, https:\/\/www.odeonhotel.fr\/wp-content\/uploads\/2016\/05\/PARIS-LATIN-1024x515.jpg 1024w, https:\/\/www.odeonhotel.fr\/wp-content\/uploads\/2016\/05\/PARIS-LATIN-768x386.jpg 768w, https:\/\/www.odeonhotel.fr\/wp-content\/uploads\/2016\/05\/PARIS-LATIN-1536x772.jpg 1536w\" sizes=\"(max-width: 1920px) 100vw, 1920px\" title=\"\"><\/a><\/figure>\n\n<h2 class=\"has-text-align-center has-link-color wp-elements-ec4dad56195e23fcce3ffc0f4f79024b wp-block-post-title has-medium-font-size\"><a href=\"https:\/\/www.odeonhotel.fr\/pt-pt\/vida-noturna-pt-pt\/rue-guisarde-and-rue-des-canettes\/\" target=\"_self\" >Le Paradis Latin<\/a><\/h2>\n<\/li><li class=\"wp-block-post post-9021 post type-post status-publish format-standard has-post-thumbnail hentry category-vida-noturna-pt-pt\">\n<figure class=\"bordure-doree image-zoom wp-block-post-featured-image\"><a href=\"https:\/\/www.odeonhotel.fr\/pt-pt\/vida-noturna-pt-pt\/chez-georges\/\" target=\"_self\"  ><img decoding=\"async\" width=\"1920\" height=\"965\" src=\"https:\/\/www.odeonhotel.fr\/wp-content\/uploads\/2016\/05\/Rue_Canettes.jpg\" class=\"attachment-post-thumbnail size-post-thumbnail wp-post-image\" alt=\"Rue Guisarde and Rue des Canettes\" style=\"object-fit:cover;\" srcset=\"https:\/\/www.odeonhotel.fr\/wp-content\/uploads\/2016\/05\/Rue_Canettes.jpg 1920w, https:\/\/www.odeonhotel.fr\/wp-content\/uploads\/2016\/05\/Rue_Canettes-300x151.jpg 300w, https:\/\/www.odeonhotel.fr\/wp-content\/uploads\/2016\/05\/Rue_Canettes-1024x515.jpg 1024w, https:\/\/www.odeonhotel.fr\/wp-content\/uploads\/2016\/05\/Rue_Canettes-768x386.jpg 768w, https:\/\/www.odeonhotel.fr\/wp-content\/uploads\/2016\/05\/Rue_Canettes-1536x772.jpg 1536w\" sizes=\"(max-width: 1920px) 100vw, 1920px\" title=\"\"><\/a><\/figure>\n\n<h2 class=\"has-text-align-center has-link-color wp-elements-ec4dad56195e23fcce3ffc0f4f79024b wp-block-post-title has-medium-font-size\"><a href=\"https:\/\/www.odeonhotel.fr\/pt-pt\/vida-noturna-pt-pt\/chez-georges\/\" target=\"_self\" >Rue Guisarde and Rue des Canettes<\/a><\/h2>\n<\/li><li class=\"wp-block-post post-9035 post type-post status-publish format-standard has-post-thumbnail hentry category-vida-noturna-pt-pt\">\n<figure class=\"bordure-doree image-zoom wp-block-post-featured-image\"><a href=\"https:\/\/www.odeonhotel.fr\/pt-pt\/vida-noturna-pt-pt\/ducs-des-lombards\/\" target=\"_self\"  ><img decoding=\"async\" width=\"1920\" height=\"965\" src=\"https:\/\/www.odeonhotel.fr\/wp-content\/uploads\/2016\/05\/DUC-DES-LOMBARDS.jpg\" class=\"attachment-post-thumbnail size-post-thumbnail wp-post-image\" alt=\"Ducs des Lombards\" style=\"object-fit:cover;\" srcset=\"https:\/\/www.odeonhotel.fr\/wp-content\/uploads\/2016\/05\/DUC-DES-LOMBARDS.jpg 1920w, https:\/\/www.odeonhotel.fr\/wp-content\/uploads\/2016\/05\/DUC-DES-LOMBARDS-300x151.jpg 300w, https:\/\/www.odeonhotel.fr\/wp-content\/uploads\/2016\/05\/DUC-DES-LOMBARDS-1024x515.jpg 1024w, https:\/\/www.odeonhotel.fr\/wp-content\/uploads\/2016\/05\/DUC-DES-LOMBARDS-768x386.jpg 768w, https:\/\/www.odeonhotel.fr\/wp-content\/uploads\/2016\/05\/DUC-DES-LOMBARDS-1536x772.jpg 1536w\" sizes=\"(max-width: 1920px) 100vw, 1920px\" title=\"\"><\/a><\/figure>\n\n<h2 class=\"has-text-align-center has-link-color wp-elements-ec4dad56195e23fcce3ffc0f4f79024b wp-block-post-title has-medium-font-size\"><a href=\"https:\/\/www.odeonhotel.fr\/pt-pt\/vida-noturna-pt-pt\/ducs-des-lombards\/\" target=\"_self\" >Ducs des Lombards<\/a><\/h2>\n<\/li><li class=\"wp-block-post post-9051 post type-post status-publish format-standard has-post-thumbnail hentry category-vida-noturna-pt-pt\">\n<figure class=\"bordure-doree image-zoom wp-block-post-featured-image\"><a href=\"https:\/\/www.odeonhotel.fr\/pt-pt\/vida-noturna-pt-pt\/le-caveau-de-la-huchette\/\" target=\"_self\"  ><img decoding=\"async\" width=\"1920\" height=\"965\" src=\"https:\/\/www.odeonhotel.fr\/wp-content\/uploads\/2016\/05\/CAVEAU-DE-LA-HUCHETTE.jpg\" class=\"attachment-post-thumbnail size-post-thumbnail wp-post-image\" alt=\"Le Caveau de la Huchette\" style=\"object-fit:cover;\" srcset=\"https:\/\/www.odeonhotel.fr\/wp-content\/uploads\/2016\/05\/CAVEAU-DE-LA-HUCHETTE.jpg 1920w, https:\/\/www.odeonhotel.fr\/wp-content\/uploads\/2016\/05\/CAVEAU-DE-LA-HUCHETTE-300x151.jpg 300w, https:\/\/www.odeonhotel.fr\/wp-content\/uploads\/2016\/05\/CAVEAU-DE-LA-HUCHETTE-1024x515.jpg 1024w, https:\/\/www.odeonhotel.fr\/wp-content\/uploads\/2016\/05\/CAVEAU-DE-LA-HUCHETTE-768x386.jpg 768w, https:\/\/www.odeonhotel.fr\/wp-content\/uploads\/2016\/05\/CAVEAU-DE-LA-HUCHETTE-1536x772.jpg 1536w\" sizes=\"(max-width: 1920px) 100vw, 1920px\" title=\"\"><\/a><\/figure>\n\n<h2 class=\"has-text-align-center has-link-color wp-elements-ec4dad56195e23fcce3ffc0f4f79024b wp-block-post-title has-medium-font-size\"><a href=\"https:\/\/www.odeonhotel.fr\/pt-pt\/vida-noturna-pt-pt\/le-caveau-de-la-huchette\/\" target=\"_self\" >Le Caveau de la Huchette<\/a><\/h2>\n<\/li><\/ul>\n\n<\/div>\n","protected":false},"excerpt":{"rendered":"<p>Descobre a encantadora vida nocturna da Margem Esquerda em Paris. Esse bairro hist\u00f3rico ganha vida ap\u00f3s o anoitecer com seus caf\u00e9s, bares de vinho aconchegantes e animados clubes de jazz. Mergulha na atmosfera bo\u00e9mia, saboreando deliciosos cocktails, m\u00fasica ao vivo e noites inesquec\u00edveis num dos bairros mais emblem\u00e1ticos da cidade.<\/p>\n","protected":false},"author":1,"featured_media":15600,"parent":8260,"menu_order":6,"comment_status":"closed","ping_status":"closed","template":"wp-custom-template-le-template-des-chambres","meta":{"footnotes":""},"class_list":["post-8306","page","type-page","status-publish","has-post-thumbnail","hentry"],"_links":{"self":[{"href":"https:\/\/www.odeonhotel.fr\/pt-pt\/wp-json\/wp\/v2\/pages\/8306","targetHints":{"allow":["GET"]}}],"collection":[{"href":"https:\/\/www.odeonhotel.fr\/pt-pt\/wp-json\/wp\/v2\/pages"}],"about":[{"href":"https:\/\/www.odeonhotel.fr\/pt-pt\/wp-json\/wp\/v2\/types\/page"}],"author":[{"embeddable":true,"href":"https:\/\/www.odeonhotel.fr\/pt-pt\/wp-json\/wp\/v2\/users\/1"}],"replies":[{"embeddable":true,"href":"https:\/\/www.odeonhotel.fr\/pt-pt\/wp-json\/wp\/v2\/comments?post=8306"}],"version-history":[{"count":4,"href":"https:\/\/www.odeonhotel.fr\/pt-pt\/wp-json\/wp\/v2\/pages\/8306\/revisions"}],"predecessor-version":[{"id":20928,"href":"https:\/\/www.odeonhotel.fr\/pt-pt\/wp-json\/wp\/v2\/pages\/8306\/revisions\/20928"}],"up":[{"embeddable":true,"href":"https:\/\/www.odeonhotel.fr\/pt-pt\/wp-json\/wp\/v2\/pages\/8260"}],"wp:featuredmedia":[{"embeddable":true,"href":"https:\/\/www.odeonhotel.fr\/pt-pt\/wp-json\/wp\/v2\/media\/15600"}],"wp:attachment":[{"href":"https:\/\/www.odeonhotel.fr\/pt-pt\/wp-json\/wp\/v2\/media?parent=8306"}],"curies":[{"name":"wp","href":"https:\/\/api.w.org\/{rel}","templated":true}]}}