{"id":8341,"date":"2023-05-05T12:46:44","date_gmt":"2023-05-05T10:46:44","guid":{"rendered":"http:\/\/www.laperle.tess5418.odns.fr\/servicos\/"},"modified":"2026-04-07T11:52:13","modified_gmt":"2026-04-07T09:52:13","slug":"servicos","status":"publish","type":"page","link":"https:\/\/www.odeonhotel.fr\/pt-pt\/servicos\/","title":{"rendered":"Servi\u00e7os"},"content":{"rendered":"\n<h1 class=\"wp-block-heading has-text-align-center\" style=\"margin-top:0;margin-right:0;margin-bottom:0;margin-left:0;padding-top:var(--wp--preset--spacing--50);padding-right:0;padding-bottom:0;padding-left:0;font-size:clamp(30.693px, 1.918rem + ((1vw - 3.2px) * 2.649), 54px);letter-spacing:-1px\">Servi\u00e7os do Hotel<\/h1>\n\n<div class=\"wp-block-columns is-layout-flex wp-container-core-columns-is-layout-66a182f9 wp-block-columns-is-layout-flex\" style=\"margin-top:0;margin-bottom:0;padding-top:var(--wp--preset--spacing--30);padding-right:0;padding-bottom:var(--wp--preset--spacing--40);padding-left:0\">\n<div class=\"wp-block-column is-layout-flow wp-block-column-is-layout-flow\"><\/div>\n\n\n\n<div class=\"wp-block-column is-layout-flow wp-block-column-is-layout-flow\" style=\"--col-width:60%;flex-basis:60%\">\n<p class=\"has-text-align-center\" style=\"padding-right:var(--wp--preset--spacing--30);padding-left:var(--wp--preset--spacing--30)\">Servi\u00e7os de qualidade combinados com a atmosfera parisiense para uma estadia memor\u00e1vel na capital francesa. Todos os nossos quartos t\u00eam acesso Wi-Fi gratuito. N\u00e3o temos quartos adaptados para pessoas com mobilidade reduzida. Um espa\u00e7o de coworking est\u00e1 \u00e0 sua disposi\u00e7\u00e3o a partir das 11h todos os dias na nossa sala de pequenos-almo\u00e7os.   <\/p>\n<\/div>\n\n\n\n<div class=\"wp-block-column is-layout-flow wp-block-column-is-layout-flow\"><\/div>\n<\/div>\n\n<div style=\"height:19px\" aria-hidden=\"true\" class=\"wp-block-spacer\"><\/div>\n\n<div class=\"wp-block-columns is-layout-flex wp-container-core-columns-is-layout-960d6821 wp-block-columns-is-layout-flex tw-block-animation tw-animation-fade-in-up tw-duration-5\" style=\"margin-top:0;margin-bottom:var(--wp--preset--spacing--40);padding-top:0;padding-right:0;padding-bottom:0;padding-left:0\">\n<div class=\"wp-block-column is-layout-flow wp-container-core-column-is-layout-43f3b71b wp-block-column-is-layout-flow\" style=\"--col-width:55%;padding-top:var(--wp--preset--spacing--30);padding-right:0;padding-bottom:0;padding-left:0;flex-basis:55%\">\n<h2 class=\"wp-block-heading has-text-align-left tw-lg-hidden tw-md-hidden has-primary-color has-text-color has-link-color wp-elements-93709a10b6d5a1842a85f3a02fbd7157\" style=\"margin-top:0;margin-bottom:15px;padding-top:0;padding-bottom:0;padding-left:var(--wp--preset--spacing--30);font-size:clamp(21.536px, 1.346rem + ((1vw - 3.2px) * 1.53), 35px);letter-spacing:-1px\">Servi\u00e7o de recep\u00e7\u00e3o e bagagem<\/h2>\n\n\n\n<div class=\"wp-block-cover aligncenter is-light\" style=\"margin-top:0;margin-bottom:0;padding-top:0;padding-bottom:0;min-height:500px;aspect-ratio:unset;\"><img decoding=\"async\" width=\"830\" height=\"520\" sizes=\"(max-width: 799px) 200vw, (max-width: 830px) 100vw, 830px\" class=\"wp-block-cover__image-background wp-image-22852\" alt=\"\" src=\"http:\/\/odeonhotel.fr\/wp-content\/uploads\/2025\/10\/Reception-odeon-hotel-paris.jpg\" data-object-fit=\"cover\" title=\"\" srcset=\"https:\/\/www.odeonhotel.fr\/wp-content\/uploads\/2025\/10\/Reception-odeon-hotel-paris.jpg 830w, https:\/\/www.odeonhotel.fr\/wp-content\/uploads\/2025\/10\/Reception-odeon-hotel-paris-300x188.jpg 300w, https:\/\/www.odeonhotel.fr\/wp-content\/uploads\/2025\/10\/Reception-odeon-hotel-paris-768x481.jpg 768w\" \/><span aria-hidden=\"true\" class=\"wp-block-cover__background has-background-dim-0 has-background-dim\"><\/span><div class=\"wp-block-cover__inner-container is-layout-flow wp-block-cover-is-layout-flow\">\n<p class=\"has-text-align-center has-large-font-size\"><\/p>\n<\/div><\/div>\n<\/div>\n\n\n\n<div class=\"wp-block-column is-vertically-aligned-center is-layout-flow wp-container-core-column-is-layout-96d94fa1 wp-block-column-is-layout-flow\" style=\"padding-top:0;padding-right:var(--wp--preset--spacing--30);padding-bottom:0;padding-left:var(--wp--preset--spacing--30)\">\n<h2 class=\"wp-block-heading has-text-align-left tw-sm-hidden has-primary-color has-text-color has-link-color wp-elements-05987213065bf3e099bbd44f46f967ed\" style=\"margin-top:0;margin-bottom:10px;padding-top:0;padding-bottom:0;font-size:clamp(21.536px, 1.346rem + ((1vw - 3.2px) * 1.53), 35px);letter-spacing:-1px\">Servi\u00e7o de recep\u00e7\u00e3o e bagagem<\/h2>\n\n\n\n<p style=\"margin-top:15px;margin-bottom:0px;padding-top:0;padding-bottom:0\">Os funcion\u00e1rios do ODEON HOTEL estar\u00e3o ao seu dispor quando voc\u00ea fizer a sua reserva e durante a sua estadia, para garantir que o tempo que voc\u00ea passe como h\u00f3spede seja o mais satisfat\u00f3rio, organizado e agrad\u00e1vel poss\u00edvel. Aconselhamos voc\u00ea sobre as melhores maneiras de aproveitar Paris ao m\u00e1ximo e compartilhamos com voc\u00ea nosso profundo conhecimento sobre os locais de interesse essenciais em Saint-Germain des Pr\u00e8s. <\/p>\n\n\n\n<p style=\"margin-top:10px;margin-bottom:10px;padding-top:0;padding-bottom:0\">As nossas equipas ter\u00e3o todo o prazer em ajud\u00e1-lo com as suas malas \u00e0 chegada ou \u00e0 partida.<\/p>\n\n\n\n<p style=\"margin-top:0px;margin-bottom:15px;padding-top:0;padding-bottom:0\">O dep\u00f3sito de bagagem est\u00e1 \u00e0 sua disposi\u00e7\u00e3o. Garantimos a seguran\u00e7a de sua bagagem durante sua aus\u00eancia. <\/p>\n\n\n\n<details class=\"wp-block-details is-layout-flow wp-container-core-details-is-layout-dff4594b wp-block-details-is-layout-flow\" style=\"margin-top:10px;margin-bottom:0;padding-top:0;padding-bottom:0\"><summary>LEIA MAIS<\/summary>\n<p style=\"margin-top:0;margin-bottom:10px;padding-top:0px;padding-bottom:0px\">Compras, gastronomia, cultura: sejam quais for as suas vontades, revelamos a voc\u00ea os lugares para voc\u00ea n\u00e3o perder nesta parte da capital. Para ajudar na organiza\u00e7\u00e3o de suas viagens, transfer\u00eancias, reservas em restaurantes e passeios ao teatro ou museu, tamb\u00e9m oferecemos um servi\u00e7o de concierge.<\/p>\n<\/details>\n\n\n\n<div style=\"height:30px\" aria-hidden=\"true\" class=\"wp-block-spacer tw-md-hidden tw-lg-hidden\"><\/div>\n<\/div>\n<\/div>\n\n<div class=\"wp-block-columns is-layout-flex wp-container-core-columns-is-layout-960d6821 wp-block-columns-is-layout-flex tw-block-animation tw-animation-fade-in-up tw-duration-5\" style=\"margin-top:0;margin-bottom:var(--wp--preset--spacing--40);padding-top:0;padding-right:0;padding-bottom:0;padding-left:0\">\n<div class=\"wp-block-column tw-lg-hidden tw-md-hidden is-layout-flow wp-container-core-column-is-layout-f016c79b wp-block-column-is-layout-flow\" style=\"--col-width:55%;padding-top:0;padding-right:0;padding-bottom:0;padding-left:0;flex-basis:55%\">\n<h2 class=\"wp-block-heading has-text-align-left tw-lg-hidden tw-md-hidden has-primary-color has-text-color has-link-color wp-elements-4859b2df701b4e04bd1dbeb604f43baf\" style=\"margin-top:0;margin-bottom:15px;padding-top:0;padding-bottom:0;padding-left:var(--wp--preset--spacing--30);font-size:clamp(21.536px, 1.346rem + ((1vw - 3.2px) * 1.53), 35px);letter-spacing:-1px\">Servi\u00e7os de concierge<\/h2>\n\n\n\n<div class=\"wp-block-cover aligncenter is-light\" style=\"margin-top:0;margin-bottom:0;padding-top:0;padding-bottom:0;min-height:500px;aspect-ratio:unset;\"><img decoding=\"async\" width=\"830\" height=\"520\" sizes=\"(max-width: 799px) 200vw, (max-width: 830px) 100vw, 830px\" class=\"wp-block-cover__image-background wp-image-22844 size-full\" alt=\"\" src=\"http:\/\/odeonhotel.fr\/wp-content\/uploads\/2025\/10\/Conciergerie-odeon-hotel-paris.jpg\" data-object-fit=\"cover\" title=\"\" srcset=\"https:\/\/www.odeonhotel.fr\/wp-content\/uploads\/2025\/10\/Conciergerie-odeon-hotel-paris.jpg 830w, https:\/\/www.odeonhotel.fr\/wp-content\/uploads\/2025\/10\/Conciergerie-odeon-hotel-paris-300x188.jpg 300w, https:\/\/www.odeonhotel.fr\/wp-content\/uploads\/2025\/10\/Conciergerie-odeon-hotel-paris-768x481.jpg 768w\" \/><span aria-hidden=\"true\" class=\"wp-block-cover__background has-background-dim-0 has-background-dim\" style=\"background-color:#b1937f\"><\/span><div class=\"wp-block-cover__inner-container is-layout-flow wp-block-cover-is-layout-flow\">\n<p class=\"has-text-align-center has-large-font-size\"><\/p>\n<\/div><\/div>\n<\/div>\n\n\n\n<div class=\"wp-block-column is-vertically-aligned-center is-layout-flow wp-container-core-column-is-layout-96d94fa1 wp-block-column-is-layout-flow\" style=\"padding-top:0;padding-right:var(--wp--preset--spacing--30);padding-bottom:0;padding-left:var(--wp--preset--spacing--30)\">\n<h2 class=\"wp-block-heading has-text-align-left tw-sm-hidden has-primary-color has-text-color has-link-color wp-elements-a4887f093e2f11209f00ed417615b8ca\" style=\"margin-top:0;margin-bottom:10px;padding-top:0;padding-bottom:0;font-size:clamp(21.536px, 1.346rem + ((1vw - 3.2px) * 1.53), 35px);letter-spacing:-1px\">Servi\u00e7os de concierge<\/h2>\n\n\n\n<p style=\"margin-top:15px;margin-bottom:10px;padding-top:0;padding-bottom:0\">Nuestro servicio de conserjer\u00eda garantiza el buen desarrollo de su estancia de principio a fin.<\/p>\n\n\n\n<p style=\"margin-top:0;margin-bottom:0;padding-top:0;padding-bottom:0\">Nuestro equipo est\u00e1 presente 24 horas al d\u00eda, 7 d\u00edas a la semana, escucha sus solicitudes y lo orienta en sus reservas: restaurantes, visitas tur\u00edsticas, taxis, entradas para un evento, servicio de ni\u00f1era, masaje o peluquer\u00eda en su habitaci\u00f3n. Antes de su llegada o durante su estancia, ella est\u00e1 a su completa disposici\u00f3n para asesorarle y ayudarle en la organizaci\u00f3n de sus traslados al aeropuerto, visitas guiadas, cambio de moneda, etc. <\/p>\n\n\n\n<p style=\"margin-top:10px;padding-top:0\"><\/p>\n\n\n\n<div class=\"wp-block-buttons is-content-justification-left is-layout-flex wp-container-core-buttons-is-layout-0294bfdf wp-block-buttons-is-layout-flex\" style=\"margin-top:20px\">\n<div class=\"wp-block-button mon-bouton2\"><a class=\"wp-block-button__link has-border-color has-primary-border-color has-open-sans-font-family has-custom-font-size wp-element-button\" href=\"https:\/\/www.secure-hotel-booking.com\/d-edge\/sa-antin\/JLDY\/1996\/fr\" style=\"border-width:1px;border-radius:3px;font-size:clamp(14px, 0.875rem + ((1vw - 3.2px) * 0.114), 15px);font-style:normal;font-weight:600;letter-spacing:1px\" target=\"_blank\" rel=\"noopener\">RESERVE AGORA<\/a><\/div>\n<\/div>\n\n\n\n<div style=\"height:30px\" aria-hidden=\"true\" class=\"wp-block-spacer tw-md-hidden tw-lg-hidden\"><\/div>\n<\/div>\n\n\n\n<div class=\"wp-block-column tw-sm-hidden is-layout-flow wp-block-column-is-layout-flow\" style=\"--col-width:55%;padding-right:0;padding-left:0;flex-basis:55%\">\n<h2 class=\"wp-block-heading has-text-align-left tw-lg-hidden tw-md-hidden has-primary-color has-text-color has-link-color wp-elements-47559d854d2048add543227f836aadbf\" style=\"margin-top:0;margin-bottom:15px;padding-top:0;padding-bottom:0;font-size:clamp(21.536px, 1.346rem + ((1vw - 3.2px) * 1.53), 35px);letter-spacing:-1px\">Servi\u00e7os de concierge<\/h2>\n\n\n\n<div class=\"wp-block-cover aligncenter is-light\" style=\"min-height:500px;aspect-ratio:unset;\"><img decoding=\"async\" width=\"830\" height=\"520\" sizes=\"(max-width: 799px) 200vw, (max-width: 830px) 100vw, 830px\" class=\"wp-block-cover__image-background wp-image-22844 size-full\" alt=\"\" src=\"http:\/\/odeonhotel.fr\/wp-content\/uploads\/2025\/10\/Conciergerie-odeon-hotel-paris.jpg\" data-object-fit=\"cover\" title=\"\" srcset=\"https:\/\/www.odeonhotel.fr\/wp-content\/uploads\/2025\/10\/Conciergerie-odeon-hotel-paris.jpg 830w, https:\/\/www.odeonhotel.fr\/wp-content\/uploads\/2025\/10\/Conciergerie-odeon-hotel-paris-300x188.jpg 300w, https:\/\/www.odeonhotel.fr\/wp-content\/uploads\/2025\/10\/Conciergerie-odeon-hotel-paris-768x481.jpg 768w\" \/><span aria-hidden=\"true\" class=\"wp-block-cover__background has-background-dim-0 has-background-dim\" style=\"background-color:#b1937f\"><\/span><div class=\"wp-block-cover__inner-container is-layout-flow wp-block-cover-is-layout-flow\">\n<p class=\"has-text-align-center has-large-font-size\"><\/p>\n<\/div><\/div>\n<\/div>\n<\/div>\n\n<div class=\"wp-block-columns is-layout-flex wp-container-core-columns-is-layout-960d6821 wp-block-columns-is-layout-flex tw-block-animation tw-animation-fade-in-up tw-duration-5\" style=\"margin-top:0;margin-bottom:var(--wp--preset--spacing--40);padding-top:0;padding-right:0;padding-bottom:0;padding-left:0\">\n<div class=\"wp-block-column is-vertically-aligned-center is-layout-flow wp-container-core-column-is-layout-f016c79b wp-block-column-is-layout-flow\" style=\"--col-width:55%;padding-top:0;padding-right:0;padding-bottom:0;padding-left:0;flex-basis:55%\">\n<h2 class=\"wp-block-heading has-text-align-left tw-lg-hidden tw-md-hidden has-primary-color has-text-color has-link-color wp-elements-813bbf32660ec2aee67e9402c07e0d0a\" style=\"margin-top:0;margin-bottom:15px;padding-top:0;padding-bottom:0;padding-left:var(--wp--preset--spacing--30);font-size:clamp(21.536px, 1.346rem + ((1vw - 3.2px) * 1.53), 35px);letter-spacing:-1px\">Imprensa digital<\/h2>\n\n\n\n<div class=\"wp-block-cover aligncenter is-light\" style=\"margin-top:0;margin-bottom:0;padding-top:0;padding-bottom:0;min-height:500px;aspect-ratio:unset;\"><img decoding=\"async\" width=\"830\" height=\"520\" sizes=\"(max-width: 799px) 200vw, (max-width: 830px) 100vw, 830px\" class=\"wp-block-cover__image-background wp-image-22860 size-full\" alt=\"\" src=\"http:\/\/odeonhotel.fr\/wp-content\/uploads\/2025\/10\/Digital-press-odeon-hotel-paris.jpg\" data-object-fit=\"cover\" title=\"\" srcset=\"https:\/\/www.odeonhotel.fr\/wp-content\/uploads\/2025\/10\/Digital-press-odeon-hotel-paris.jpg 830w, https:\/\/www.odeonhotel.fr\/wp-content\/uploads\/2025\/10\/Digital-press-odeon-hotel-paris-300x188.jpg 300w, https:\/\/www.odeonhotel.fr\/wp-content\/uploads\/2025\/10\/Digital-press-odeon-hotel-paris-768x481.jpg 768w\" \/><span aria-hidden=\"true\" class=\"wp-block-cover__background has-background-dim-0 has-background-dim\" style=\"background-color:#acaaa3\"><\/span><div class=\"wp-block-cover__inner-container is-layout-flow wp-block-cover-is-layout-flow\">\n<p class=\"has-text-align-center has-large-font-size\"><\/p>\n<\/div><\/div>\n<\/div>\n\n\n\n<div class=\"wp-block-column is-vertically-aligned-center is-layout-flow wp-container-core-column-is-layout-96d94fa1 wp-block-column-is-layout-flow\" style=\"padding-top:0;padding-right:var(--wp--preset--spacing--30);padding-bottom:0;padding-left:var(--wp--preset--spacing--30)\">\n<h2 class=\"wp-block-heading has-text-align-left tw-sm-hidden has-primary-color has-text-color has-link-color wp-elements-b83cb6cb770eaca4e642d32b16583162\" style=\"margin-top:0;margin-bottom:10px;padding-top:0;padding-bottom:0;font-size:clamp(21.536px, 1.346rem + ((1vw - 3.2px) * 1.53), 35px);letter-spacing:-1px\">Imprensa digital<\/h2>\n\n\n\n<p style=\"margin-top:15px;margin-bottom:15px;padding-top:0;padding-bottom:0\">Durante a sua estadia oferecemos-lhe acesso digital ilimitado \u00e0 imprensa e revistas nacionais e internacionais com mais de 7.000 publica\u00e7\u00f5es de qualidade de todo o mundo.<\/p>\n\n\n\n<p style=\"margin-top:15px;margin-bottom:15px;padding-top:0;padding-bottom:0\">Desejamos-lhe uma boa leitura!<\/p>\n\n\n\n<div style=\"height:30px\" aria-hidden=\"true\" class=\"wp-block-spacer tw-md-hidden tw-lg-hidden\"><\/div>\n<\/div>\n<\/div>\n\n<div class=\"wp-block-columns is-layout-flex wp-container-core-columns-is-layout-960d6821 wp-block-columns-is-layout-flex tw-block-animation tw-animation-fade-in-up tw-duration-5\" style=\"margin-top:0;margin-bottom:var(--wp--preset--spacing--40);padding-top:0;padding-right:0;padding-bottom:0;padding-left:0\">\n<div class=\"wp-block-column is-vertically-aligned-center tw-md-hidden tw-lg-hidden is-layout-flow wp-container-core-column-is-layout-f016c79b wp-block-column-is-layout-flow\" style=\"--col-width:55%;padding-top:0;padding-right:0;padding-bottom:0;padding-left:0;flex-basis:55%\">\n<h2 class=\"wp-block-heading has-text-align-left tw-lg-hidden tw-md-hidden has-primary-color has-text-color has-link-color wp-elements-986f540551e963842346e7c4547788f1\" style=\"margin-top:0;margin-bottom:15px;padding-top:0;padding-bottom:0;padding-left:var(--wp--preset--spacing--30);font-size:clamp(21.536px, 1.346rem + ((1vw - 3.2px) * 1.53), 35px);letter-spacing:-1px\">Caf\u00e9 da manh\u00e3<\/h2>\n\n\n\n<div class=\"wp-block-cover aligncenter is-light\" style=\"margin-top:0;margin-bottom:0;padding-top:0;padding-bottom:0;min-height:500px;aspect-ratio:unset;\"><img decoding=\"async\" width=\"830\" height=\"520\" sizes=\"(max-width: 799px) 200vw, (max-width: 830px) 100vw, 830px\" class=\"wp-block-cover__image-background wp-image-22868 size-full\" alt=\"\" src=\"http:\/\/odeonhotel.fr\/wp-content\/uploads\/2025\/10\/Breakfast-odeon-hotel-paris.jpg\" data-object-fit=\"cover\" title=\"\" srcset=\"https:\/\/www.odeonhotel.fr\/wp-content\/uploads\/2025\/10\/Breakfast-odeon-hotel-paris.jpg 830w, https:\/\/www.odeonhotel.fr\/wp-content\/uploads\/2025\/10\/Breakfast-odeon-hotel-paris-300x188.jpg 300w, https:\/\/www.odeonhotel.fr\/wp-content\/uploads\/2025\/10\/Breakfast-odeon-hotel-paris-768x481.jpg 768w\" \/><span aria-hidden=\"true\" class=\"wp-block-cover__background has-background-dim-0 has-background-dim\" style=\"background-color:#baa89c\"><\/span><div class=\"wp-block-cover__inner-container is-layout-flow wp-block-cover-is-layout-flow\">\n<p class=\"has-text-align-center has-large-font-size\"><\/p>\n<\/div><\/div>\n<\/div>\n\n\n\n<div class=\"wp-block-column is-vertically-aligned-center is-layout-flow wp-container-core-column-is-layout-96d94fa1 wp-block-column-is-layout-flow\" style=\"padding-top:0;padding-right:var(--wp--preset--spacing--30);padding-bottom:0;padding-left:var(--wp--preset--spacing--30)\">\n<h2 class=\"wp-block-heading has-text-align-left tw-sm-hidden has-primary-color has-text-color has-link-color wp-elements-f9a6299e72b0e961b0d21bbc697868b9\" style=\"margin-top:0;margin-bottom:10px;padding-top:0;padding-bottom:0;font-size:clamp(21.536px, 1.346rem + ((1vw - 3.2px) * 1.53), 35px);letter-spacing:-1px\">Caf\u00e9 da manh\u00e3<\/h2>\n\n\n\n<p style=\"margin-top:15px;margin-bottom:15px;padding-top:0;padding-bottom:0\">Todas as manh\u00e3s, um delicioso pequeno-almo\u00e7o continental \u00e9 servido no hist\u00f3rico sal\u00e3o do r\u00e9s-do-ch\u00e3o, um local onde os nossos h\u00f3spedes podem desfrutar de reuni\u00f5es e relaxamento ao longo do dia, ou na privacidade do seu quarto (por um suplemento de 5\u20ac por pessoa).<\/p>\n\n\n\n<p>O pequeno-almo\u00e7o \u00e9 servido das 07:00h \u00e0s 10:30h na sala ou no quarto.<\/p>\n\n\n\n<p>O caf\u00e9 da manh\u00e3 \u00e9 gratuito se voc\u00ea reservar diretamente em nosso site. (14\u20ac se n\u00e3o inclu\u00eddo na reserva) <\/p>\n\n\n\n<p style=\"margin-top:15px;margin-bottom:15px;padding-top:0;padding-bottom:0\">Constitu\u00eddo por produtos frescos e de elevada qualidade, o nosso pequeno-almo\u00e7o inclui:<\/p>\n\n\n\n<details class=\"wp-block-details is-layout-flow wp-container-core-details-is-layout-dff4594b wp-block-details-is-layout-flow\" style=\"margin-top:10px;margin-bottom:0;padding-top:0;padding-bottom:0\"><summary>LEIA MAIS<\/summary>\n<p style=\"margin-top:0;margin-bottom:0;padding-top:5px;padding-bottom:0\"><span style=\"color:#CAA02D;\"><strong>&#8211;<\/strong><\/span> Uma escolha de bebidas quentes<\/p>\n\n\n\n<p style=\"margin-top:0;margin-bottom:0;padding-top:5px;padding-bottom:0\"><span style=\"color:#CAA02D;\"><strong>&#8211;<\/strong><\/span> Suco de frutas frescas<\/p>\n\n\n\n<p style=\"margin-top:0;margin-bottom:0;padding-top:5px;padding-bottom:0\"><span style=\"color:#CAA02D;\"><strong>&#8211;<\/strong><\/span> P\u00e3es e doces do dia<\/p>\n\n\n\n<p style=\"margin-top:0;margin-bottom:0;padding-top:5px;padding-bottom:0\"><span style=\"color:#CAA02D;\"><strong>&#8211;<\/strong><\/span> Cereais<\/p>\n\n\n\n<p style=\"margin-top:0;margin-bottom:0;padding-top:5px;padding-bottom:0\"><span style=\"color:#CAA02D;\"><strong>&#8211;<\/strong><\/span> Frutas frescas<\/p>\n\n\n\n<p style=\"margin-top:0;margin-bottom:0;padding-top:5px;padding-bottom:0\"><span style=\"color:#CAA02D;\"><strong>&#8211;<\/strong><\/span> Ovos mexidos e travessa quente<\/p>\n\n\n\n<p style=\"margin-top:0;margin-bottom:0;padding-top:5px;padding-bottom:0\"><span style=\"color:#CAA02D;\"><strong>&#8211;<\/strong><\/span> Cortes frios<\/p>\n\n\n\n<p style=\"margin-top:0;margin-bottom:0;padding-top:5px;padding-bottom:0\"><span style=\"color:#CAA02D;\"><strong>&#8211;<\/strong><\/span> Queijos e iogurtes franceses<\/p>\n\n\n\n<p style=\"margin-top:0;margin-bottom:0;padding-top:5px;padding-bottom:0\"><span style=\"color:#CAA02D;\"><strong>&#8211;<\/strong><\/span> Sele\u00e7\u00e3o de produtos sem gl\u00faten mediante pedido.<\/p>\n<\/details>\n\n\n\n<div style=\"height:30px\" aria-hidden=\"true\" class=\"wp-block-spacer tw-md-hidden tw-lg-hidden\"><\/div>\n<\/div>\n\n\n\n<div class=\"wp-block-column is-vertically-aligned-center tw-sm-hidden is-layout-flow wp-container-core-column-is-layout-f016c79b wp-block-column-is-layout-flow\" style=\"--col-width:55%;padding-top:0;padding-right:0;padding-bottom:0;padding-left:0;flex-basis:55%\">\n<h2 class=\"wp-block-heading has-text-align-left tw-lg-hidden tw-md-hidden has-primary-color has-text-color has-link-color wp-elements-986f540551e963842346e7c4547788f1\" style=\"margin-top:0;margin-bottom:15px;padding-top:0;padding-bottom:0;padding-left:var(--wp--preset--spacing--30);font-size:clamp(21.536px, 1.346rem + ((1vw - 3.2px) * 1.53), 35px);letter-spacing:-1px\">Caf\u00e9 da manh\u00e3<\/h2>\n\n\n\n<div class=\"wp-block-cover aligncenter is-light\" style=\"margin-top:0;margin-bottom:0;padding-top:0;padding-bottom:0;min-height:500px;aspect-ratio:unset;\"><img decoding=\"async\" width=\"830\" height=\"520\" sizes=\"(max-width: 799px) 200vw, (max-width: 830px) 100vw, 830px\" class=\"wp-block-cover__image-background wp-image-22868 size-full\" alt=\"\" src=\"http:\/\/odeonhotel.fr\/wp-content\/uploads\/2025\/10\/Breakfast-odeon-hotel-paris.jpg\" data-object-fit=\"cover\" title=\"\" srcset=\"https:\/\/www.odeonhotel.fr\/wp-content\/uploads\/2025\/10\/Breakfast-odeon-hotel-paris.jpg 830w, https:\/\/www.odeonhotel.fr\/wp-content\/uploads\/2025\/10\/Breakfast-odeon-hotel-paris-300x188.jpg 300w, https:\/\/www.odeonhotel.fr\/wp-content\/uploads\/2025\/10\/Breakfast-odeon-hotel-paris-768x481.jpg 768w\" \/><span aria-hidden=\"true\" class=\"wp-block-cover__background has-background-dim-0 has-background-dim\" style=\"background-color:#baa89c\"><\/span><div class=\"wp-block-cover__inner-container is-layout-flow wp-block-cover-is-layout-flow\">\n<p class=\"has-text-align-center has-large-font-size\"><\/p>\n<\/div><\/div>\n<\/div>\n<\/div>\n","protected":false},"excerpt":{"rendered":"<p>Servi\u00e7os do Hotel Servi\u00e7os de qualidade combinados com a atmosfera parisiense para uma estadia memor\u00e1vel na capital francesa. Todos os nossos quartos t\u00eam acesso Wi-Fi gratuito. N\u00e3o temos quartos adaptados para pessoas com mobilidade reduzida. Um espa\u00e7o de coworking est\u00e1 \u00e0 sua disposi\u00e7\u00e3o a partir das 11h todos os dias na nossa sala de pequenos-almo\u00e7os. [&hellip;]<\/p>\n","protected":false},"author":1,"featured_media":22932,"parent":0,"menu_order":0,"comment_status":"closed","ping_status":"closed","template":"","meta":{"footnotes":""},"class_list":["post-8341","page","type-page","status-publish","has-post-thumbnail","hentry"],"_links":{"self":[{"href":"https:\/\/www.odeonhotel.fr\/pt-pt\/wp-json\/wp\/v2\/pages\/8341","targetHints":{"allow":["GET"]}}],"collection":[{"href":"https:\/\/www.odeonhotel.fr\/pt-pt\/wp-json\/wp\/v2\/pages"}],"about":[{"href":"https:\/\/www.odeonhotel.fr\/pt-pt\/wp-json\/wp\/v2\/types\/page"}],"author":[{"embeddable":true,"href":"https:\/\/www.odeonhotel.fr\/pt-pt\/wp-json\/wp\/v2\/users\/1"}],"replies":[{"embeddable":true,"href":"https:\/\/www.odeonhotel.fr\/pt-pt\/wp-json\/wp\/v2\/comments?post=8341"}],"version-history":[{"count":19,"href":"https:\/\/www.odeonhotel.fr\/pt-pt\/wp-json\/wp\/v2\/pages\/8341\/revisions"}],"predecessor-version":[{"id":25741,"href":"https:\/\/www.odeonhotel.fr\/pt-pt\/wp-json\/wp\/v2\/pages\/8341\/revisions\/25741"}],"wp:featuredmedia":[{"embeddable":true,"href":"https:\/\/www.odeonhotel.fr\/pt-pt\/wp-json\/wp\/v2\/media\/22932"}],"wp:attachment":[{"href":"https:\/\/www.odeonhotel.fr\/pt-pt\/wp-json\/wp\/v2\/media?parent=8341"}],"curies":[{"name":"wp","href":"https:\/\/api.w.org\/{rel}","templated":true}]}}