{"id":9061,"date":"2023-05-05T07:34:56","date_gmt":"2023-05-05T05:34:56","guid":{"rendered":"http:\/\/www.laperle.tess5418.odns.fr\/%e5%80%8b%e4%ba%ba%e6%83%85%e5%a0%b1%e4%bf%9d%e8%ad%b7%e6%96%b9%e9%87%9d\/"},"modified":"2023-06-13T23:20:35","modified_gmt":"2023-06-13T21:20:35","slug":"%e5%80%8b%e4%ba%ba%e6%83%85%e5%a0%b1%e4%bf%9d%e8%ad%b7%e6%96%b9%e9%87%9d","status":"publish","type":"page","link":"https:\/\/www.odeonhotel.fr\/pt-pt\/%e5%80%8b%e4%ba%ba%e6%83%85%e5%a0%b1%e4%bf%9d%e8%ad%b7%e6%96%b9%e9%87%9d\/","title":{"rendered":"Pol\u00edtica de privacidade"},"content":{"rendered":"\n<h2 class=\"wp-block-heading\">Quem somos<\/h2>\n\n<p>O endere\u00e7o de nosso website \u00e9: <a href=\"https:\/\/odeon.tess5418.odns.fr\" target=\"_blank\" rel=\"noopener\">http:\/\/www.notredame.paris-hotels-charm.com<\/a><\/p>\n\n<h2 class=\"wp-block-heading\">Dados pessoais<\/h2>\n\n<p class=\"has-text-align-justify\">As informa\u00e7\u00f5es que voc\u00ea fornecer ser\u00e3o registradas pelo HOTEL LA PERLE, analisadas e encaminhadas aos departamentos relevantes para processamento. Elas tamb\u00e9m poder\u00e3o ser usadas pelo HOTEL LA PERLE para fins comerciais. <br\/>Caso n\u00e3o deseje isso, informe-nos por escrito no endere\u00e7o abaixo. Voc\u00ea tem o direito de acessar, modificar, retificar e excluir quaisquer dados coletados neste site, de acordo com a Lei de Prote\u00e7\u00e3o de Dados francesa n\u00ba 78-17 de 6 de janeiro de 1978. Para exercer esse direito, escreva para o gerente do site no seguinte endere\u00e7o: 14 RUE DES CANETTES, 75006 Paris.  <\/p>\n\n<h2 class=\"wp-block-heading\">Lei de Prote\u00e7\u00e3o de Dados<\/h2>\n\n<p class=\"has-text-align-justify\">De acordo com a Lei Francesa de Prote\u00e7\u00e3o de Dados (Loi Informatique et Libert\u00e9s), voc\u00ea tem o direito de acessar, modificar, retificar e excluir quaisquer dados pessoais que lhe digam respeito (artigo 394 da Lei Francesa de Prote\u00e7\u00e3o de Dados de 6 de janeiro de 1978, alterada em agosto de 2004).<\/p>\n\n<h2 class=\"wp-block-heading\">Acesso ao site<\/h2>\n\n<p class=\"has-text-align-justify\">Lembramos que acessar ou permanecer fraudulentamente em um sistema de computador, impedir ou distorcer a opera\u00e7\u00e3o de tal sistema, ou introduzir ou modificar fraudulentamente dados em um sistema de computador constituem delitos pun\u00edveis com penalidades criminais.<\/p>\n\n<h2 class=\"wp-block-heading\">Conte\u00fado incorporado de outros sites<\/h2>\n\n<p class=\"has-text-align-justify\">Os artigos deste site podem incluir conte\u00fado incorporado (por exemplo, v\u00eddeos, imagens, artigos etc.). O conte\u00fado incorporado de outros sites se comporta exatamente da mesma forma como se o visitante tivesse visitado o outro site. <\/p>\n\n<p class=\"has-text-align-justify\">Esses sites podem coletar dados sobre voc\u00ea, usar cookies, incorporar rastreamento adicional de terceiros e monitorar sua intera\u00e7\u00e3o com esse conte\u00fado incorporado, inclusive rastrear sua intera\u00e7\u00e3o com o conte\u00fado incorporado se voc\u00ea tiver uma conta e estiver conectado a esse site.<\/p>\n\n<h2 class=\"wp-block-heading\">Propriedade intelectual<\/h2>\n\n<p class=\"has-text-align-justify\">O L&#8217;HOTEL LA PERLE \u00e9 o propriet\u00e1rio ou detentor dos direitos de todos os elementos que comp\u00f5em este site, em particular dados, desenhos, gr\u00e1ficos, fotos e trilhas sonoras. Qualquer reprodu\u00e7\u00e3o, representa\u00e7\u00e3o, distribui\u00e7\u00e3o ou redistribui\u00e7\u00e3o, total ou parcial, do conte\u00fado deste site, por qualquer processo que seja, sem a autoriza\u00e7\u00e3o pr\u00e9via e expressa do L&#8217;HOTEL LA PERLE, \u00e9 proibida e constitui uma infra\u00e7\u00e3o pun\u00edvel de acordo com o C\u00f3digo de Propriedade Intelectual franc\u00eas. <\/p>\n\n<h2 class=\"wp-block-heading\">Conte\u00fado do site<\/h2>\n\n<p class=\"has-text-align-justify\">N\u00f3s nos reservamos o direito de corrigir o conte\u00fado deste site a qualquer momento e sem aviso pr\u00e9vio.<br\/>Al\u00e9m disso, declinamos qualquer responsabilidade em caso de atrasos, erros ou omiss\u00f5es no conte\u00fado das p\u00e1ginas atuais, bem como em caso de interrup\u00e7\u00e3o ou indisponibilidade do servi\u00e7o.<\/p>\n\n<h2 class=\"wp-block-heading\">Processamento autom\u00e1tico de dados pessoais<\/h2>\n\n<p class=\"has-text-align-justify\">O HOTEL LA PERLE n\u00e3o coleta nenhuma informa\u00e7\u00e3o nominativa ou pessoal sobre os visitantes de seu site al\u00e9m daquelas que s\u00e3o aberta e voluntariamente fornecidas, em particular por meio dos endere\u00e7os de e-mail de seus correspondentes.<\/p>\n\n<h2 class=\"wp-block-heading\">Links de hipertexto<\/h2>\n\n<p class=\"has-text-align-justify\">O site do L&#8217;HOTEL LA PERLE cont\u00e9m links de hipertexto para sites que n\u00e3o s\u00e3o publicados pelo L&#8217;HOTEL LA PERLE. Consequentemente, o L&#8217;HOTEL LA PERLE n\u00e3o pode ser responsabilizado pelo conte\u00fado dos sites acessados dessa forma. <\/p>\n\n<h2 class=\"wp-block-heading\">Cookies<\/h2>\n\n<p class=\"has-text-align-justify\">Os usu\u00e1rios s\u00e3o informados de que, quando visitam o site, um cookie pode ser automaticamente instalado e armazenado temporariamente em sua mem\u00f3ria ou em seu disco r\u00edgido. Um cookie \u00e9 um elemento que n\u00e3o permite a identifica\u00e7\u00e3o do usu\u00e1rio, mas \u00e9 usado para registrar informa\u00e7\u00f5es relacionadas \u00e0 navega\u00e7\u00e3o do usu\u00e1rio no site. Os usu\u00e1rios do site reconhecem que foram informados sobre essa pr\u00e1tica e autorizam o L&#8217;HOTEL LA PERLE a utiliz\u00e1-la. Eles poder\u00e3o desativar esse cookie por meio das configura\u00e7\u00f5es que aparecem no software de seu navegador.   <\/p>\n\n<h2 class=\"wp-block-heading\">Termos e condi\u00e7\u00f5es gerais de venda<\/h2>\n\n<p class=\"has-text-align-justify\">De acordo com o artigo L. 121-21-8 12\u00b0 do C\u00f3digo do Consumidor franc\u00eas, lembramos aos clientes que eles n\u00e3o t\u00eam o direito de rescis\u00e3o previsto no artigo L. 121-21 do C\u00f3digo do Consumidor franc\u00eas. As Condi\u00e7\u00f5es de Venda para a tarifa reservada especificam os termos e condi\u00e7\u00f5es para o cancelamento e\/ou modifica\u00e7\u00e3o da reserva. <\/p>\n\n<h2 class=\"wp-block-heading\">Mediador<\/h2>\n\n<p class=\"has-text-align-justify\">Caso n\u00e3o receba uma resposta satisfat\u00f3ria no prazo de um m\u00eas ap\u00f3s o contato com o servi\u00e7o de atendimento ao cliente, o cliente poder\u00e1 encaminhar a quest\u00e3o ao M\u00e9diateur du Tourisme et du Voyage (Mediador de Turismo e Viagem), cujos detalhes de contato e procedimentos est\u00e3o dispon\u00edveis em seu site: www.mtv.travel.<\/p>\n","protected":false},"excerpt":{"rendered":"<p>Quem somos O endere\u00e7o de nosso website \u00e9: http:\/\/www.notredame.paris-hotels-charm.com Dados pessoais As informa\u00e7\u00f5es que voc\u00ea fornecer ser\u00e3o registradas pelo HOTEL LA PERLE, analisadas e encaminhadas aos departamentos relevantes para processamento. Elas tamb\u00e9m poder\u00e3o ser usadas pelo HOTEL LA PERLE para fins comerciais. Caso n\u00e3o deseje isso, informe-nos por escrito no endere\u00e7o abaixo. Voc\u00ea tem o [&hellip;]<\/p>\n","protected":false},"author":1,"featured_media":0,"parent":0,"menu_order":0,"comment_status":"closed","ping_status":"closed","template":"wp-custom-template-le-template-des-pages-2023","meta":{"footnotes":""},"class_list":["post-9061","page","type-page","status-publish","hentry"],"_links":{"self":[{"href":"https:\/\/www.odeonhotel.fr\/pt-pt\/wp-json\/wp\/v2\/pages\/9061","targetHints":{"allow":["GET"]}}],"collection":[{"href":"https:\/\/www.odeonhotel.fr\/pt-pt\/wp-json\/wp\/v2\/pages"}],"about":[{"href":"https:\/\/www.odeonhotel.fr\/pt-pt\/wp-json\/wp\/v2\/types\/page"}],"author":[{"embeddable":true,"href":"https:\/\/www.odeonhotel.fr\/pt-pt\/wp-json\/wp\/v2\/users\/1"}],"replies":[{"embeddable":true,"href":"https:\/\/www.odeonhotel.fr\/pt-pt\/wp-json\/wp\/v2\/comments?post=9061"}],"version-history":[{"count":0,"href":"https:\/\/www.odeonhotel.fr\/pt-pt\/wp-json\/wp\/v2\/pages\/9061\/revisions"}],"wp:attachment":[{"href":"https:\/\/www.odeonhotel.fr\/pt-pt\/wp-json\/wp\/v2\/media?parent=9061"}],"curies":[{"name":"wp","href":"https:\/\/api.w.org\/{rel}","templated":true}]}}